{"id":6057,"date":"2022-07-24T16:13:42","date_gmt":"2022-07-24T16:13:42","guid":{"rendered":"https:\/\/kaarelantonov.com\/uritused-festivalid-ja-tantsimine\/"},"modified":"2024-02-22T18:31:12","modified_gmt":"2024-02-22T18:31:12","slug":"muusika-kontsert-uritused-tantsimine","status":"publish","type":"page","link":"https:\/\/kaarelantonov.com\/et\/fotograafi-portfoolio\/muusika-kontsert-uritused-tantsimine\/","title":{"rendered":"\u00dcrituste ja Festivalide Pildistamine"},"content":{"rendered":"\t\t<div data-elementor-type=\"wp-page\" data-elementor-id=\"6057\" class=\"elementor elementor-6057 elementor-3348\">\n\t\t\t\t<div class=\"elementor-element elementor-element-3f85070c e-flex e-con-boxed e-con e-parent\" data-id=\"3f85070c\" data-element_type=\"container\" data-e-type=\"container\" data-settings=\"{&quot;background_background&quot;:&quot;classic&quot;}\">\n\t\t\t\t\t<div class=\"e-con-inner\">\n\t\t\t\t<div class=\"elementor-element elementor-element-1046eae9 elementor-widget elementor-widget-spacer\" data-id=\"1046eae9\" data-element_type=\"widget\" data-e-type=\"widget\" data-widget_type=\"spacer.default\">\n\t\t\t\t<div class=\"elementor-widget-container\">\n\t\t\t\t\t\t\t<div class=\"elementor-spacer\">\n\t\t\t<div class=\"elementor-spacer-inner\"><\/div>\n\t\t<\/div>\n\t\t\t\t\t\t<\/div>\n\t\t\t\t<\/div>\n\t\t\t\t<div class=\"elementor-element elementor-element-20499645 elementor-widget elementor-widget-heading\" data-id=\"20499645\" data-element_type=\"widget\" data-e-type=\"widget\" data-widget_type=\"heading.default\">\n\t\t\t\t<div class=\"elementor-widget-container\">\n\t\t\t\t\t<h5 class=\"elementor-heading-title elementor-size-default\">PORTFOOLIO<\/h5>\t\t\t\t<\/div>\n\t\t\t\t<\/div>\n\t\t\t\t<div class=\"elementor-element elementor-element-3abe4ff2 elementor-widget elementor-widget-heading\" data-id=\"3abe4ff2\" data-element_type=\"widget\" data-e-type=\"widget\" data-widget_type=\"heading.default\">\n\t\t\t\t<div class=\"elementor-widget-container\">\n\t\t\t\t\t<h1 class=\"elementor-heading-title elementor-size-default\">\u00dcritused, Festivalid ja <br>Tantsimine<\/h1>\t\t\t\t<\/div>\n\t\t\t\t<\/div>\n\t\t\t\t<div class=\"elementor-element elementor-element-7e8f9097 elementor-widget elementor-widget-spacer\" data-id=\"7e8f9097\" data-element_type=\"widget\" data-e-type=\"widget\" data-widget_type=\"spacer.default\">\n\t\t\t\t<div class=\"elementor-widget-container\">\n\t\t\t\t\t\t\t<div class=\"elementor-spacer\">\n\t\t\t<div class=\"elementor-spacer-inner\"><\/div>\n\t\t<\/div>\n\t\t\t\t\t\t<\/div>\n\t\t\t\t<\/div>\n\t\t\t\t<div class=\"elementor-element elementor-element-759de2a0 elementor-widget elementor-widget-text-editor\" data-id=\"759de2a0\" data-element_type=\"widget\" data-e-type=\"widget\" data-widget_type=\"text-editor.default\">\n\t\t\t\t<div class=\"elementor-widget-container\">\n\t\t\t\t\t\t\t\t\t<p>Astuge sisse elava energia, kaasahaaravate etteastete ja unustamatute hetkede maailma. T\u00e4helepaneliku pilgu ja kirega lugude jutustamise vastu, spetsialiseerun muusikafestivalide, tantsuv\u00f5istluste, ettev\u00f5ttes\u00fcndmuste ja teiste \u00fcrituste pildistamisele. L\u00e4bi oma objektiivi j\u00e4\u00e4dvustan atmosf\u00e4\u00e4ri, emotsioone ja energiat, mis muudavad iga s\u00fcndmuse ainulaadseks. Tutvuge minu portfoolioga ja sukelduge visuaalsesse teekonda, mis tutvustab minu k\u00fclastatud s\u00fcndmuste v\u00e4rvikat ja v\u00e4ljendusrikast maailma.<\/p>\n\t\t\t\t\t\t\t\t<\/div>\n\t\t\t\t<\/div>\n\t\t\t\t<div class=\"elementor-element elementor-element-6fa9727 elementor-widget elementor-widget-text-editor\" data-id=\"6fa9727\" data-element_type=\"widget\" data-e-type=\"widget\" data-widget_type=\"text-editor.default\">\n\t\t\t\t<div class=\"elementor-widget-container\">\n\t\t\t\t\t\t\t\t\t<p><strong>V\u00f5tke meiega \u00fchendust juba t\u00e4na ja j\u00e4\u00e4dvustame sinu j\u00e4rgmise \u00fcrituse tipphetked.<\/strong><\/p>\n\t\t\t\t\t\t\t\t<\/div>\n\t\t\t\t<\/div>\n\t\t\t\t<div class=\"elementor-element elementor-element-2b2753dc elementor-widget elementor-widget-qi_addons_for_elementor_button\" data-id=\"2b2753dc\" data-element_type=\"widget\" data-e-type=\"widget\" data-widget_type=\"qi_addons_for_elementor_button.default\">\n\t\t\t\t<div class=\"elementor-widget-container\">\n\t\t\t\t\t<a class=\"qodef-shortcode qodef-m qodef-qi-button qodef-html--link qodef-layout--outlined qodef-type--standard qodef-icon--right qodef-hover--icon-move-horizontal-short\" href=\"https:\/\/kaarelantonov.com\/et\/broneeri-fotosessioon-tallinnas\/\" target=\"_self\">\n\t<span class=\"qodef-m-text\">K\u00fcsi Pakkumist<\/span>\n\t<\/a>\n\t\t\t\t<\/div>\n\t\t\t\t<\/div>\n\t\t\t\t<div class=\"elementor-element elementor-element-5e6201f7 elementor-widget elementor-widget-spacer\" data-id=\"5e6201f7\" data-element_type=\"widget\" data-e-type=\"widget\" data-widget_type=\"spacer.default\">\n\t\t\t\t<div class=\"elementor-widget-container\">\n\t\t\t\t\t\t\t<div class=\"elementor-spacer\">\n\t\t\t<div class=\"elementor-spacer-inner\"><\/div>\n\t\t<\/div>\n\t\t\t\t\t\t<\/div>\n\t\t\t\t<\/div>\n\t\t\t\t<div class=\"elementor-element elementor-element-1cb79a8b elementor-widget elementor-widget-html\" data-id=\"1cb79a8b\" data-element_type=\"widget\" data-e-type=\"widget\" data-widget_type=\"html.default\">\n\t\t\t\t<div class=\"elementor-widget-container\">\n\t\t\t\t\t<div class=\"scroll-down\"><\/div>\t\t\t\t<\/div>\n\t\t\t\t<\/div>\n\t\t\t\t\t<\/div>\n\t\t\t\t<\/div>\n\t\t\t\t<section class=\"elementor-section elementor-top-section elementor-element elementor-element-72d53948 elementor-section-full_width elementor-section-height-default elementor-section-height-default\" data-id=\"72d53948\" data-element_type=\"section\" data-e-type=\"section\" data-settings=\"{&quot;background_background&quot;:&quot;classic&quot;}\">\n\t\t\t\t\t\t<div class=\"elementor-container elementor-column-gap-no\">\n\t\t\t\t\t<div class=\"elementor-column elementor-col-100 elementor-top-column elementor-element elementor-element-7d6d855d\" data-id=\"7d6d855d\" data-element_type=\"column\" data-e-type=\"column\">\n\t\t\t<div class=\"elementor-widget-wrap elementor-element-populated\">\n\t\t\t\t\t\t<div class=\"elementor-element elementor-element-1162e1e9 elementor-widget elementor-widget-thumbnails-grid\" data-id=\"1162e1e9\" data-element_type=\"widget\" data-e-type=\"widget\" data-widget_type=\"thumbnails-grid.default\">\n\t\t\t\t<div class=\"elementor-widget-container\">\n\t\t\t\t\t<div class=\"thumbnails-shortcode gridblock-columns-wrap grid-style-wall-grid-wrap clearfix\"><div class=\"thumbnails-grid-container lightgallery-container grid-style-wall-grid thumbnail-gutter-nospace    thumnails-gutter-active  no-title-no-desc boxtitle-active gridblock-five  has-effect-zoom\"  data-columns=\"5\"><div class=\"gridblock-element  grid-animate-display-all isotope-displayed gridblock-thumbnail-id-7348 gridblock-col-1\"><div class=\"gridblock-ajax gridblock-grid-element gridblock-element-inner\" data-rel=\"6057\"><div class=\"gridblock-background-hover\"><a data-elementor-open-lightbox=\"no\" data-exthumbimage=\"https:\/\/kaarelantonov.com\/wp-content\/uploads\/2023\/07\/Rita-Ray-performing-at-Funk-Embassy-Night-Telliskivi-Loomelinnak-Vaba-Lava-Tallinn-Music-Week-2023-3-4x5-1-160x160.jpg\" class=\"lightbox-active lightbox-image gridblock-sole-link\" data-sub-html=\"&lt;div class=&quot;lightbox-text-wrap &quot;&gt;&lt;\/div&gt;\" href=\"https:\/\/kaarelantonov.com\/wp-content\/uploads\/2023\/07\/Rita-Ray-performing-at-Funk-Embassy-Night-Telliskivi-Loomelinnak-Vaba-Lava-Tallinn-Music-Week-2023-3-4x5-1.jpg\" data-src=\"https:\/\/kaarelantonov.com\/wp-content\/uploads\/2023\/07\/Rita-Ray-performing-at-Funk-Embassy-Night-Telliskivi-Loomelinnak-Vaba-Lava-Tallinn-Music-Week-2023-3-4x5-1.jpg\"><div class=\"gridblock-links-wrap\"><span class=\"column-gridblock-icon\"><span class=\"hover-icon-effect\"><i class=\"ion-ios-search\"><\/i><\/span><\/span><\/div><\/a><\/div><img decoding=\"async\" class=\"preload-image lazyload displayed-image\" src=\"https:\/\/kaarelantonov.com\/wp-content\/themes\/blacksilver\/images\/placeholders\/placeholder-770x770.gif\" data-src=\"https:\/\/kaarelantonov.com\/wp-content\/uploads\/2023\/07\/Rita-Ray-performing-at-Funk-Embassy-Night-Telliskivi-Loomelinnak-Vaba-Lava-Tallinn-Music-Week-2023-3-4x5-1-770x770.jpg\" alt=\"Rita Ray performing at Funk Embassy Night, Vaba Lava, Telliskivi Loomelinnak, Tallinn Music Week 2023 4x5\"><\/div><\/div><div class=\"gridblock-element  grid-animate-display-all isotope-displayed gridblock-thumbnail-id-7272 gridblock-col-2\"><div class=\"gridblock-ajax gridblock-grid-element gridblock-element-inner\" data-rel=\"6057\"><div class=\"gridblock-background-hover\"><a data-elementor-open-lightbox=\"no\" data-exthumbimage=\"https:\/\/kaarelantonov.com\/wp-content\/uploads\/2023\/07\/Free-Flow-Studio-Dancers-at-Avatar-Etendus-190622-0001-160x160.jpg\" class=\"lightbox-active lightbox-image gridblock-sole-link\" data-sub-html=\"&lt;div class=&quot;lightbox-text-wrap &quot;&gt;&lt;\/div&gt;\" href=\"https:\/\/kaarelantonov.com\/wp-content\/uploads\/2023\/07\/Free-Flow-Studio-Dancers-at-Avatar-Etendus-190622-0001.jpg\" data-src=\"https:\/\/kaarelantonov.com\/wp-content\/uploads\/2023\/07\/Free-Flow-Studio-Dancers-at-Avatar-Etendus-190622-0001.jpg\"><div class=\"gridblock-links-wrap\"><span class=\"column-gridblock-icon\"><span class=\"hover-icon-effect\"><i class=\"ion-ios-search\"><\/i><\/span><\/span><\/div><\/a><\/div><img decoding=\"async\" class=\"preload-image lazyload displayed-image\" src=\"https:\/\/kaarelantonov.com\/wp-content\/themes\/blacksilver\/images\/placeholders\/placeholder-770x770.gif\" data-src=\"https:\/\/kaarelantonov.com\/wp-content\/uploads\/2023\/07\/Free-Flow-Studio-Dancers-at-Avatar-Etendus-190622-0001-770x770.jpg\" alt=\"Free Flow Studio Dancers at Avatar Etendus\"><\/div><\/div><div class=\"gridblock-element  grid-animate-display-all isotope-displayed gridblock-thumbnail-id-7352 gridblock-col-3\"><div class=\"gridblock-ajax gridblock-grid-element gridblock-element-inner\" data-rel=\"6057\"><div class=\"gridblock-background-hover\"><a data-elementor-open-lightbox=\"no\" data-exthumbimage=\"https:\/\/kaarelantonov.com\/wp-content\/uploads\/2023\/07\/Rita-Ray-performing-at-Funk-Embassy-Night-Telliskivi-Loomelinnak-Vaba-Lava-Tallinn-Music-Week-2023-4-160x160.jpg\" class=\"lightbox-active lightbox-image gridblock-sole-link\" data-sub-html=\"&lt;div class=&quot;lightbox-text-wrap &quot;&gt;&lt;\/div&gt;\" href=\"https:\/\/kaarelantonov.com\/wp-content\/uploads\/2023\/07\/Rita-Ray-performing-at-Funk-Embassy-Night-Telliskivi-Loomelinnak-Vaba-Lava-Tallinn-Music-Week-2023-4.jpg\" data-src=\"https:\/\/kaarelantonov.com\/wp-content\/uploads\/2023\/07\/Rita-Ray-performing-at-Funk-Embassy-Night-Telliskivi-Loomelinnak-Vaba-Lava-Tallinn-Music-Week-2023-4.jpg\"><div class=\"gridblock-links-wrap\"><span class=\"column-gridblock-icon\"><span class=\"hover-icon-effect\"><i class=\"ion-ios-search\"><\/i><\/span><\/span><\/div><\/a><\/div><img decoding=\"async\" class=\"preload-image lazyload displayed-image\" src=\"https:\/\/kaarelantonov.com\/wp-content\/themes\/blacksilver\/images\/placeholders\/placeholder-770x770.gif\" data-src=\"https:\/\/kaarelantonov.com\/wp-content\/uploads\/2023\/07\/Rita-Ray-performing-at-Funk-Embassy-Night-Telliskivi-Loomelinnak-Vaba-Lava-Tallinn-Music-Week-2023-4-770x770.jpg\" alt=\"Rita Ray performing at Funk Embassy Night, Vaba Lava, Telliskivi Loomelinnak, Tallinn Music Week 2023\"><\/div><\/div><div class=\"gridblock-element  grid-animate-display-all isotope-displayed gridblock-thumbnail-id-7240 gridblock-col-4\"><div class=\"gridblock-ajax gridblock-grid-element gridblock-element-inner\" data-rel=\"6057\"><div class=\"gridblock-background-hover\"><a data-elementor-open-lightbox=\"no\" data-exthumbimage=\"https:\/\/kaarelantonov.com\/wp-content\/uploads\/2023\/07\/Arya-Zappa-performance-at-Raadio-2-Live-Telliskivi-Loomelinnak-Vaba-Lava-Tallinn-Music-Week-2023-2-160x160.jpg\" class=\"lightbox-active lightbox-image gridblock-sole-link\" data-sub-html=\"&lt;div class=&quot;lightbox-text-wrap &quot;&gt;&lt;\/div&gt;\" href=\"https:\/\/kaarelantonov.com\/wp-content\/uploads\/2023\/07\/Arya-Zappa-performance-at-Raadio-2-Live-Telliskivi-Loomelinnak-Vaba-Lava-Tallinn-Music-Week-2023-2.jpg\" data-src=\"https:\/\/kaarelantonov.com\/wp-content\/uploads\/2023\/07\/Arya-Zappa-performance-at-Raadio-2-Live-Telliskivi-Loomelinnak-Vaba-Lava-Tallinn-Music-Week-2023-2.jpg\"><div class=\"gridblock-links-wrap\"><span class=\"column-gridblock-icon\"><span class=\"hover-icon-effect\"><i class=\"ion-ios-search\"><\/i><\/span><\/span><\/div><\/a><\/div><img decoding=\"async\" class=\"preload-image lazyload displayed-image\" src=\"https:\/\/kaarelantonov.com\/wp-content\/themes\/blacksilver\/images\/placeholders\/placeholder-770x770.gif\" data-src=\"https:\/\/kaarelantonov.com\/wp-content\/uploads\/2023\/07\/Arya-Zappa-performance-at-Raadio-2-Live-Telliskivi-Loomelinnak-Vaba-Lava-Tallinn-Music-Week-2023-2-770x770.jpg\" alt=\"Arya Zappa stage performance at Raadio 2 Live, Telliskivi Loomelinnak, Vaba Lava, Tallinn Music Week 2023\"><\/div><\/div><div class=\"gridblock-element  grid-animate-display-all isotope-displayed gridblock-thumbnail-id-7266 gridblock-col-5\"><div class=\"gridblock-ajax gridblock-grid-element gridblock-element-inner\" data-rel=\"6057\"><div class=\"gridblock-background-hover\"><a data-elementor-open-lightbox=\"no\" data-exthumbimage=\"https:\/\/kaarelantonov.com\/wp-content\/uploads\/2023\/07\/FLIRT-performing-at-KWEER-AF-Telliskivi-Loomelinnak-Sveta-Baar-Tallinn-Music-Week-2023-0002-4x5-1-160x160.jpg\" class=\"lightbox-active lightbox-image gridblock-sole-link\" data-sub-html=\"&lt;div class=&quot;lightbox-text-wrap &quot;&gt;&lt;\/div&gt;\" href=\"https:\/\/kaarelantonov.com\/wp-content\/uploads\/2023\/07\/FLIRT-performing-at-KWEER-AF-Telliskivi-Loomelinnak-Sveta-Baar-Tallinn-Music-Week-2023-0002-4x5-1.jpg\" data-src=\"https:\/\/kaarelantonov.com\/wp-content\/uploads\/2023\/07\/FLIRT-performing-at-KWEER-AF-Telliskivi-Loomelinnak-Sveta-Baar-Tallinn-Music-Week-2023-0002-4x5-1.jpg\"><div class=\"gridblock-links-wrap\"><span class=\"column-gridblock-icon\"><span class=\"hover-icon-effect\"><i class=\"ion-ios-search\"><\/i><\/span><\/span><\/div><\/a><\/div><img decoding=\"async\" class=\"preload-image lazyload displayed-image\" src=\"https:\/\/kaarelantonov.com\/wp-content\/themes\/blacksilver\/images\/placeholders\/placeholder-770x770.gif\" data-src=\"https:\/\/kaarelantonov.com\/wp-content\/uploads\/2023\/07\/FLIRT-performing-at-KWEER-AF-Telliskivi-Loomelinnak-Sveta-Baar-Tallinn-Music-Week-2023-0002-4x5-1-770x770.jpg\" alt=\"FLIRT performing at KWEER AF, Telliskivi Loomelinnak, Sveta Baar, Tallinn Music Week 2023 4x5\"><\/div><\/div><div class=\"gridblock-element  grid-animate-display-all isotope-displayed gridblock-thumbnail-id-7276 gridblock-col-1\"><div class=\"gridblock-ajax gridblock-grid-element gridblock-element-inner\" data-rel=\"6057\"><div class=\"gridblock-background-hover\"><a data-elementor-open-lightbox=\"no\" data-exthumbimage=\"https:\/\/kaarelantonov.com\/wp-content\/uploads\/2023\/07\/Free-Flow-Studio-Dancers-at-Avatar-Etendus-190622-0014-160x160.jpg\" class=\"lightbox-active lightbox-image gridblock-sole-link\" data-sub-html=\"&lt;div class=&quot;lightbox-text-wrap &quot;&gt;&lt;\/div&gt;\" href=\"https:\/\/kaarelantonov.com\/wp-content\/uploads\/2023\/07\/Free-Flow-Studio-Dancers-at-Avatar-Etendus-190622-0014.jpg\" data-src=\"https:\/\/kaarelantonov.com\/wp-content\/uploads\/2023\/07\/Free-Flow-Studio-Dancers-at-Avatar-Etendus-190622-0014.jpg\"><div class=\"gridblock-links-wrap\"><span class=\"column-gridblock-icon\"><span class=\"hover-icon-effect\"><i class=\"ion-ios-search\"><\/i><\/span><\/span><\/div><\/a><\/div><img decoding=\"async\" class=\"preload-image lazyload displayed-image\" src=\"https:\/\/kaarelantonov.com\/wp-content\/themes\/blacksilver\/images\/placeholders\/placeholder-770x770.gif\" data-src=\"https:\/\/kaarelantonov.com\/wp-content\/uploads\/2023\/07\/Free-Flow-Studio-Dancers-at-Avatar-Etendus-190622-0014-770x770.jpg\" alt=\"Free Flow Studio Dancers at Avatar Etendus\"><\/div><\/div><div class=\"gridblock-element  grid-animate-display-all isotope-displayed gridblock-thumbnail-id-7358 gridblock-col-2\"><div class=\"gridblock-ajax gridblock-grid-element gridblock-element-inner\" data-rel=\"6057\"><div class=\"gridblock-background-hover\"><a data-elementor-open-lightbox=\"no\" data-exthumbimage=\"https:\/\/kaarelantonov.com\/wp-content\/uploads\/2023\/07\/Ruta-MUR-performing-at-Raadio-2-Live-Telliskivi-Loomelinnak-Vaba-Lava-Tallinn-Music-Week-2023-160x160.jpg\" class=\"lightbox-active lightbox-image gridblock-sole-link\" data-sub-html=\"&lt;div class=&quot;lightbox-text-wrap &quot;&gt;&lt;\/div&gt;\" href=\"https:\/\/kaarelantonov.com\/wp-content\/uploads\/2023\/07\/Ruta-MUR-performing-at-Raadio-2-Live-Telliskivi-Loomelinnak-Vaba-Lava-Tallinn-Music-Week-2023.jpg\" data-src=\"https:\/\/kaarelantonov.com\/wp-content\/uploads\/2023\/07\/Ruta-MUR-performing-at-Raadio-2-Live-Telliskivi-Loomelinnak-Vaba-Lava-Tallinn-Music-Week-2023.jpg\"><div class=\"gridblock-links-wrap\"><span class=\"column-gridblock-icon\"><span class=\"hover-icon-effect\"><i class=\"ion-ios-search\"><\/i><\/span><\/span><\/div><\/a><\/div><img decoding=\"async\" class=\"preload-image lazyload displayed-image\" src=\"https:\/\/kaarelantonov.com\/wp-content\/themes\/blacksilver\/images\/placeholders\/placeholder-770x770.gif\" data-src=\"https:\/\/kaarelantonov.com\/wp-content\/uploads\/2023\/07\/Ruta-MUR-performing-at-Raadio-2-Live-Telliskivi-Loomelinnak-Vaba-Lava-Tallinn-Music-Week-2023-770x770.jpg\" alt=\"Ruta MUR performing at Raadio 2 Live, Vaba Lava, Telliskivi Loomelinnak, Tallinn Music Week 2023\"><\/div><\/div><div class=\"gridblock-element  grid-animate-display-all isotope-displayed gridblock-thumbnail-id-7354 gridblock-col-3\"><div class=\"gridblock-ajax gridblock-grid-element gridblock-element-inner\" data-rel=\"6057\"><div class=\"gridblock-background-hover\"><a data-elementor-open-lightbox=\"no\" data-exthumbimage=\"https:\/\/kaarelantonov.com\/wp-content\/uploads\/2023\/07\/Rita-Ray-performing-at-Funk-Embassy-Night-Telliskivi-Loomelinnak-Vaba-Lava-Tallinn-Music-Week-2023-7-160x160.jpg\" class=\"lightbox-active lightbox-image gridblock-sole-link\" data-sub-html=\"&lt;div class=&quot;lightbox-text-wrap &quot;&gt;&lt;\/div&gt;\" href=\"https:\/\/kaarelantonov.com\/wp-content\/uploads\/2023\/07\/Rita-Ray-performing-at-Funk-Embassy-Night-Telliskivi-Loomelinnak-Vaba-Lava-Tallinn-Music-Week-2023-7.jpg\" data-src=\"https:\/\/kaarelantonov.com\/wp-content\/uploads\/2023\/07\/Rita-Ray-performing-at-Funk-Embassy-Night-Telliskivi-Loomelinnak-Vaba-Lava-Tallinn-Music-Week-2023-7.jpg\"><div class=\"gridblock-links-wrap\"><span class=\"column-gridblock-icon\"><span class=\"hover-icon-effect\"><i class=\"ion-ios-search\"><\/i><\/span><\/span><\/div><\/a><\/div><img decoding=\"async\" class=\"preload-image lazyload displayed-image\" src=\"https:\/\/kaarelantonov.com\/wp-content\/themes\/blacksilver\/images\/placeholders\/placeholder-770x770.gif\" data-src=\"https:\/\/kaarelantonov.com\/wp-content\/uploads\/2023\/07\/Rita-Ray-performing-at-Funk-Embassy-Night-Telliskivi-Loomelinnak-Vaba-Lava-Tallinn-Music-Week-2023-7-770x770.jpg\" alt=\"Rita Ray performing at Funk Embassy Night, Vaba Lava, Telliskivi Loomelinnak, Tallinn Music Week 2023\"><\/div><\/div><div class=\"gridblock-element  grid-animate-display-all isotope-displayed gridblock-thumbnail-id-7336 gridblock-col-4\"><div class=\"gridblock-ajax gridblock-grid-element gridblock-element-inner\" data-rel=\"6057\"><div class=\"gridblock-background-hover\"><a data-elementor-open-lightbox=\"no\" data-exthumbimage=\"https:\/\/kaarelantonov.com\/wp-content\/uploads\/2023\/07\/Mica-Millar-performing-at-Funk-Embassy-Night-Telliskivi-Loomelinnak-Vaba-Lava-Tallinn-Music-Week-2023-4-160x160.jpg\" class=\"lightbox-active lightbox-image gridblock-sole-link\" data-sub-html=\"&lt;div class=&quot;lightbox-text-wrap &quot;&gt;&lt;\/div&gt;\" href=\"https:\/\/kaarelantonov.com\/wp-content\/uploads\/2023\/07\/Mica-Millar-performing-at-Funk-Embassy-Night-Telliskivi-Loomelinnak-Vaba-Lava-Tallinn-Music-Week-2023-4.jpg\" data-src=\"https:\/\/kaarelantonov.com\/wp-content\/uploads\/2023\/07\/Mica-Millar-performing-at-Funk-Embassy-Night-Telliskivi-Loomelinnak-Vaba-Lava-Tallinn-Music-Week-2023-4.jpg\"><div class=\"gridblock-links-wrap\"><span class=\"column-gridblock-icon\"><span class=\"hover-icon-effect\"><i class=\"ion-ios-search\"><\/i><\/span><\/span><\/div><\/a><\/div><img decoding=\"async\" class=\"preload-image lazyload displayed-image\" src=\"https:\/\/kaarelantonov.com\/wp-content\/themes\/blacksilver\/images\/placeholders\/placeholder-770x770.gif\" data-src=\"https:\/\/kaarelantonov.com\/wp-content\/uploads\/2023\/07\/Mica-Millar-performing-at-Funk-Embassy-Night-Telliskivi-Loomelinnak-Vaba-Lava-Tallinn-Music-Week-2023-4-770x770.jpg\" alt=\"Mica Millar performing at Funk Embassy Night, Vaba Lava, Telliskivi Loomelinnak, Tallinn Music Week 2023\"><\/div><\/div><div class=\"gridblock-element  grid-animate-display-all isotope-displayed gridblock-thumbnail-id-7250 gridblock-col-5\"><div class=\"gridblock-ajax gridblock-grid-element gridblock-element-inner\" data-rel=\"6057\"><div class=\"gridblock-background-hover\"><a data-elementor-open-lightbox=\"no\" data-exthumbimage=\"https:\/\/kaarelantonov.com\/wp-content\/uploads\/2023\/07\/Crowd-at-Intsukurmu-Festival-Stage-Telliskivi-Loomelinnak-F-Hoone-Must-Saal-Tallinn-Music-Week-2023-160x160.jpg\" class=\"lightbox-active lightbox-image gridblock-sole-link\" data-sub-html=\"&lt;div class=&quot;lightbox-text-wrap &quot;&gt;&lt;\/div&gt;\" href=\"https:\/\/kaarelantonov.com\/wp-content\/uploads\/2023\/07\/Crowd-at-Intsukurmu-Festival-Stage-Telliskivi-Loomelinnak-F-Hoone-Must-Saal-Tallinn-Music-Week-2023.jpg\" data-src=\"https:\/\/kaarelantonov.com\/wp-content\/uploads\/2023\/07\/Crowd-at-Intsukurmu-Festival-Stage-Telliskivi-Loomelinnak-F-Hoone-Must-Saal-Tallinn-Music-Week-2023.jpg\"><div class=\"gridblock-links-wrap\"><span class=\"column-gridblock-icon\"><span class=\"hover-icon-effect\"><i class=\"ion-ios-search\"><\/i><\/span><\/span><\/div><\/a><\/div><img decoding=\"async\" class=\"preload-image lazyload displayed-image\" src=\"https:\/\/kaarelantonov.com\/wp-content\/themes\/blacksilver\/images\/placeholders\/placeholder-770x770.gif\" data-src=\"https:\/\/kaarelantonov.com\/wp-content\/uploads\/2023\/07\/Crowd-at-Intsukurmu-Festival-Stage-Telliskivi-Loomelinnak-F-Hoone-Must-Saal-Tallinn-Music-Week-2023-770x770.jpg\" alt=\"Crowd at Intsukurmu Festival Stage, Telliskivi Loomelinnak, F Hoone Must Saal, Tallinn Music Week 2023\"><\/div><\/div><div class=\"gridblock-element  grid-animate-display-all isotope-displayed gridblock-thumbnail-id-7246 gridblock-col-1\"><div class=\"gridblock-ajax gridblock-grid-element gridblock-element-inner\" data-rel=\"6057\"><div class=\"gridblock-background-hover\"><a data-elementor-open-lightbox=\"no\" data-exthumbimage=\"https:\/\/kaarelantonov.com\/wp-content\/uploads\/2023\/07\/Arya-Zappa-performance-at-Raadio-2-Live-Telliskivi-Loomelinnak-Vaba-Lava-Tallinn-Music-Week-2023-5-160x160.jpg\" class=\"lightbox-active lightbox-image gridblock-sole-link\" data-sub-html=\"&lt;div class=&quot;lightbox-text-wrap &quot;&gt;&lt;\/div&gt;\" href=\"https:\/\/kaarelantonov.com\/wp-content\/uploads\/2023\/07\/Arya-Zappa-performance-at-Raadio-2-Live-Telliskivi-Loomelinnak-Vaba-Lava-Tallinn-Music-Week-2023-5.jpg\" data-src=\"https:\/\/kaarelantonov.com\/wp-content\/uploads\/2023\/07\/Arya-Zappa-performance-at-Raadio-2-Live-Telliskivi-Loomelinnak-Vaba-Lava-Tallinn-Music-Week-2023-5.jpg\"><div class=\"gridblock-links-wrap\"><span class=\"column-gridblock-icon\"><span class=\"hover-icon-effect\"><i class=\"ion-ios-search\"><\/i><\/span><\/span><\/div><\/a><\/div><img decoding=\"async\" class=\"preload-image lazyload displayed-image\" src=\"https:\/\/kaarelantonov.com\/wp-content\/themes\/blacksilver\/images\/placeholders\/placeholder-770x770.gif\" data-src=\"https:\/\/kaarelantonov.com\/wp-content\/uploads\/2023\/07\/Arya-Zappa-performance-at-Raadio-2-Live-Telliskivi-Loomelinnak-Vaba-Lava-Tallinn-Music-Week-2023-5-770x770.jpg\" alt=\"Arya Zappa stage performance at Raadio 2 Live, Telliskivi Loomelinnak, Vaba Lava, Tallinn Music Week 2023\"><\/div><\/div><div class=\"gridblock-element  grid-animate-display-all isotope-displayed gridblock-thumbnail-id-7304 gridblock-col-2\"><div class=\"gridblock-ajax gridblock-grid-element gridblock-element-inner\" data-rel=\"6057\"><div class=\"gridblock-background-hover\"><a data-elementor-open-lightbox=\"no\" data-exthumbimage=\"https:\/\/kaarelantonov.com\/wp-content\/uploads\/2023\/07\/Komisiia-performing-at-Indie-Shuffle-Night-Telliskivi-Loomelinnak-Fotografiska-Tallinn-Music-Week-2023-0002-4x5-1-160x160.jpg\" class=\"lightbox-active lightbox-image gridblock-sole-link\" data-sub-html=\"&lt;div class=&quot;lightbox-text-wrap &quot;&gt;&lt;\/div&gt;\" href=\"https:\/\/kaarelantonov.com\/wp-content\/uploads\/2023\/07\/Komisiia-performing-at-Indie-Shuffle-Night-Telliskivi-Loomelinnak-Fotografiska-Tallinn-Music-Week-2023-0002-4x5-1.jpg\" data-src=\"https:\/\/kaarelantonov.com\/wp-content\/uploads\/2023\/07\/Komisiia-performing-at-Indie-Shuffle-Night-Telliskivi-Loomelinnak-Fotografiska-Tallinn-Music-Week-2023-0002-4x5-1.jpg\"><div class=\"gridblock-links-wrap\"><span class=\"column-gridblock-icon\"><span class=\"hover-icon-effect\"><i class=\"ion-ios-search\"><\/i><\/span><\/span><\/div><\/a><\/div><img decoding=\"async\" class=\"preload-image lazyload displayed-image\" src=\"https:\/\/kaarelantonov.com\/wp-content\/themes\/blacksilver\/images\/placeholders\/placeholder-770x770.gif\" data-src=\"https:\/\/kaarelantonov.com\/wp-content\/uploads\/2023\/07\/Komisiia-performing-at-Indie-Shuffle-Night-Telliskivi-Loomelinnak-Fotografiska-Tallinn-Music-Week-2023-0002-4x5-1-770x770.jpg\" alt=\"Komisiia performing at Indie Shuffle Night, Telliskivi Loomelinnak, Fotografiska, Tallinn Music Week 2023 4x5\"><\/div><\/div><div class=\"gridblock-element  grid-animate-display-all isotope-displayed gridblock-thumbnail-id-7302 gridblock-col-3\"><div class=\"gridblock-ajax gridblock-grid-element gridblock-element-inner\" data-rel=\"6057\"><div class=\"gridblock-background-hover\"><a data-elementor-open-lightbox=\"no\" data-exthumbimage=\"https:\/\/kaarelantonov.com\/wp-content\/uploads\/2023\/07\/K-not-K-performing-at-Vonge-Festival-Lava-Telliskivi-Loomelinnak-Fotografiska-Tallinn-Music-Week-2023-160x160.jpg\" class=\"lightbox-active lightbox-image gridblock-sole-link\" data-sub-html=\"&lt;div class=&quot;lightbox-text-wrap &quot;&gt;&lt;\/div&gt;\" href=\"https:\/\/kaarelantonov.com\/wp-content\/uploads\/2023\/07\/K-not-K-performing-at-Vonge-Festival-Lava-Telliskivi-Loomelinnak-Fotografiska-Tallinn-Music-Week-2023.jpg\" data-src=\"https:\/\/kaarelantonov.com\/wp-content\/uploads\/2023\/07\/K-not-K-performing-at-Vonge-Festival-Lava-Telliskivi-Loomelinnak-Fotografiska-Tallinn-Music-Week-2023.jpg\"><div class=\"gridblock-links-wrap\"><span class=\"column-gridblock-icon\"><span class=\"hover-icon-effect\"><i class=\"ion-ios-search\"><\/i><\/span><\/span><\/div><\/a><\/div><img decoding=\"async\" class=\"preload-image lazyload displayed-image\" src=\"https:\/\/kaarelantonov.com\/wp-content\/themes\/blacksilver\/images\/placeholders\/placeholder-770x770.gif\" data-src=\"https:\/\/kaarelantonov.com\/wp-content\/uploads\/2023\/07\/K-not-K-performing-at-Vonge-Festival-Lava-Telliskivi-Loomelinnak-Fotografiska-Tallinn-Music-Week-2023-770x770.jpg\" alt=\"K not K performing at V\u00f5nge Festival Stage, Telliskivi Loomelinnak, Fotografiska, Tallinn Music Week 2023\"><\/div><\/div><div class=\"gridblock-element  grid-animate-display-all isotope-displayed gridblock-thumbnail-id-7234 gridblock-col-4\"><div class=\"gridblock-ajax gridblock-grid-element gridblock-element-inner\" data-rel=\"6057\"><div class=\"gridblock-background-hover\"><a data-elementor-open-lightbox=\"no\" data-exthumbimage=\"https:\/\/kaarelantonov.com\/wp-content\/uploads\/2023\/07\/Alex-Maiolo-performing-at-Kulutuurikatel-Tallinn-Music-Week-opening-night-2021-160x160.jpg\" class=\"lightbox-active lightbox-image gridblock-sole-link\" data-sub-html=\"&lt;div class=&quot;lightbox-text-wrap &quot;&gt;&lt;\/div&gt;\" href=\"https:\/\/kaarelantonov.com\/wp-content\/uploads\/2023\/07\/Alex-Maiolo-performing-at-Kulutuurikatel-Tallinn-Music-Week-opening-night-2021.jpg\" data-src=\"https:\/\/kaarelantonov.com\/wp-content\/uploads\/2023\/07\/Alex-Maiolo-performing-at-Kulutuurikatel-Tallinn-Music-Week-opening-night-2021.jpg\"><div class=\"gridblock-links-wrap\"><span class=\"column-gridblock-icon\"><span class=\"hover-icon-effect\"><i class=\"ion-ios-search\"><\/i><\/span><\/span><\/div><\/a><\/div><img decoding=\"async\" class=\"preload-image lazyload displayed-image\" src=\"https:\/\/kaarelantonov.com\/wp-content\/themes\/blacksilver\/images\/placeholders\/placeholder-770x770.gif\" data-src=\"https:\/\/kaarelantonov.com\/wp-content\/uploads\/2023\/07\/Alex-Maiolo-performing-at-Kulutuurikatel-Tallinn-Music-Week-opening-night-2021-770x770.jpg\" alt=\"Alex Maiolo performing at Kulutuurikatel Tallinn Music Week opening night 2021\"><\/div><\/div><div class=\"gridblock-element  grid-animate-display-all isotope-displayed gridblock-thumbnail-id-7238 gridblock-col-5\"><div class=\"gridblock-ajax gridblock-grid-element gridblock-element-inner\" data-rel=\"6057\"><div class=\"gridblock-background-hover\"><a data-elementor-open-lightbox=\"no\" data-exthumbimage=\"https:\/\/kaarelantonov.com\/wp-content\/uploads\/2023\/07\/Anett-performing-at-TIKS-Records-Session-Telliskivi-Loomelinnak-Fotografiska-Tallinn-Music-Week-2023-2-160x160.jpg\" class=\"lightbox-active lightbox-image gridblock-sole-link\" data-sub-html=\"&lt;div class=&quot;lightbox-text-wrap &quot;&gt;&lt;\/div&gt;\" href=\"https:\/\/kaarelantonov.com\/wp-content\/uploads\/2023\/07\/Anett-performing-at-TIKS-Records-Session-Telliskivi-Loomelinnak-Fotografiska-Tallinn-Music-Week-2023-2.jpg\" data-src=\"https:\/\/kaarelantonov.com\/wp-content\/uploads\/2023\/07\/Anett-performing-at-TIKS-Records-Session-Telliskivi-Loomelinnak-Fotografiska-Tallinn-Music-Week-2023-2.jpg\"><div class=\"gridblock-links-wrap\"><span class=\"column-gridblock-icon\"><span class=\"hover-icon-effect\"><i class=\"ion-ios-search\"><\/i><\/span><\/span><\/div><\/a><\/div><img decoding=\"async\" class=\"preload-image lazyload displayed-image\" src=\"https:\/\/kaarelantonov.com\/wp-content\/themes\/blacksilver\/images\/placeholders\/placeholder-770x770.gif\" data-src=\"https:\/\/kaarelantonov.com\/wp-content\/uploads\/2023\/07\/Anett-performing-at-TIKS-Records-Session-Telliskivi-Loomelinnak-Fotografiska-Tallinn-Music-Week-2023-2-770x770.jpg\" alt=\"Anett performing at TIKS Records Session, Telliskivi Loomelinnak, Fotografiska, Tallinn Music Week 2023\"><\/div><\/div><div class=\"gridblock-element  grid-animate-display-all isotope-displayed gridblock-thumbnail-id-7310 gridblock-col-1\"><div class=\"gridblock-ajax gridblock-grid-element gridblock-element-inner\" data-rel=\"6057\"><div class=\"gridblock-background-hover\"><a data-elementor-open-lightbox=\"no\" data-exthumbimage=\"https:\/\/kaarelantonov.com\/wp-content\/uploads\/2023\/07\/Koster-performing-at-Telliskivi-Loomelinnak-Sveta-Baar-Tallinn-Music-Week-2021-1-160x160.jpg\" class=\"lightbox-active lightbox-image gridblock-sole-link\" data-sub-html=\"&lt;div class=&quot;lightbox-text-wrap &quot;&gt;&lt;\/div&gt;\" href=\"https:\/\/kaarelantonov.com\/wp-content\/uploads\/2023\/07\/Koster-performing-at-Telliskivi-Loomelinnak-Sveta-Baar-Tallinn-Music-Week-2021-1.jpg\" data-src=\"https:\/\/kaarelantonov.com\/wp-content\/uploads\/2023\/07\/Koster-performing-at-Telliskivi-Loomelinnak-Sveta-Baar-Tallinn-Music-Week-2021-1.jpg\"><div class=\"gridblock-links-wrap\"><span class=\"column-gridblock-icon\"><span class=\"hover-icon-effect\"><i class=\"ion-ios-search\"><\/i><\/span><\/span><\/div><\/a><\/div><img decoding=\"async\" class=\"preload-image lazyload displayed-image\" src=\"https:\/\/kaarelantonov.com\/wp-content\/themes\/blacksilver\/images\/placeholders\/placeholder-770x770.gif\" data-src=\"https:\/\/kaarelantonov.com\/wp-content\/uploads\/2023\/07\/Koster-performing-at-Telliskivi-Loomelinnak-Sveta-Baar-Tallinn-Music-Week-2021-1-770x770.jpg\" alt=\"K\u00f6ster performing at Sveta Baar, Telliskivi Loomelinnak, Tallinn Music Week 2021\"><\/div><\/div><div class=\"gridblock-element  grid-animate-display-all isotope-displayed gridblock-thumbnail-id-7244 gridblock-col-2\"><div class=\"gridblock-ajax gridblock-grid-element gridblock-element-inner\" data-rel=\"6057\"><div class=\"gridblock-background-hover\"><a data-elementor-open-lightbox=\"no\" data-exthumbimage=\"https:\/\/kaarelantonov.com\/wp-content\/uploads\/2023\/07\/Arya-Zappa-performance-at-Raadio-2-Live-Telliskivi-Loomelinnak-Vaba-Lava-Tallinn-Music-Week-2023-4-160x160.jpg\" class=\"lightbox-active lightbox-image gridblock-sole-link\" data-sub-html=\"&lt;div class=&quot;lightbox-text-wrap &quot;&gt;&lt;\/div&gt;\" href=\"https:\/\/kaarelantonov.com\/wp-content\/uploads\/2023\/07\/Arya-Zappa-performance-at-Raadio-2-Live-Telliskivi-Loomelinnak-Vaba-Lava-Tallinn-Music-Week-2023-4.jpg\" data-src=\"https:\/\/kaarelantonov.com\/wp-content\/uploads\/2023\/07\/Arya-Zappa-performance-at-Raadio-2-Live-Telliskivi-Loomelinnak-Vaba-Lava-Tallinn-Music-Week-2023-4.jpg\"><div class=\"gridblock-links-wrap\"><span class=\"column-gridblock-icon\"><span class=\"hover-icon-effect\"><i class=\"ion-ios-search\"><\/i><\/span><\/span><\/div><\/a><\/div><img decoding=\"async\" class=\"preload-image lazyload displayed-image\" src=\"https:\/\/kaarelantonov.com\/wp-content\/themes\/blacksilver\/images\/placeholders\/placeholder-770x770.gif\" data-src=\"https:\/\/kaarelantonov.com\/wp-content\/uploads\/2023\/07\/Arya-Zappa-performance-at-Raadio-2-Live-Telliskivi-Loomelinnak-Vaba-Lava-Tallinn-Music-Week-2023-4-770x770.jpg\" alt=\"Arya Zappa stage performance at Raadio 2 Live, Telliskivi Loomelinnak, Vaba Lava, Tallinn Music Week 2023\"><\/div><\/div><div class=\"gridblock-element  grid-animate-display-all isotope-displayed gridblock-thumbnail-id-7242 gridblock-col-3\"><div class=\"gridblock-ajax gridblock-grid-element gridblock-element-inner\" data-rel=\"6057\"><div class=\"gridblock-background-hover\"><a data-elementor-open-lightbox=\"no\" data-exthumbimage=\"https:\/\/kaarelantonov.com\/wp-content\/uploads\/2023\/07\/Arya-Zappa-performance-at-Raadio-2-Live-Telliskivi-Loomelinnak-Vaba-Lava-Tallinn-Music-Week-2023-3-160x160.jpg\" class=\"lightbox-active lightbox-image gridblock-sole-link\" data-sub-html=\"&lt;div class=&quot;lightbox-text-wrap &quot;&gt;&lt;\/div&gt;\" href=\"https:\/\/kaarelantonov.com\/wp-content\/uploads\/2023\/07\/Arya-Zappa-performance-at-Raadio-2-Live-Telliskivi-Loomelinnak-Vaba-Lava-Tallinn-Music-Week-2023-3.jpg\" data-src=\"https:\/\/kaarelantonov.com\/wp-content\/uploads\/2023\/07\/Arya-Zappa-performance-at-Raadio-2-Live-Telliskivi-Loomelinnak-Vaba-Lava-Tallinn-Music-Week-2023-3.jpg\"><div class=\"gridblock-links-wrap\"><span class=\"column-gridblock-icon\"><span class=\"hover-icon-effect\"><i class=\"ion-ios-search\"><\/i><\/span><\/span><\/div><\/a><\/div><img decoding=\"async\" class=\"preload-image lazyload displayed-image\" src=\"https:\/\/kaarelantonov.com\/wp-content\/themes\/blacksilver\/images\/placeholders\/placeholder-770x770.gif\" data-src=\"https:\/\/kaarelantonov.com\/wp-content\/uploads\/2023\/07\/Arya-Zappa-performance-at-Raadio-2-Live-Telliskivi-Loomelinnak-Vaba-Lava-Tallinn-Music-Week-2023-3-770x770.jpg\" alt=\"Arya Zappa stage performance at Raadio 2 Live, Telliskivi Loomelinnak, Vaba Lava, Tallinn Music Week 2023\"><\/div><\/div><div class=\"gridblock-element  grid-animate-display-all isotope-displayed gridblock-thumbnail-id-7316 gridblock-col-4\"><div class=\"gridblock-ajax gridblock-grid-element gridblock-element-inner\" data-rel=\"6057\"><div class=\"gridblock-background-hover\"><a data-elementor-open-lightbox=\"no\" data-exthumbimage=\"https:\/\/kaarelantonov.com\/wp-content\/uploads\/2023\/07\/Marek-Vetik-at-Hoodie-Cyphers-Estonian-Street-Dance-Battle-03072021-160x160.jpg\" class=\"lightbox-active lightbox-image gridblock-sole-link\" data-sub-html=\"&lt;div class=&quot;lightbox-text-wrap &quot;&gt;&lt;\/div&gt;\" href=\"https:\/\/kaarelantonov.com\/wp-content\/uploads\/2023\/07\/Marek-Vetik-at-Hoodie-Cyphers-Estonian-Street-Dance-Battle-03072021.jpg\" data-src=\"https:\/\/kaarelantonov.com\/wp-content\/uploads\/2023\/07\/Marek-Vetik-at-Hoodie-Cyphers-Estonian-Street-Dance-Battle-03072021.jpg\"><div class=\"gridblock-links-wrap\"><span class=\"column-gridblock-icon\"><span class=\"hover-icon-effect\"><i class=\"ion-ios-search\"><\/i><\/span><\/span><\/div><\/a><\/div><img decoding=\"async\" class=\"preload-image lazyload displayed-image\" src=\"https:\/\/kaarelantonov.com\/wp-content\/themes\/blacksilver\/images\/placeholders\/placeholder-770x770.gif\" data-src=\"https:\/\/kaarelantonov.com\/wp-content\/uploads\/2023\/07\/Marek-Vetik-at-Hoodie-Cyphers-Estonian-Street-Dance-Battle-03072021-770x770.jpg\" alt=\"BBoy Marek Vetik Break Dancing at Hoodie Cyphers - Estonian Street Dance Battle\"><\/div><\/div><div class=\"gridblock-element  grid-animate-display-all isotope-displayed gridblock-thumbnail-id-7236 gridblock-col-5\"><div class=\"gridblock-ajax gridblock-grid-element gridblock-element-inner\" data-rel=\"6057\"><div class=\"gridblock-background-hover\"><a data-elementor-open-lightbox=\"no\" data-exthumbimage=\"https:\/\/kaarelantonov.com\/wp-content\/uploads\/2023\/07\/Anett-performing-at-TIKS-Records-Session-Telliskivi-Loomelinnak-Fotografiska-Tallinn-Music-Week-2023-1-160x160.jpg\" class=\"lightbox-active lightbox-image gridblock-sole-link\" data-sub-html=\"&lt;div class=&quot;lightbox-text-wrap &quot;&gt;&lt;\/div&gt;\" href=\"https:\/\/kaarelantonov.com\/wp-content\/uploads\/2023\/07\/Anett-performing-at-TIKS-Records-Session-Telliskivi-Loomelinnak-Fotografiska-Tallinn-Music-Week-2023-1.jpg\" data-src=\"https:\/\/kaarelantonov.com\/wp-content\/uploads\/2023\/07\/Anett-performing-at-TIKS-Records-Session-Telliskivi-Loomelinnak-Fotografiska-Tallinn-Music-Week-2023-1.jpg\"><div class=\"gridblock-links-wrap\"><span class=\"column-gridblock-icon\"><span class=\"hover-icon-effect\"><i class=\"ion-ios-search\"><\/i><\/span><\/span><\/div><\/a><\/div><img decoding=\"async\" class=\"preload-image lazyload displayed-image\" src=\"https:\/\/kaarelantonov.com\/wp-content\/themes\/blacksilver\/images\/placeholders\/placeholder-770x770.gif\" data-src=\"https:\/\/kaarelantonov.com\/wp-content\/uploads\/2023\/07\/Anett-performing-at-TIKS-Records-Session-Telliskivi-Loomelinnak-Fotografiska-Tallinn-Music-Week-2023-1-770x770.jpg\" alt=\"Anett performing at TIKS Records Session, Telliskivi Loomelinnak, Fotografiska, Tallinn Music Week 2023\"><\/div><\/div><div class=\"gridblock-element  grid-animate-display-all isotope-displayed gridblock-thumbnail-id-7248 gridblock-col-1\"><div class=\"gridblock-ajax gridblock-grid-element gridblock-element-inner\" data-rel=\"6057\"><div class=\"gridblock-background-hover\"><a data-elementor-open-lightbox=\"no\" data-exthumbimage=\"https:\/\/kaarelantonov.com\/wp-content\/uploads\/2023\/07\/Claus-Oesser-Ferrari-and-Jutta-Glaser-performing-at-Jazz-is-Her-Philly-Joes-Jazz-Night-Tallinn-Music-Week-2023-160x160.jpg\" class=\"lightbox-active lightbox-image gridblock-sole-link\" data-sub-html=\"&lt;div class=&quot;lightbox-text-wrap &quot;&gt;&lt;\/div&gt;\" href=\"https:\/\/kaarelantonov.com\/wp-content\/uploads\/2023\/07\/Claus-Oesser-Ferrari-and-Jutta-Glaser-performing-at-Jazz-is-Her-Philly-Joes-Jazz-Night-Tallinn-Music-Week-2023.jpg\" data-src=\"https:\/\/kaarelantonov.com\/wp-content\/uploads\/2023\/07\/Claus-Oesser-Ferrari-and-Jutta-Glaser-performing-at-Jazz-is-Her-Philly-Joes-Jazz-Night-Tallinn-Music-Week-2023.jpg\"><div class=\"gridblock-links-wrap\"><span class=\"column-gridblock-icon\"><span class=\"hover-icon-effect\"><i class=\"ion-ios-search\"><\/i><\/span><\/span><\/div><\/a><\/div><img decoding=\"async\" class=\"preload-image lazyload displayed-image\" src=\"https:\/\/kaarelantonov.com\/wp-content\/themes\/blacksilver\/images\/placeholders\/placeholder-770x770.gif\" data-src=\"https:\/\/kaarelantonov.com\/wp-content\/uploads\/2023\/07\/Claus-Oesser-Ferrari-and-Jutta-Glaser-performing-at-Jazz-is-Her-Philly-Joes-Jazz-Night-Tallinn-Music-Week-2023-770x770.jpg\" alt=\"Claus Oesser Ferrari and Jutta Glaser performing at Jazz is Her, Philly Joes Jazz Night, Tallinn Music Week 2023\"><\/div><\/div><div class=\"gridblock-element  grid-animate-display-all isotope-displayed gridblock-thumbnail-id-7254 gridblock-col-2\"><div class=\"gridblock-ajax gridblock-grid-element gridblock-element-inner\" data-rel=\"6057\"><div class=\"gridblock-background-hover\"><a data-elementor-open-lightbox=\"no\" data-exthumbimage=\"https:\/\/kaarelantonov.com\/wp-content\/uploads\/2023\/07\/Daniel-Levi-performing-at-Indie-Shuffle-Night-Telliskivi-Loomelinnak-Fotografiska-Tallinn-Music-Week-2023-3-160x160.jpg\" class=\"lightbox-active lightbox-image gridblock-sole-link\" data-sub-html=\"&lt;div class=&quot;lightbox-text-wrap &quot;&gt;&lt;\/div&gt;\" href=\"https:\/\/kaarelantonov.com\/wp-content\/uploads\/2023\/07\/Daniel-Levi-performing-at-Indie-Shuffle-Night-Telliskivi-Loomelinnak-Fotografiska-Tallinn-Music-Week-2023-3.jpg\" data-src=\"https:\/\/kaarelantonov.com\/wp-content\/uploads\/2023\/07\/Daniel-Levi-performing-at-Indie-Shuffle-Night-Telliskivi-Loomelinnak-Fotografiska-Tallinn-Music-Week-2023-3.jpg\"><div class=\"gridblock-links-wrap\"><span class=\"column-gridblock-icon\"><span class=\"hover-icon-effect\"><i class=\"ion-ios-search\"><\/i><\/span><\/span><\/div><\/a><\/div><img decoding=\"async\" class=\"preload-image lazyload displayed-image\" src=\"https:\/\/kaarelantonov.com\/wp-content\/themes\/blacksilver\/images\/placeholders\/placeholder-770x770.gif\" data-src=\"https:\/\/kaarelantonov.com\/wp-content\/uploads\/2023\/07\/Daniel-Levi-performing-at-Indie-Shuffle-Night-Telliskivi-Loomelinnak-Fotografiska-Tallinn-Music-Week-2023-3-770x770.jpg\" alt=\"Daniel Levi performing at Indie Shuffle Night, Telliskivi Loomelinnak, Fotografiska, Tallinn Music Week 2023\"><\/div><\/div><div class=\"gridblock-element  grid-animate-display-all isotope-displayed gridblock-thumbnail-id-7356 gridblock-col-3\"><div class=\"gridblock-ajax gridblock-grid-element gridblock-element-inner\" data-rel=\"6057\"><div class=\"gridblock-background-hover\"><a data-elementor-open-lightbox=\"no\" data-exthumbimage=\"https:\/\/kaarelantonov.com\/wp-content\/uploads\/2023\/07\/Rita-Ray-performing-at-Telliskivi-Loomelinnak-D3-Nightclub-Tallinn-Music-Week-2021-1-160x160.jpg\" class=\"lightbox-active lightbox-image gridblock-sole-link\" data-sub-html=\"&lt;div class=&quot;lightbox-text-wrap &quot;&gt;&lt;\/div&gt;\" href=\"https:\/\/kaarelantonov.com\/wp-content\/uploads\/2023\/07\/Rita-Ray-performing-at-Telliskivi-Loomelinnak-D3-Nightclub-Tallinn-Music-Week-2021-1.jpg\" data-src=\"https:\/\/kaarelantonov.com\/wp-content\/uploads\/2023\/07\/Rita-Ray-performing-at-Telliskivi-Loomelinnak-D3-Nightclub-Tallinn-Music-Week-2021-1.jpg\"><div class=\"gridblock-links-wrap\"><span class=\"column-gridblock-icon\"><span class=\"hover-icon-effect\"><i class=\"ion-ios-search\"><\/i><\/span><\/span><\/div><\/a><\/div><img decoding=\"async\" class=\"preload-image lazyload displayed-image\" src=\"https:\/\/kaarelantonov.com\/wp-content\/themes\/blacksilver\/images\/placeholders\/placeholder-770x770.gif\" data-src=\"https:\/\/kaarelantonov.com\/wp-content\/uploads\/2023\/07\/Rita-Ray-performing-at-Telliskivi-Loomelinnak-D3-Nightclub-Tallinn-Music-Week-2021-1-770x770.jpg\" alt=\"Rita Ray performing at D3 Nightclub, Telliskivi Loomelinnak, Tallinn Music Week 2021\"><\/div><\/div><div class=\"gridblock-element  grid-animate-display-all isotope-displayed gridblock-thumbnail-id-7258 gridblock-col-4\"><div class=\"gridblock-ajax gridblock-grid-element gridblock-element-inner\" data-rel=\"6057\"><div class=\"gridblock-background-hover\"><a data-elementor-open-lightbox=\"no\" data-exthumbimage=\"https:\/\/kaarelantonov.com\/wp-content\/uploads\/2023\/07\/Estonian-Break-Dance-Jam-Soul-Park-160x160.jpg\" class=\"lightbox-active lightbox-image gridblock-sole-link\" data-sub-html=\"&lt;div class=&quot;lightbox-text-wrap &quot;&gt;&lt;\/div&gt;\" href=\"https:\/\/kaarelantonov.com\/wp-content\/uploads\/2023\/07\/Estonian-Break-Dance-Jam-Soul-Park.jpg\" data-src=\"https:\/\/kaarelantonov.com\/wp-content\/uploads\/2023\/07\/Estonian-Break-Dance-Jam-Soul-Park.jpg\"><div class=\"gridblock-links-wrap\"><span class=\"column-gridblock-icon\"><span class=\"hover-icon-effect\"><i class=\"ion-ios-search\"><\/i><\/span><\/span><\/div><\/a><\/div><img decoding=\"async\" class=\"preload-image lazyload displayed-image\" src=\"https:\/\/kaarelantonov.com\/wp-content\/themes\/blacksilver\/images\/placeholders\/placeholder-770x770.gif\" data-src=\"https:\/\/kaarelantonov.com\/wp-content\/uploads\/2023\/07\/Estonian-Break-Dance-Jam-Soul-Park-770x770.jpg\" alt=\"Estonian Break Dance Jam Soul Park\"><\/div><\/div><div class=\"gridblock-element  grid-animate-display-all isotope-displayed gridblock-thumbnail-id-7230 gridblock-col-5\"><div class=\"gridblock-ajax gridblock-grid-element gridblock-element-inner\" data-rel=\"6057\"><div class=\"gridblock-background-hover\"><a data-elementor-open-lightbox=\"no\" data-exthumbimage=\"https:\/\/kaarelantonov.com\/wp-content\/uploads\/2023\/07\/ABEKEJSER-performing-at-Vonge-Festival-Lava-Telliskivi-Loomelinnak-Fotografiska-Tallinn-Music-Week-2023-2-160x160.jpg\" class=\"lightbox-active lightbox-image gridblock-sole-link\" data-sub-html=\"&lt;div class=&quot;lightbox-text-wrap &quot;&gt;&lt;\/div&gt;\" href=\"https:\/\/kaarelantonov.com\/wp-content\/uploads\/2023\/07\/ABEKEJSER-performing-at-Vonge-Festival-Lava-Telliskivi-Loomelinnak-Fotografiska-Tallinn-Music-Week-2023-2.jpg\" data-src=\"https:\/\/kaarelantonov.com\/wp-content\/uploads\/2023\/07\/ABEKEJSER-performing-at-Vonge-Festival-Lava-Telliskivi-Loomelinnak-Fotografiska-Tallinn-Music-Week-2023-2.jpg\"><div class=\"gridblock-links-wrap\"><span class=\"column-gridblock-icon\"><span class=\"hover-icon-effect\"><i class=\"ion-ios-search\"><\/i><\/span><\/span><\/div><\/a><\/div><img decoding=\"async\" class=\"preload-image lazyload displayed-image\" src=\"https:\/\/kaarelantonov.com\/wp-content\/themes\/blacksilver\/images\/placeholders\/placeholder-770x770.gif\" data-src=\"https:\/\/kaarelantonov.com\/wp-content\/uploads\/2023\/07\/ABEKEJSER-performing-at-Vonge-Festival-Lava-Telliskivi-Loomelinnak-Fotografiska-Tallinn-Music-Week-2023-2-770x770.jpg\" alt=\"ABEKEJSER performing at V\u00f5nge Festivali Lava, Telliskivi Loomelinnak, Fotografiska, Tallinn Music Week 2023\"><\/div><\/div><div class=\"gridblock-element  grid-animate-display-all isotope-displayed gridblock-thumbnail-id-7264 gridblock-col-1\"><div class=\"gridblock-ajax gridblock-grid-element gridblock-element-inner\" data-rel=\"6057\"><div class=\"gridblock-background-hover\"><a data-elementor-open-lightbox=\"no\" data-exthumbimage=\"https:\/\/kaarelantonov.com\/wp-content\/uploads\/2023\/07\/FLIRT-performing-at-KWEER-AF-Telliskivi-Loomelinnak-Sveta-Baar-Tallinn-Music-Week-2023-0001-160x160.jpg\" class=\"lightbox-active lightbox-image gridblock-sole-link\" data-sub-html=\"&lt;div class=&quot;lightbox-text-wrap &quot;&gt;&lt;\/div&gt;\" href=\"https:\/\/kaarelantonov.com\/wp-content\/uploads\/2023\/07\/FLIRT-performing-at-KWEER-AF-Telliskivi-Loomelinnak-Sveta-Baar-Tallinn-Music-Week-2023-0001.jpg\" data-src=\"https:\/\/kaarelantonov.com\/wp-content\/uploads\/2023\/07\/FLIRT-performing-at-KWEER-AF-Telliskivi-Loomelinnak-Sveta-Baar-Tallinn-Music-Week-2023-0001.jpg\"><div class=\"gridblock-links-wrap\"><span class=\"column-gridblock-icon\"><span class=\"hover-icon-effect\"><i class=\"ion-ios-search\"><\/i><\/span><\/span><\/div><\/a><\/div><img decoding=\"async\" class=\"preload-image lazyload displayed-image\" src=\"https:\/\/kaarelantonov.com\/wp-content\/themes\/blacksilver\/images\/placeholders\/placeholder-770x770.gif\" data-src=\"https:\/\/kaarelantonov.com\/wp-content\/uploads\/2023\/07\/FLIRT-performing-at-KWEER-AF-Telliskivi-Loomelinnak-Sveta-Baar-Tallinn-Music-Week-2023-0001-770x770.jpg\" alt=\"FLIRT performing at KWEER AF, Telliskivi Loomelinnak, Sveta Baar, Tallinn Music Week 2023\"><\/div><\/div><div class=\"gridblock-element  grid-animate-display-all isotope-displayed gridblock-thumbnail-id-7228 gridblock-col-2\"><div class=\"gridblock-ajax gridblock-grid-element gridblock-element-inner\" data-rel=\"6057\"><div class=\"gridblock-background-hover\"><a data-elementor-open-lightbox=\"no\" data-exthumbimage=\"https:\/\/kaarelantonov.com\/wp-content\/uploads\/2023\/07\/ABEKEJSER-performing-at-Vonge-Festival-Lava-Telliskivi-Loomelinnak-Fotografiska-Tallinn-Music-Week-2023-1-160x160.jpg\" class=\"lightbox-active lightbox-image gridblock-sole-link\" data-sub-html=\"&lt;div class=&quot;lightbox-text-wrap &quot;&gt;&lt;\/div&gt;\" href=\"https:\/\/kaarelantonov.com\/wp-content\/uploads\/2023\/07\/ABEKEJSER-performing-at-Vonge-Festival-Lava-Telliskivi-Loomelinnak-Fotografiska-Tallinn-Music-Week-2023-1.jpg\" data-src=\"https:\/\/kaarelantonov.com\/wp-content\/uploads\/2023\/07\/ABEKEJSER-performing-at-Vonge-Festival-Lava-Telliskivi-Loomelinnak-Fotografiska-Tallinn-Music-Week-2023-1.jpg\"><div class=\"gridblock-links-wrap\"><span class=\"column-gridblock-icon\"><span class=\"hover-icon-effect\"><i class=\"ion-ios-search\"><\/i><\/span><\/span><\/div><\/a><\/div><img decoding=\"async\" class=\"preload-image lazyload displayed-image\" src=\"https:\/\/kaarelantonov.com\/wp-content\/themes\/blacksilver\/images\/placeholders\/placeholder-770x770.gif\" data-src=\"https:\/\/kaarelantonov.com\/wp-content\/uploads\/2023\/07\/ABEKEJSER-performing-at-Vonge-Festival-Lava-Telliskivi-Loomelinnak-Fotografiska-Tallinn-Music-Week-2023-1-770x770.jpg\" alt=\"ABEKEJSER performing at V\u00f5nge Festivali Lava, Telliskivi Loomelinnak, Fotografiska, Tallinn Music Week 2023\"><\/div><\/div><div class=\"gridblock-element  grid-animate-display-all isotope-displayed gridblock-thumbnail-id-7260 gridblock-col-3\"><div class=\"gridblock-ajax gridblock-grid-element gridblock-element-inner\" data-rel=\"6057\"><div class=\"gridblock-background-hover\"><a data-elementor-open-lightbox=\"no\" data-exthumbimage=\"https:\/\/kaarelantonov.com\/wp-content\/uploads\/2023\/07\/Estonian-Musicians-performing-at-Inglirand-Kadriorg-24072021-160x160.jpg\" class=\"lightbox-active lightbox-image gridblock-sole-link\" data-sub-html=\"&lt;div class=&quot;lightbox-text-wrap &quot;&gt;&lt;\/div&gt;\" href=\"https:\/\/kaarelantonov.com\/wp-content\/uploads\/2023\/07\/Estonian-Musicians-performing-at-Inglirand-Kadriorg-24072021.jpg\" data-src=\"https:\/\/kaarelantonov.com\/wp-content\/uploads\/2023\/07\/Estonian-Musicians-performing-at-Inglirand-Kadriorg-24072021.jpg\"><div class=\"gridblock-links-wrap\"><span class=\"column-gridblock-icon\"><span class=\"hover-icon-effect\"><i class=\"ion-ios-search\"><\/i><\/span><\/span><\/div><\/a><\/div><img decoding=\"async\" class=\"preload-image lazyload displayed-image\" src=\"https:\/\/kaarelantonov.com\/wp-content\/themes\/blacksilver\/images\/placeholders\/placeholder-770x770.gif\" data-src=\"https:\/\/kaarelantonov.com\/wp-content\/uploads\/2023\/07\/Estonian-Musicians-performing-at-Inglirand-Kadriorg-24072021-770x770.jpg\" alt=\"Estonian Musicians performing at Inglirand Kadriorg\"><\/div><\/div><div class=\"gridblock-element  grid-animate-display-all isotope-displayed gridblock-thumbnail-id-7252 gridblock-col-4\"><div class=\"gridblock-ajax gridblock-grid-element gridblock-element-inner\" data-rel=\"6057\"><div class=\"gridblock-background-hover\"><a data-elementor-open-lightbox=\"no\" data-exthumbimage=\"https:\/\/kaarelantonov.com\/wp-content\/uploads\/2023\/07\/Daniel-Levi-performing-at-Indie-Shuffle-Night-Telliskivi-Loomelinnak-Fotografiska-Tallinn-Music-Week-2023-1-160x160.jpg\" class=\"lightbox-active lightbox-image gridblock-sole-link\" data-sub-html=\"&lt;div class=&quot;lightbox-text-wrap &quot;&gt;&lt;\/div&gt;\" href=\"https:\/\/kaarelantonov.com\/wp-content\/uploads\/2023\/07\/Daniel-Levi-performing-at-Indie-Shuffle-Night-Telliskivi-Loomelinnak-Fotografiska-Tallinn-Music-Week-2023-1.jpg\" data-src=\"https:\/\/kaarelantonov.com\/wp-content\/uploads\/2023\/07\/Daniel-Levi-performing-at-Indie-Shuffle-Night-Telliskivi-Loomelinnak-Fotografiska-Tallinn-Music-Week-2023-1.jpg\"><div class=\"gridblock-links-wrap\"><span class=\"column-gridblock-icon\"><span class=\"hover-icon-effect\"><i class=\"ion-ios-search\"><\/i><\/span><\/span><\/div><\/a><\/div><img decoding=\"async\" class=\"preload-image lazyload displayed-image\" src=\"https:\/\/kaarelantonov.com\/wp-content\/themes\/blacksilver\/images\/placeholders\/placeholder-770x770.gif\" data-src=\"https:\/\/kaarelantonov.com\/wp-content\/uploads\/2023\/07\/Daniel-Levi-performing-at-Indie-Shuffle-Night-Telliskivi-Loomelinnak-Fotografiska-Tallinn-Music-Week-2023-1-770x770.jpg\" alt=\"Daniel Levi performing at Indie Shuffle Night, Telliskivi Loomelinnak, Fotografiska, Tallinn Music Week 2023\"><\/div><\/div><div class=\"gridblock-element  grid-animate-display-all isotope-displayed gridblock-thumbnail-id-7274 gridblock-col-5\"><div class=\"gridblock-ajax gridblock-grid-element gridblock-element-inner\" data-rel=\"6057\"><div class=\"gridblock-background-hover\"><a data-elementor-open-lightbox=\"no\" data-exthumbimage=\"https:\/\/kaarelantonov.com\/wp-content\/uploads\/2023\/07\/Free-Flow-Studio-Dancers-at-Avatar-Etendus-190622-0007-160x160.jpg\" class=\"lightbox-active lightbox-image gridblock-sole-link\" data-sub-html=\"&lt;div class=&quot;lightbox-text-wrap &quot;&gt;&lt;\/div&gt;\" href=\"https:\/\/kaarelantonov.com\/wp-content\/uploads\/2023\/07\/Free-Flow-Studio-Dancers-at-Avatar-Etendus-190622-0007.jpg\" data-src=\"https:\/\/kaarelantonov.com\/wp-content\/uploads\/2023\/07\/Free-Flow-Studio-Dancers-at-Avatar-Etendus-190622-0007.jpg\"><div class=\"gridblock-links-wrap\"><span class=\"column-gridblock-icon\"><span class=\"hover-icon-effect\"><i class=\"ion-ios-search\"><\/i><\/span><\/span><\/div><\/a><\/div><img decoding=\"async\" class=\"preload-image lazyload displayed-image\" src=\"https:\/\/kaarelantonov.com\/wp-content\/themes\/blacksilver\/images\/placeholders\/placeholder-770x770.gif\" data-src=\"https:\/\/kaarelantonov.com\/wp-content\/uploads\/2023\/07\/Free-Flow-Studio-Dancers-at-Avatar-Etendus-190622-0007-770x770.jpg\" alt=\"Free Flow Studio Dancers at Avatar Etendus\"><\/div><\/div><div class=\"gridblock-element  grid-animate-display-all isotope-displayed gridblock-thumbnail-id-7298 gridblock-col-1\"><div class=\"gridblock-ajax gridblock-grid-element gridblock-element-inner\" data-rel=\"6057\"><div class=\"gridblock-background-hover\"><a data-elementor-open-lightbox=\"no\" data-exthumbimage=\"https:\/\/kaarelantonov.com\/wp-content\/uploads\/2023\/07\/Jonas-Kaarnamets-Erki-Parnoja-performing-at-Kulutuurikatel-Tallinn-Music-Week-opening-night-2021-160x160.jpg\" class=\"lightbox-active lightbox-image gridblock-sole-link\" data-sub-html=\"&lt;div class=&quot;lightbox-text-wrap &quot;&gt;&lt;\/div&gt;\" href=\"https:\/\/kaarelantonov.com\/wp-content\/uploads\/2023\/07\/Jonas-Kaarnamets-Erki-Parnoja-performing-at-Kulutuurikatel-Tallinn-Music-Week-opening-night-2021.jpg\" data-src=\"https:\/\/kaarelantonov.com\/wp-content\/uploads\/2023\/07\/Jonas-Kaarnamets-Erki-Parnoja-performing-at-Kulutuurikatel-Tallinn-Music-Week-opening-night-2021.jpg\"><div class=\"gridblock-links-wrap\"><span class=\"column-gridblock-icon\"><span class=\"hover-icon-effect\"><i class=\"ion-ios-search\"><\/i><\/span><\/span><\/div><\/a><\/div><img decoding=\"async\" class=\"preload-image lazyload displayed-image\" src=\"https:\/\/kaarelantonov.com\/wp-content\/themes\/blacksilver\/images\/placeholders\/placeholder-770x770.gif\" data-src=\"https:\/\/kaarelantonov.com\/wp-content\/uploads\/2023\/07\/Jonas-Kaarnamets-Erki-Parnoja-performing-at-Kulutuurikatel-Tallinn-Music-Week-opening-night-2021-770x770.jpg\" alt=\"Jonas Kaarnamets & Erki P\u00e4rnoja performing at Kulutuurikatel, Tallinn Music Week Opening Night 2021\"><\/div><\/div><div class=\"gridblock-element  grid-animate-display-all isotope-displayed gridblock-thumbnail-id-7338 gridblock-col-2\"><div class=\"gridblock-ajax gridblock-grid-element gridblock-element-inner\" data-rel=\"6057\"><div class=\"gridblock-background-hover\"><a data-elementor-open-lightbox=\"no\" data-exthumbimage=\"https:\/\/kaarelantonov.com\/wp-content\/uploads\/2023\/07\/Mica-Millar-performing-at-Funk-Embassy-Night-Telliskivi-Loomelinnak-Vaba-Lava-Tallinn-Music-Week-2023-5-160x160.jpg\" class=\"lightbox-active lightbox-image gridblock-sole-link\" data-sub-html=\"&lt;div class=&quot;lightbox-text-wrap &quot;&gt;&lt;\/div&gt;\" href=\"https:\/\/kaarelantonov.com\/wp-content\/uploads\/2023\/07\/Mica-Millar-performing-at-Funk-Embassy-Night-Telliskivi-Loomelinnak-Vaba-Lava-Tallinn-Music-Week-2023-5.jpg\" data-src=\"https:\/\/kaarelantonov.com\/wp-content\/uploads\/2023\/07\/Mica-Millar-performing-at-Funk-Embassy-Night-Telliskivi-Loomelinnak-Vaba-Lava-Tallinn-Music-Week-2023-5.jpg\"><div class=\"gridblock-links-wrap\"><span class=\"column-gridblock-icon\"><span class=\"hover-icon-effect\"><i class=\"ion-ios-search\"><\/i><\/span><\/span><\/div><\/a><\/div><img decoding=\"async\" class=\"preload-image lazyload displayed-image\" src=\"https:\/\/kaarelantonov.com\/wp-content\/themes\/blacksilver\/images\/placeholders\/placeholder-770x770.gif\" data-src=\"https:\/\/kaarelantonov.com\/wp-content\/uploads\/2023\/07\/Mica-Millar-performing-at-Funk-Embassy-Night-Telliskivi-Loomelinnak-Vaba-Lava-Tallinn-Music-Week-2023-5-770x770.jpg\" alt=\"Mica Millar performing at Funk Embassy Night, Vaba Lava, Telliskivi Loomelinnak, Tallinn Music Week 2023\"><\/div><\/div><div class=\"gridblock-element  grid-animate-display-all isotope-displayed gridblock-thumbnail-id-7278 gridblock-col-3\"><div class=\"gridblock-ajax gridblock-grid-element gridblock-element-inner\" data-rel=\"6057\"><div class=\"gridblock-background-hover\"><a data-elementor-open-lightbox=\"no\" data-exthumbimage=\"https:\/\/kaarelantonov.com\/wp-content\/uploads\/2023\/07\/Free-Flow-Studio-Dancers-at-Avatar-Etendus-190622-0015-160x160.jpg\" class=\"lightbox-active lightbox-image gridblock-sole-link\" data-sub-html=\"&lt;div class=&quot;lightbox-text-wrap &quot;&gt;&lt;\/div&gt;\" href=\"https:\/\/kaarelantonov.com\/wp-content\/uploads\/2023\/07\/Free-Flow-Studio-Dancers-at-Avatar-Etendus-190622-0015.jpg\" data-src=\"https:\/\/kaarelantonov.com\/wp-content\/uploads\/2023\/07\/Free-Flow-Studio-Dancers-at-Avatar-Etendus-190622-0015.jpg\"><div class=\"gridblock-links-wrap\"><span class=\"column-gridblock-icon\"><span class=\"hover-icon-effect\"><i class=\"ion-ios-search\"><\/i><\/span><\/span><\/div><\/a><\/div><img decoding=\"async\" class=\"preload-image lazyload displayed-image\" src=\"https:\/\/kaarelantonov.com\/wp-content\/themes\/blacksilver\/images\/placeholders\/placeholder-770x770.gif\" data-src=\"https:\/\/kaarelantonov.com\/wp-content\/uploads\/2023\/07\/Free-Flow-Studio-Dancers-at-Avatar-Etendus-190622-0015-770x770.jpg\" alt=\"Free Flow Studio Dancers at Avatar Etendus\"><\/div><\/div><div class=\"gridblock-element  grid-animate-display-all isotope-displayed gridblock-thumbnail-id-7256 gridblock-col-4\"><div class=\"gridblock-ajax gridblock-grid-element gridblock-element-inner\" data-rel=\"6057\"><div class=\"gridblock-background-hover\"><a data-elementor-open-lightbox=\"no\" data-exthumbimage=\"https:\/\/kaarelantonov.com\/wp-content\/uploads\/2023\/07\/Daniel-Levi-performing-at-Telliskivi-Loomelinnak-Tallinn-Music-Week-2022-160x160.jpg\" class=\"lightbox-active lightbox-image gridblock-sole-link\" data-sub-html=\"&lt;div class=&quot;lightbox-text-wrap &quot;&gt;&lt;\/div&gt;\" href=\"https:\/\/kaarelantonov.com\/wp-content\/uploads\/2023\/07\/Daniel-Levi-performing-at-Telliskivi-Loomelinnak-Tallinn-Music-Week-2022.jpg\" data-src=\"https:\/\/kaarelantonov.com\/wp-content\/uploads\/2023\/07\/Daniel-Levi-performing-at-Telliskivi-Loomelinnak-Tallinn-Music-Week-2022.jpg\"><div class=\"gridblock-links-wrap\"><span class=\"column-gridblock-icon\"><span class=\"hover-icon-effect\"><i class=\"ion-ios-search\"><\/i><\/span><\/span><\/div><\/a><\/div><img decoding=\"async\" class=\"preload-image lazyload displayed-image\" src=\"https:\/\/kaarelantonov.com\/wp-content\/themes\/blacksilver\/images\/placeholders\/placeholder-770x770.gif\" data-src=\"https:\/\/kaarelantonov.com\/wp-content\/uploads\/2023\/07\/Daniel-Levi-performing-at-Telliskivi-Loomelinnak-Tallinn-Music-Week-2022-770x770.jpg\" alt=\"Daniel Levi performing at Telliskivi Loomelinnak, Tallinn Music Week 2022\"><\/div><\/div><div class=\"gridblock-element  grid-animate-display-all isotope-displayed gridblock-thumbnail-id-7364 gridblock-col-5\"><div class=\"gridblock-ajax gridblock-grid-element gridblock-element-inner\" data-rel=\"6057\"><div class=\"gridblock-background-hover\"><a data-elementor-open-lightbox=\"no\" data-exthumbimage=\"https:\/\/kaarelantonov.com\/wp-content\/uploads\/2023\/07\/SUDA-performing-at-Von-Krahli-Teater-and-Baar-Tallinn-Music-Week-2021-160x160.jpg\" class=\"lightbox-active lightbox-image gridblock-sole-link\" data-sub-html=\"&lt;div class=&quot;lightbox-text-wrap &quot;&gt;&lt;\/div&gt;\" href=\"https:\/\/kaarelantonov.com\/wp-content\/uploads\/2023\/07\/SUDA-performing-at-Von-Krahli-Teater-and-Baar-Tallinn-Music-Week-2021.jpg\" data-src=\"https:\/\/kaarelantonov.com\/wp-content\/uploads\/2023\/07\/SUDA-performing-at-Von-Krahli-Teater-and-Baar-Tallinn-Music-Week-2021.jpg\"><div class=\"gridblock-links-wrap\"><span class=\"column-gridblock-icon\"><span class=\"hover-icon-effect\"><i class=\"ion-ios-search\"><\/i><\/span><\/span><\/div><\/a><\/div><img decoding=\"async\" class=\"preload-image lazyload displayed-image\" src=\"https:\/\/kaarelantonov.com\/wp-content\/themes\/blacksilver\/images\/placeholders\/placeholder-770x770.gif\" data-src=\"https:\/\/kaarelantonov.com\/wp-content\/uploads\/2023\/07\/SUDA-performing-at-Von-Krahli-Teater-and-Baar-Tallinn-Music-Week-2021-770x770.jpg\" alt=\"S\u00dcDA performing at Von Krahli Teater and Baar, Tallinn Music Week 2021\"><\/div><\/div><div class=\"gridblock-element  grid-animate-display-all isotope-displayed gridblock-thumbnail-id-7280 gridblock-col-1\"><div class=\"gridblock-ajax gridblock-grid-element gridblock-element-inner\" data-rel=\"6057\"><div class=\"gridblock-background-hover\"><a data-elementor-open-lightbox=\"no\" data-exthumbimage=\"https:\/\/kaarelantonov.com\/wp-content\/uploads\/2023\/07\/Free-Flow-Studio-Dancers-at-Avatar-Etendus-190622-0017-160x160.jpg\" class=\"lightbox-active lightbox-image gridblock-sole-link\" data-sub-html=\"&lt;div class=&quot;lightbox-text-wrap &quot;&gt;&lt;\/div&gt;\" href=\"https:\/\/kaarelantonov.com\/wp-content\/uploads\/2023\/07\/Free-Flow-Studio-Dancers-at-Avatar-Etendus-190622-0017.jpg\" data-src=\"https:\/\/kaarelantonov.com\/wp-content\/uploads\/2023\/07\/Free-Flow-Studio-Dancers-at-Avatar-Etendus-190622-0017.jpg\"><div class=\"gridblock-links-wrap\"><span class=\"column-gridblock-icon\"><span class=\"hover-icon-effect\"><i class=\"ion-ios-search\"><\/i><\/span><\/span><\/div><\/a><\/div><img decoding=\"async\" class=\"preload-image lazyload displayed-image\" src=\"https:\/\/kaarelantonov.com\/wp-content\/themes\/blacksilver\/images\/placeholders\/placeholder-770x770.gif\" data-src=\"https:\/\/kaarelantonov.com\/wp-content\/uploads\/2023\/07\/Free-Flow-Studio-Dancers-at-Avatar-Etendus-190622-0017-770x770.jpg\" alt=\"Free Flow Studio Dancers at Avatar Etendus\"><\/div><\/div><div class=\"gridblock-element  grid-animate-display-all isotope-displayed gridblock-thumbnail-id-7284 gridblock-col-2\"><div class=\"gridblock-ajax gridblock-grid-element gridblock-element-inner\" data-rel=\"6057\"><div class=\"gridblock-background-hover\"><a data-elementor-open-lightbox=\"no\" data-exthumbimage=\"https:\/\/kaarelantonov.com\/wp-content\/uploads\/2023\/07\/Hoodie-Cyphers-Estonian-Street-Dance-Battle-03072021-0006-160x160.jpg\" class=\"lightbox-active lightbox-image gridblock-sole-link\" data-sub-html=\"&lt;div class=&quot;lightbox-text-wrap &quot;&gt;&lt;\/div&gt;\" href=\"https:\/\/kaarelantonov.com\/wp-content\/uploads\/2023\/07\/Hoodie-Cyphers-Estonian-Street-Dance-Battle-03072021-0006.jpg\" data-src=\"https:\/\/kaarelantonov.com\/wp-content\/uploads\/2023\/07\/Hoodie-Cyphers-Estonian-Street-Dance-Battle-03072021-0006.jpg\"><div class=\"gridblock-links-wrap\"><span class=\"column-gridblock-icon\"><span class=\"hover-icon-effect\"><i class=\"ion-ios-search\"><\/i><\/span><\/span><\/div><\/a><\/div><img decoding=\"async\" class=\"preload-image lazyload displayed-image\" src=\"https:\/\/kaarelantonov.com\/wp-content\/themes\/blacksilver\/images\/placeholders\/placeholder-770x770.gif\" data-src=\"https:\/\/kaarelantonov.com\/wp-content\/uploads\/2023\/07\/Hoodie-Cyphers-Estonian-Street-Dance-Battle-03072021-0006-770x770.jpg\" alt=\"Hoodie Cyphers - Estonian Street Dance Battle\"><\/div><\/div><div class=\"gridblock-element  grid-animate-display-all isotope-displayed gridblock-thumbnail-id-7232 gridblock-col-3\"><div class=\"gridblock-ajax gridblock-grid-element gridblock-element-inner\" data-rel=\"6057\"><div class=\"gridblock-background-hover\"><a data-elementor-open-lightbox=\"no\" data-exthumbimage=\"https:\/\/kaarelantonov.com\/wp-content\/uploads\/2023\/07\/Alex-Maiole-and-Oliver-Ackermann-at-Tallinn-Music-Week-Talks-2021-160x160.jpg\" class=\"lightbox-active lightbox-image gridblock-sole-link\" data-sub-html=\"&lt;div class=&quot;lightbox-text-wrap &quot;&gt;&lt;\/div&gt;\" href=\"https:\/\/kaarelantonov.com\/wp-content\/uploads\/2023\/07\/Alex-Maiole-and-Oliver-Ackermann-at-Tallinn-Music-Week-Talks-2021.jpg\" data-src=\"https:\/\/kaarelantonov.com\/wp-content\/uploads\/2023\/07\/Alex-Maiole-and-Oliver-Ackermann-at-Tallinn-Music-Week-Talks-2021.jpg\"><div class=\"gridblock-links-wrap\"><span class=\"column-gridblock-icon\"><span class=\"hover-icon-effect\"><i class=\"ion-ios-search\"><\/i><\/span><\/span><\/div><\/a><\/div><img decoding=\"async\" class=\"preload-image lazyload displayed-image\" src=\"https:\/\/kaarelantonov.com\/wp-content\/themes\/blacksilver\/images\/placeholders\/placeholder-770x770.gif\" data-src=\"https:\/\/kaarelantonov.com\/wp-content\/uploads\/2023\/07\/Alex-Maiole-and-Oliver-Ackermann-at-Tallinn-Music-Week-Talks-2021-770x770.jpg\" alt=\"Alex Maiole and Oliver Ackermann at Tallinn Music Week Talks 2021\"><\/div><\/div><div class=\"gridblock-element  grid-animate-display-all isotope-displayed gridblock-thumbnail-id-7270 gridblock-col-4\"><div class=\"gridblock-ajax gridblock-grid-element gridblock-element-inner\" data-rel=\"6057\"><div class=\"gridblock-background-hover\"><a data-elementor-open-lightbox=\"no\" data-exthumbimage=\"https:\/\/kaarelantonov.com\/wp-content\/uploads\/2023\/07\/Food-Innovation-Summit-We-save-the-planet-one-bite-at-a-time-160x160.jpg\" class=\"lightbox-active lightbox-image gridblock-sole-link\" data-sub-html=\"&lt;div class=&quot;lightbox-text-wrap &quot;&gt;&lt;\/div&gt;\" href=\"https:\/\/kaarelantonov.com\/wp-content\/uploads\/2023\/07\/Food-Innovation-Summit-We-save-the-planet-one-bite-at-a-time.jpg\" data-src=\"https:\/\/kaarelantonov.com\/wp-content\/uploads\/2023\/07\/Food-Innovation-Summit-We-save-the-planet-one-bite-at-a-time.jpg\"><div class=\"gridblock-links-wrap\"><span class=\"column-gridblock-icon\"><span class=\"hover-icon-effect\"><i class=\"ion-ios-search\"><\/i><\/span><\/span><\/div><\/a><\/div><img decoding=\"async\" class=\"preload-image lazyload displayed-image\" src=\"https:\/\/kaarelantonov.com\/wp-content\/themes\/blacksilver\/images\/placeholders\/placeholder-770x770.gif\" data-src=\"https:\/\/kaarelantonov.com\/wp-content\/uploads\/2023\/07\/Food-Innovation-Summit-We-save-the-planet-one-bite-at-a-time-770x770.jpg\" alt=\"Food Innovation Summit - We save the planet one bite at a time\"><\/div><\/div><div class=\"gridblock-element  grid-animate-display-all isotope-displayed gridblock-thumbnail-id-7384 gridblock-col-5\"><div class=\"gridblock-ajax gridblock-grid-element gridblock-element-inner\" data-rel=\"6057\"><div class=\"gridblock-background-hover\"><a data-elementor-open-lightbox=\"no\" data-exthumbimage=\"https:\/\/kaarelantonov.com\/wp-content\/uploads\/2023\/07\/YASMYN-performing-at-TIKS-Records-Session-Telliskivi-Loomelinnak-Fotografiska-Tallinn-Music-Week-2023-3-160x160.jpg\" class=\"lightbox-active lightbox-image gridblock-sole-link\" data-sub-html=\"&lt;div class=&quot;lightbox-text-wrap &quot;&gt;&lt;\/div&gt;\" href=\"https:\/\/kaarelantonov.com\/wp-content\/uploads\/2023\/07\/YASMYN-performing-at-TIKS-Records-Session-Telliskivi-Loomelinnak-Fotografiska-Tallinn-Music-Week-2023-3.jpg\" data-src=\"https:\/\/kaarelantonov.com\/wp-content\/uploads\/2023\/07\/YASMYN-performing-at-TIKS-Records-Session-Telliskivi-Loomelinnak-Fotografiska-Tallinn-Music-Week-2023-3.jpg\"><div class=\"gridblock-links-wrap\"><span class=\"column-gridblock-icon\"><span class=\"hover-icon-effect\"><i class=\"ion-ios-search\"><\/i><\/span><\/span><\/div><\/a><\/div><img decoding=\"async\" class=\"preload-image lazyload displayed-image\" src=\"https:\/\/kaarelantonov.com\/wp-content\/themes\/blacksilver\/images\/placeholders\/placeholder-770x770.gif\" data-src=\"https:\/\/kaarelantonov.com\/wp-content\/uploads\/2023\/07\/YASMYN-performing-at-TIKS-Records-Session-Telliskivi-Loomelinnak-Fotografiska-Tallinn-Music-Week-2023-3-770x770.jpg\" alt=\"YASMYN performance at TIKS Records Session, Fotografiska, Telliskivi Loomelinnak, Tallinn Music Week 2023\"><\/div><\/div><div class=\"gridblock-element  grid-animate-display-all isotope-displayed gridblock-thumbnail-id-7282 gridblock-col-1\"><div class=\"gridblock-ajax gridblock-grid-element gridblock-element-inner\" data-rel=\"6057\"><div class=\"gridblock-background-hover\"><a data-elementor-open-lightbox=\"no\" data-exthumbimage=\"https:\/\/kaarelantonov.com\/wp-content\/uploads\/2023\/07\/Hoodie-Cyphers-Estonian-Street-Dance-Battle-03072021-0004-160x160.jpg\" class=\"lightbox-active lightbox-image gridblock-sole-link\" data-sub-html=\"&lt;div class=&quot;lightbox-text-wrap &quot;&gt;&lt;\/div&gt;\" href=\"https:\/\/kaarelantonov.com\/wp-content\/uploads\/2023\/07\/Hoodie-Cyphers-Estonian-Street-Dance-Battle-03072021-0004.jpg\" data-src=\"https:\/\/kaarelantonov.com\/wp-content\/uploads\/2023\/07\/Hoodie-Cyphers-Estonian-Street-Dance-Battle-03072021-0004.jpg\"><div class=\"gridblock-links-wrap\"><span class=\"column-gridblock-icon\"><span class=\"hover-icon-effect\"><i class=\"ion-ios-search\"><\/i><\/span><\/span><\/div><\/a><\/div><img decoding=\"async\" class=\"preload-image lazyload displayed-image\" src=\"https:\/\/kaarelantonov.com\/wp-content\/themes\/blacksilver\/images\/placeholders\/placeholder-770x770.gif\" data-src=\"https:\/\/kaarelantonov.com\/wp-content\/uploads\/2023\/07\/Hoodie-Cyphers-Estonian-Street-Dance-Battle-03072021-0004-770x770.jpg\" alt=\"Hoodie Cyphers - Estonian Street Dance Battle\"><\/div><\/div><div class=\"gridblock-element  grid-animate-display-all isotope-displayed gridblock-thumbnail-id-7360 gridblock-col-2\"><div class=\"gridblock-ajax gridblock-grid-element gridblock-element-inner\" data-rel=\"6057\"><div class=\"gridblock-background-hover\"><a data-elementor-open-lightbox=\"no\" data-exthumbimage=\"https:\/\/kaarelantonov.com\/wp-content\/uploads\/2023\/07\/Sofia-Resident-show-dancers-1--160x160.jpg\" class=\"lightbox-active lightbox-image gridblock-sole-link\" data-sub-html=\"&lt;div class=&quot;lightbox-text-wrap &quot;&gt;&lt;\/div&gt;\" href=\"https:\/\/kaarelantonov.com\/wp-content\/uploads\/2023\/07\/Sofia-Resident-show-dancers-1-.jpg\" data-src=\"https:\/\/kaarelantonov.com\/wp-content\/uploads\/2023\/07\/Sofia-Resident-show-dancers-1-.jpg\"><div class=\"gridblock-links-wrap\"><span class=\"column-gridblock-icon\"><span class=\"hover-icon-effect\"><i class=\"ion-ios-search\"><\/i><\/span><\/span><\/div><\/a><\/div><img decoding=\"async\" class=\"preload-image lazyload displayed-image\" src=\"https:\/\/kaarelantonov.com\/wp-content\/themes\/blacksilver\/images\/placeholders\/placeholder-770x770.gif\" data-src=\"https:\/\/kaarelantonov.com\/wp-content\/uploads\/2023\/07\/Sofia-Resident-show-dancers-1--770x770.jpg\" alt=\"Sofia Resident show dancers\"><\/div><\/div><div class=\"gridblock-element  grid-animate-display-all isotope-displayed gridblock-thumbnail-id-7288 gridblock-col-3\"><div class=\"gridblock-ajax gridblock-grid-element gridblock-element-inner\" data-rel=\"6057\"><div class=\"gridblock-background-hover\"><a data-elementor-open-lightbox=\"no\" data-exthumbimage=\"https:\/\/kaarelantonov.com\/wp-content\/uploads\/2023\/07\/Ivan-Dorn-performing-at-Raadio-2-Live-Telliskivi-Loomelinnak-Vaba-Lava-Tallinn-Music-Week-2023-3-160x160.jpg\" class=\"lightbox-active lightbox-image gridblock-sole-link\" data-sub-html=\"&lt;div class=&quot;lightbox-text-wrap &quot;&gt;&lt;\/div&gt;\" href=\"https:\/\/kaarelantonov.com\/wp-content\/uploads\/2023\/07\/Ivan-Dorn-performing-at-Raadio-2-Live-Telliskivi-Loomelinnak-Vaba-Lava-Tallinn-Music-Week-2023-3.jpg\" data-src=\"https:\/\/kaarelantonov.com\/wp-content\/uploads\/2023\/07\/Ivan-Dorn-performing-at-Raadio-2-Live-Telliskivi-Loomelinnak-Vaba-Lava-Tallinn-Music-Week-2023-3.jpg\"><div class=\"gridblock-links-wrap\"><span class=\"column-gridblock-icon\"><span class=\"hover-icon-effect\"><i class=\"ion-ios-search\"><\/i><\/span><\/span><\/div><\/a><\/div><img decoding=\"async\" class=\"preload-image lazyload displayed-image\" src=\"https:\/\/kaarelantonov.com\/wp-content\/themes\/blacksilver\/images\/placeholders\/placeholder-770x770.gif\" data-src=\"https:\/\/kaarelantonov.com\/wp-content\/uploads\/2023\/07\/Ivan-Dorn-performing-at-Raadio-2-Live-Telliskivi-Loomelinnak-Vaba-Lava-Tallinn-Music-Week-2023-3-770x770.jpg\" alt=\"Ivan Dorn performing at Raadio 2 Live, Telliskivi Loomelinnak, Vaba Lava, Tallinn Music Week 2023\"><\/div><\/div><div class=\"gridblock-element  grid-animate-display-all isotope-displayed gridblock-thumbnail-id-7346 gridblock-col-4\"><div class=\"gridblock-ajax gridblock-grid-element gridblock-element-inner\" data-rel=\"6057\"><div class=\"gridblock-background-hover\"><a data-elementor-open-lightbox=\"no\" data-exthumbimage=\"https:\/\/kaarelantonov.com\/wp-content\/uploads\/2023\/07\/Rita-Ray-performing-at-Funk-Embassy-Night-Telliskivi-Loomelinnak-Vaba-Lava-Tallinn-Music-Week-2023-1-160x160.jpg\" class=\"lightbox-active lightbox-image gridblock-sole-link\" data-sub-html=\"&lt;div class=&quot;lightbox-text-wrap &quot;&gt;&lt;\/div&gt;\" href=\"https:\/\/kaarelantonov.com\/wp-content\/uploads\/2023\/07\/Rita-Ray-performing-at-Funk-Embassy-Night-Telliskivi-Loomelinnak-Vaba-Lava-Tallinn-Music-Week-2023-1.jpg\" data-src=\"https:\/\/kaarelantonov.com\/wp-content\/uploads\/2023\/07\/Rita-Ray-performing-at-Funk-Embassy-Night-Telliskivi-Loomelinnak-Vaba-Lava-Tallinn-Music-Week-2023-1.jpg\"><div class=\"gridblock-links-wrap\"><span class=\"column-gridblock-icon\"><span class=\"hover-icon-effect\"><i class=\"ion-ios-search\"><\/i><\/span><\/span><\/div><\/a><\/div><img decoding=\"async\" class=\"preload-image lazyload displayed-image\" src=\"https:\/\/kaarelantonov.com\/wp-content\/themes\/blacksilver\/images\/placeholders\/placeholder-770x770.gif\" data-src=\"https:\/\/kaarelantonov.com\/wp-content\/uploads\/2023\/07\/Rita-Ray-performing-at-Funk-Embassy-Night-Telliskivi-Loomelinnak-Vaba-Lava-Tallinn-Music-Week-2023-1-770x770.jpg\" alt=\"Rita Ray performing at Funk Embassy Night, Vaba Lava, Telliskivi Loomelinnak, Tallinn Music Week 2023\"><\/div><\/div><div class=\"gridblock-element  grid-animate-display-all isotope-displayed gridblock-thumbnail-id-7332 gridblock-col-5\"><div class=\"gridblock-ajax gridblock-grid-element gridblock-element-inner\" data-rel=\"6057\"><div class=\"gridblock-background-hover\"><a data-elementor-open-lightbox=\"no\" data-exthumbimage=\"https:\/\/kaarelantonov.com\/wp-content\/uploads\/2023\/07\/Mica-Millar-performing-at-Funk-Embassy-Night-Telliskivi-Loomelinnak-Vaba-Lava-Tallinn-Music-Week-2023-2-4x5-1-160x160.jpg\" class=\"lightbox-active lightbox-image gridblock-sole-link\" data-sub-html=\"&lt;div class=&quot;lightbox-text-wrap &quot;&gt;&lt;\/div&gt;\" href=\"https:\/\/kaarelantonov.com\/wp-content\/uploads\/2023\/07\/Mica-Millar-performing-at-Funk-Embassy-Night-Telliskivi-Loomelinnak-Vaba-Lava-Tallinn-Music-Week-2023-2-4x5-1.jpg\" data-src=\"https:\/\/kaarelantonov.com\/wp-content\/uploads\/2023\/07\/Mica-Millar-performing-at-Funk-Embassy-Night-Telliskivi-Loomelinnak-Vaba-Lava-Tallinn-Music-Week-2023-2-4x5-1.jpg\"><div class=\"gridblock-links-wrap\"><span class=\"column-gridblock-icon\"><span class=\"hover-icon-effect\"><i class=\"ion-ios-search\"><\/i><\/span><\/span><\/div><\/a><\/div><img decoding=\"async\" class=\"preload-image lazyload displayed-image\" src=\"https:\/\/kaarelantonov.com\/wp-content\/themes\/blacksilver\/images\/placeholders\/placeholder-770x770.gif\" data-src=\"https:\/\/kaarelantonov.com\/wp-content\/uploads\/2023\/07\/Mica-Millar-performing-at-Funk-Embassy-Night-Telliskivi-Loomelinnak-Vaba-Lava-Tallinn-Music-Week-2023-2-4x5-1-770x770.jpg\" alt=\"Mica Millar performing at Funk Embassy Night, Vaba Lava, Telliskivi Loomelinnak, Tallinn Music Week 2023 4x5\"><\/div><\/div><div class=\"gridblock-element  grid-animate-display-all isotope-displayed gridblock-thumbnail-id-7308 gridblock-col-1\"><div class=\"gridblock-ajax gridblock-grid-element gridblock-element-inner\" data-rel=\"6057\"><div class=\"gridblock-background-hover\"><a data-elementor-open-lightbox=\"no\" data-exthumbimage=\"https:\/\/kaarelantonov.com\/wp-content\/uploads\/2023\/07\/Komisiia-performing-at-Indie-Shuffle-Night-Telliskivi-Loomelinnak-Fotografiska-Tallinn-Music-Week-2023-0003-160x160.jpg\" class=\"lightbox-active lightbox-image gridblock-sole-link\" data-sub-html=\"&lt;div class=&quot;lightbox-text-wrap &quot;&gt;&lt;\/div&gt;\" href=\"https:\/\/kaarelantonov.com\/wp-content\/uploads\/2023\/07\/Komisiia-performing-at-Indie-Shuffle-Night-Telliskivi-Loomelinnak-Fotografiska-Tallinn-Music-Week-2023-0003.jpg\" data-src=\"https:\/\/kaarelantonov.com\/wp-content\/uploads\/2023\/07\/Komisiia-performing-at-Indie-Shuffle-Night-Telliskivi-Loomelinnak-Fotografiska-Tallinn-Music-Week-2023-0003.jpg\"><div class=\"gridblock-links-wrap\"><span class=\"column-gridblock-icon\"><span class=\"hover-icon-effect\"><i class=\"ion-ios-search\"><\/i><\/span><\/span><\/div><\/a><\/div><img decoding=\"async\" class=\"preload-image lazyload displayed-image\" src=\"https:\/\/kaarelantonov.com\/wp-content\/themes\/blacksilver\/images\/placeholders\/placeholder-770x770.gif\" data-src=\"https:\/\/kaarelantonov.com\/wp-content\/uploads\/2023\/07\/Komisiia-performing-at-Indie-Shuffle-Night-Telliskivi-Loomelinnak-Fotografiska-Tallinn-Music-Week-2023-0003-770x770.jpg\" alt=\"Komisiia performing at Indie Shuffle Night, Telliskivi Loomelinnak, Fotografiska, Tallinn Music Week 2023\"><\/div><\/div><div class=\"gridblock-element  grid-animate-display-all isotope-displayed gridblock-thumbnail-id-7286 gridblock-col-2\"><div class=\"gridblock-ajax gridblock-grid-element gridblock-element-inner\" data-rel=\"6057\"><div class=\"gridblock-background-hover\"><a data-elementor-open-lightbox=\"no\" data-exthumbimage=\"https:\/\/kaarelantonov.com\/wp-content\/uploads\/2023\/07\/Ivan-Dorn-performing-at-Raadio-2-Live-Telliskivi-Loomelinnak-Vaba-Lava-Tallinn-Music-Week-2023-2-160x160.jpg\" class=\"lightbox-active lightbox-image gridblock-sole-link\" data-sub-html=\"&lt;div class=&quot;lightbox-text-wrap &quot;&gt;&lt;\/div&gt;\" href=\"https:\/\/kaarelantonov.com\/wp-content\/uploads\/2023\/07\/Ivan-Dorn-performing-at-Raadio-2-Live-Telliskivi-Loomelinnak-Vaba-Lava-Tallinn-Music-Week-2023-2.jpg\" data-src=\"https:\/\/kaarelantonov.com\/wp-content\/uploads\/2023\/07\/Ivan-Dorn-performing-at-Raadio-2-Live-Telliskivi-Loomelinnak-Vaba-Lava-Tallinn-Music-Week-2023-2.jpg\"><div class=\"gridblock-links-wrap\"><span class=\"column-gridblock-icon\"><span class=\"hover-icon-effect\"><i class=\"ion-ios-search\"><\/i><\/span><\/span><\/div><\/a><\/div><img decoding=\"async\" class=\"preload-image lazyload displayed-image\" src=\"https:\/\/kaarelantonov.com\/wp-content\/themes\/blacksilver\/images\/placeholders\/placeholder-770x770.gif\" data-src=\"https:\/\/kaarelantonov.com\/wp-content\/uploads\/2023\/07\/Ivan-Dorn-performing-at-Raadio-2-Live-Telliskivi-Loomelinnak-Vaba-Lava-Tallinn-Music-Week-2023-2-770x770.jpg\" alt=\"Ivan Dorn performing at Raadio 2 Live, Telliskivi Loomelinnak, Vaba Lava, Tallinn Music Week 2023\"><\/div><\/div><div class=\"gridblock-element  grid-animate-display-all isotope-displayed gridblock-thumbnail-id-7322 gridblock-col-3\"><div class=\"gridblock-ajax gridblock-grid-element gridblock-element-inner\" data-rel=\"6057\"><div class=\"gridblock-background-hover\"><a data-elementor-open-lightbox=\"no\" data-exthumbimage=\"https:\/\/kaarelantonov.com\/wp-content\/uploads\/2023\/07\/Maya-Killtron-performing-at-Funk-Embassy-Night-Telliskivi-Loomelinnak-Vaba-Lava-Tallinn-Music-Week-2023-2-160x160.jpg\" class=\"lightbox-active lightbox-image gridblock-sole-link\" data-sub-html=\"&lt;div class=&quot;lightbox-text-wrap &quot;&gt;&lt;\/div&gt;\" href=\"https:\/\/kaarelantonov.com\/wp-content\/uploads\/2023\/07\/Maya-Killtron-performing-at-Funk-Embassy-Night-Telliskivi-Loomelinnak-Vaba-Lava-Tallinn-Music-Week-2023-2.jpg\" data-src=\"https:\/\/kaarelantonov.com\/wp-content\/uploads\/2023\/07\/Maya-Killtron-performing-at-Funk-Embassy-Night-Telliskivi-Loomelinnak-Vaba-Lava-Tallinn-Music-Week-2023-2.jpg\"><div class=\"gridblock-links-wrap\"><span class=\"column-gridblock-icon\"><span class=\"hover-icon-effect\"><i class=\"ion-ios-search\"><\/i><\/span><\/span><\/div><\/a><\/div><img decoding=\"async\" class=\"preload-image lazyload displayed-image\" src=\"https:\/\/kaarelantonov.com\/wp-content\/themes\/blacksilver\/images\/placeholders\/placeholder-770x770.gif\" data-src=\"https:\/\/kaarelantonov.com\/wp-content\/uploads\/2023\/07\/Maya-Killtron-performing-at-Funk-Embassy-Night-Telliskivi-Loomelinnak-Vaba-Lava-Tallinn-Music-Week-2023-2-770x770.jpg\" alt=\"Maya Killtron performing at Funk Embassy Night, Vaba Lava, Telliskivi Loomelinnak, Tallinn Music Week 2023\"><\/div><\/div><div class=\"gridblock-element  grid-animate-display-all isotope-displayed gridblock-thumbnail-id-7312 gridblock-col-4\"><div class=\"gridblock-ajax gridblock-grid-element gridblock-element-inner\" data-rel=\"6057\"><div class=\"gridblock-background-hover\"><a data-elementor-open-lightbox=\"no\" data-exthumbimage=\"https:\/\/kaarelantonov.com\/wp-content\/uploads\/2023\/07\/Koster-performing-at-Telliskivi-Loomelinnak-Sveta-Baar-Tallinn-Music-Week-2021-2-160x160.jpg\" class=\"lightbox-active lightbox-image gridblock-sole-link\" data-sub-html=\"&lt;div class=&quot;lightbox-text-wrap &quot;&gt;&lt;\/div&gt;\" href=\"https:\/\/kaarelantonov.com\/wp-content\/uploads\/2023\/07\/Koster-performing-at-Telliskivi-Loomelinnak-Sveta-Baar-Tallinn-Music-Week-2021-2.jpg\" data-src=\"https:\/\/kaarelantonov.com\/wp-content\/uploads\/2023\/07\/Koster-performing-at-Telliskivi-Loomelinnak-Sveta-Baar-Tallinn-Music-Week-2021-2.jpg\"><div class=\"gridblock-links-wrap\"><span class=\"column-gridblock-icon\"><span class=\"hover-icon-effect\"><i class=\"ion-ios-search\"><\/i><\/span><\/span><\/div><\/a><\/div><img decoding=\"async\" class=\"preload-image lazyload displayed-image\" src=\"https:\/\/kaarelantonov.com\/wp-content\/themes\/blacksilver\/images\/placeholders\/placeholder-770x770.gif\" data-src=\"https:\/\/kaarelantonov.com\/wp-content\/uploads\/2023\/07\/Koster-performing-at-Telliskivi-Loomelinnak-Sveta-Baar-Tallinn-Music-Week-2021-2-770x770.jpg\" alt=\"K\u00f6ster performing at Sveta Baar, Telliskivi Loomelinnak, Tallinn Music Week 2021\"><\/div><\/div><div class=\"gridblock-element  grid-animate-display-all isotope-displayed gridblock-thumbnail-id-7314 gridblock-col-5\"><div class=\"gridblock-ajax gridblock-grid-element gridblock-element-inner\" data-rel=\"6057\"><div class=\"gridblock-background-hover\"><a data-elementor-open-lightbox=\"no\" data-exthumbimage=\"https:\/\/kaarelantonov.com\/wp-content\/uploads\/2023\/07\/Lexsoul-Dancemachine-performing-at-Telliskivi-Loomelinnak-D3-Nightclub-Tallinn-Music-Week-2021-160x160.jpg\" class=\"lightbox-active lightbox-image gridblock-sole-link\" data-sub-html=\"&lt;div class=&quot;lightbox-text-wrap &quot;&gt;&lt;\/div&gt;\" href=\"https:\/\/kaarelantonov.com\/wp-content\/uploads\/2023\/07\/Lexsoul-Dancemachine-performing-at-Telliskivi-Loomelinnak-D3-Nightclub-Tallinn-Music-Week-2021.jpg\" data-src=\"https:\/\/kaarelantonov.com\/wp-content\/uploads\/2023\/07\/Lexsoul-Dancemachine-performing-at-Telliskivi-Loomelinnak-D3-Nightclub-Tallinn-Music-Week-2021.jpg\"><div class=\"gridblock-links-wrap\"><span class=\"column-gridblock-icon\"><span class=\"hover-icon-effect\"><i class=\"ion-ios-search\"><\/i><\/span><\/span><\/div><\/a><\/div><img decoding=\"async\" class=\"preload-image lazyload displayed-image\" src=\"https:\/\/kaarelantonov.com\/wp-content\/themes\/blacksilver\/images\/placeholders\/placeholder-770x770.gif\" data-src=\"https:\/\/kaarelantonov.com\/wp-content\/uploads\/2023\/07\/Lexsoul-Dancemachine-performing-at-Telliskivi-Loomelinnak-D3-Nightclub-Tallinn-Music-Week-2021-770x770.jpg\" alt=\"Lexsoul Dancemachine performing at D3 Nightclub, Telliskivi Loomelinnak, Tallinn Music Week 2021\"><\/div><\/div><div class=\"gridblock-element  grid-animate-display-all isotope-displayed gridblock-thumbnail-id-7374 gridblock-col-1\"><div class=\"gridblock-ajax gridblock-grid-element gridblock-element-inner\" data-rel=\"6057\"><div class=\"gridblock-background-hover\"><a data-elementor-open-lightbox=\"no\" data-exthumbimage=\"https:\/\/kaarelantonov.com\/wp-content\/uploads\/2023\/07\/YASMYN-performing-at-Telliskivi-Loomelinnak-D3-Nightclub-Tallinn-Music-Week-2021-1-160x160.jpg\" class=\"lightbox-active lightbox-image gridblock-sole-link\" data-sub-html=\"&lt;div class=&quot;lightbox-text-wrap &quot;&gt;&lt;\/div&gt;\" href=\"https:\/\/kaarelantonov.com\/wp-content\/uploads\/2023\/07\/YASMYN-performing-at-Telliskivi-Loomelinnak-D3-Nightclub-Tallinn-Music-Week-2021-1.jpg\" data-src=\"https:\/\/kaarelantonov.com\/wp-content\/uploads\/2023\/07\/YASMYN-performing-at-Telliskivi-Loomelinnak-D3-Nightclub-Tallinn-Music-Week-2021-1.jpg\"><div class=\"gridblock-links-wrap\"><span class=\"column-gridblock-icon\"><span class=\"hover-icon-effect\"><i class=\"ion-ios-search\"><\/i><\/span><\/span><\/div><\/a><\/div><img decoding=\"async\" class=\"preload-image lazyload displayed-image\" src=\"https:\/\/kaarelantonov.com\/wp-content\/themes\/blacksilver\/images\/placeholders\/placeholder-770x770.gif\" data-src=\"https:\/\/kaarelantonov.com\/wp-content\/uploads\/2023\/07\/YASMYN-performing-at-Telliskivi-Loomelinnak-D3-Nightclub-Tallinn-Music-Week-2021-1-770x770.jpg\" alt=\"YASMYN performing at D3 Nightclub, Telliskivi Loomelinnak, Tallinn Music Week 2021\"><\/div><\/div><div class=\"gridblock-element  grid-animate-display-all isotope-displayed gridblock-thumbnail-id-7330 gridblock-col-2\"><div class=\"gridblock-ajax gridblock-grid-element gridblock-element-inner\" data-rel=\"6057\"><div class=\"gridblock-background-hover\"><a data-elementor-open-lightbox=\"no\" data-exthumbimage=\"https:\/\/kaarelantonov.com\/wp-content\/uploads\/2023\/07\/Mica-Millar-performing-at-Funk-Embassy-Night-Telliskivi-Loomelinnak-Vaba-Lava-Tallinn-Music-Week-2023-1-160x160.jpg\" class=\"lightbox-active lightbox-image gridblock-sole-link\" data-sub-html=\"&lt;div class=&quot;lightbox-text-wrap &quot;&gt;&lt;\/div&gt;\" href=\"https:\/\/kaarelantonov.com\/wp-content\/uploads\/2023\/07\/Mica-Millar-performing-at-Funk-Embassy-Night-Telliskivi-Loomelinnak-Vaba-Lava-Tallinn-Music-Week-2023-1.jpg\" data-src=\"https:\/\/kaarelantonov.com\/wp-content\/uploads\/2023\/07\/Mica-Millar-performing-at-Funk-Embassy-Night-Telliskivi-Loomelinnak-Vaba-Lava-Tallinn-Music-Week-2023-1.jpg\"><div class=\"gridblock-links-wrap\"><span class=\"column-gridblock-icon\"><span class=\"hover-icon-effect\"><i class=\"ion-ios-search\"><\/i><\/span><\/span><\/div><\/a><\/div><img decoding=\"async\" class=\"preload-image lazyload displayed-image\" src=\"https:\/\/kaarelantonov.com\/wp-content\/themes\/blacksilver\/images\/placeholders\/placeholder-770x770.gif\" data-src=\"https:\/\/kaarelantonov.com\/wp-content\/uploads\/2023\/07\/Mica-Millar-performing-at-Funk-Embassy-Night-Telliskivi-Loomelinnak-Vaba-Lava-Tallinn-Music-Week-2023-1-770x770.jpg\" alt=\"Mica Millar performing at Funk Embassy Night, Vaba Lava, Telliskivi Loomelinnak, Tallinn Music Week 2023\"><\/div><\/div><div class=\"gridblock-element  grid-animate-display-all isotope-displayed gridblock-thumbnail-id-7378 gridblock-col-3\"><div class=\"gridblock-ajax gridblock-grid-element gridblock-element-inner\" data-rel=\"6057\"><div class=\"gridblock-background-hover\"><a data-elementor-open-lightbox=\"no\" data-exthumbimage=\"https:\/\/kaarelantonov.com\/wp-content\/uploads\/2023\/07\/YASMYN-performing-at-Telliskivi-Loomelinnak-D3-Nightclub-Tallinn-Music-Week-2021-4-160x160.jpg\" class=\"lightbox-active lightbox-image gridblock-sole-link\" data-sub-html=\"&lt;div class=&quot;lightbox-text-wrap &quot;&gt;&lt;\/div&gt;\" href=\"https:\/\/kaarelantonov.com\/wp-content\/uploads\/2023\/07\/YASMYN-performing-at-Telliskivi-Loomelinnak-D3-Nightclub-Tallinn-Music-Week-2021-4.jpg\" data-src=\"https:\/\/kaarelantonov.com\/wp-content\/uploads\/2023\/07\/YASMYN-performing-at-Telliskivi-Loomelinnak-D3-Nightclub-Tallinn-Music-Week-2021-4.jpg\"><div class=\"gridblock-links-wrap\"><span class=\"column-gridblock-icon\"><span class=\"hover-icon-effect\"><i class=\"ion-ios-search\"><\/i><\/span><\/span><\/div><\/a><\/div><img decoding=\"async\" class=\"preload-image lazyload displayed-image\" src=\"https:\/\/kaarelantonov.com\/wp-content\/themes\/blacksilver\/images\/placeholders\/placeholder-770x770.gif\" data-src=\"https:\/\/kaarelantonov.com\/wp-content\/uploads\/2023\/07\/YASMYN-performing-at-Telliskivi-Loomelinnak-D3-Nightclub-Tallinn-Music-Week-2021-4-770x770.jpg\" alt=\"YASMYN performing at D3 Nightclub, Telliskivi Loomelinnak, Tallinn Music Week 2021\"><\/div><\/div><div class=\"gridblock-element  grid-animate-display-all isotope-displayed gridblock-thumbnail-id-7290 gridblock-col-4\"><div class=\"gridblock-ajax gridblock-grid-element gridblock-element-inner\" data-rel=\"6057\"><div class=\"gridblock-background-hover\"><a data-elementor-open-lightbox=\"no\" data-exthumbimage=\"https:\/\/kaarelantonov.com\/wp-content\/uploads\/2023\/07\/Ivan-Dorn-performing-at-Raadio-2-Live-Telliskivi-Loomelinnak-Vaba-Lava-Tallinn-Music-Week-2023-4-160x160.jpg\" class=\"lightbox-active lightbox-image gridblock-sole-link\" data-sub-html=\"&lt;div class=&quot;lightbox-text-wrap &quot;&gt;&lt;\/div&gt;\" href=\"https:\/\/kaarelantonov.com\/wp-content\/uploads\/2023\/07\/Ivan-Dorn-performing-at-Raadio-2-Live-Telliskivi-Loomelinnak-Vaba-Lava-Tallinn-Music-Week-2023-4.jpg\" data-src=\"https:\/\/kaarelantonov.com\/wp-content\/uploads\/2023\/07\/Ivan-Dorn-performing-at-Raadio-2-Live-Telliskivi-Loomelinnak-Vaba-Lava-Tallinn-Music-Week-2023-4.jpg\"><div class=\"gridblock-links-wrap\"><span class=\"column-gridblock-icon\"><span class=\"hover-icon-effect\"><i class=\"ion-ios-search\"><\/i><\/span><\/span><\/div><\/a><\/div><img decoding=\"async\" class=\"preload-image lazyload displayed-image\" src=\"https:\/\/kaarelantonov.com\/wp-content\/themes\/blacksilver\/images\/placeholders\/placeholder-770x770.gif\" data-src=\"https:\/\/kaarelantonov.com\/wp-content\/uploads\/2023\/07\/Ivan-Dorn-performing-at-Raadio-2-Live-Telliskivi-Loomelinnak-Vaba-Lava-Tallinn-Music-Week-2023-4-770x770.jpg\" alt=\"Ivan Dorn performing at Raadio 2 Live, Telliskivi Loomelinnak, Vaba Lava, Tallinn Music Week 2023\"><\/div><\/div><div class=\"gridblock-element  grid-animate-display-all isotope-displayed gridblock-thumbnail-id-7326 gridblock-col-5\"><div class=\"gridblock-ajax gridblock-grid-element gridblock-element-inner\" data-rel=\"6057\"><div class=\"gridblock-background-hover\"><a data-elementor-open-lightbox=\"no\" data-exthumbimage=\"https:\/\/kaarelantonov.com\/wp-content\/uploads\/2023\/07\/Metsluiged-Etendus-at-Pirita-kloostri-varemed-030722-byKaarelAntonov-1-160x160.jpg\" class=\"lightbox-active lightbox-image gridblock-sole-link\" data-sub-html=\"&lt;div class=&quot;lightbox-text-wrap &quot;&gt;&lt;\/div&gt;\" href=\"https:\/\/kaarelantonov.com\/wp-content\/uploads\/2023\/07\/Metsluiged-Etendus-at-Pirita-kloostri-varemed-030722-byKaarelAntonov-1.jpg\" data-src=\"https:\/\/kaarelantonov.com\/wp-content\/uploads\/2023\/07\/Metsluiged-Etendus-at-Pirita-kloostri-varemed-030722-byKaarelAntonov-1.jpg\"><div class=\"gridblock-links-wrap\"><span class=\"column-gridblock-icon\"><span class=\"hover-icon-effect\"><i class=\"ion-ios-search\"><\/i><\/span><\/span><\/div><\/a><\/div><img decoding=\"async\" class=\"preload-image lazyload displayed-image\" src=\"https:\/\/kaarelantonov.com\/wp-content\/themes\/blacksilver\/images\/placeholders\/placeholder-770x770.gif\" data-src=\"https:\/\/kaarelantonov.com\/wp-content\/uploads\/2023\/07\/Metsluiged-Etendus-at-Pirita-kloostri-varemed-030722-byKaarelAntonov-1-770x770.jpg\" alt=\"Metsluiged Etendus at Pirita kloostri varemed\"><\/div><\/div><div class=\"gridblock-element  grid-animate-display-all isotope-displayed gridblock-thumbnail-id-7296 gridblock-col-1\"><div class=\"gridblock-ajax gridblock-grid-element gridblock-element-inner\" data-rel=\"6057\"><div class=\"gridblock-background-hover\"><a data-elementor-open-lightbox=\"no\" data-exthumbimage=\"https:\/\/kaarelantonov.com\/wp-content\/uploads\/2023\/07\/Jon-Hazel-performing-at-Kulutuurikatel-Tallinn-Music-Week-opening-night-2021-4-160x160.jpg\" class=\"lightbox-active lightbox-image gridblock-sole-link\" data-sub-html=\"&lt;div class=&quot;lightbox-text-wrap &quot;&gt;&lt;\/div&gt;\" href=\"https:\/\/kaarelantonov.com\/wp-content\/uploads\/2023\/07\/Jon-Hazel-performing-at-Kulutuurikatel-Tallinn-Music-Week-opening-night-2021-4.jpg\" data-src=\"https:\/\/kaarelantonov.com\/wp-content\/uploads\/2023\/07\/Jon-Hazel-performing-at-Kulutuurikatel-Tallinn-Music-Week-opening-night-2021-4.jpg\"><div class=\"gridblock-links-wrap\"><span class=\"column-gridblock-icon\"><span class=\"hover-icon-effect\"><i class=\"ion-ios-search\"><\/i><\/span><\/span><\/div><\/a><\/div><img decoding=\"async\" class=\"preload-image lazyload displayed-image\" src=\"https:\/\/kaarelantonov.com\/wp-content\/themes\/blacksilver\/images\/placeholders\/placeholder-770x770.gif\" data-src=\"https:\/\/kaarelantonov.com\/wp-content\/uploads\/2023\/07\/Jon-Hazel-performing-at-Kulutuurikatel-Tallinn-Music-Week-opening-night-2021-4-770x770.jpg\" alt=\"Jon Hazel performing at Kulutuurikatel, Tallinn Music Week Opening Night 2021\"><\/div><\/div><div class=\"gridblock-element  grid-animate-display-all isotope-displayed gridblock-thumbnail-id-7300 gridblock-col-2\"><div class=\"gridblock-ajax gridblock-grid-element gridblock-element-inner\" data-rel=\"6057\"><div class=\"gridblock-background-hover\"><a data-elementor-open-lightbox=\"no\" data-exthumbimage=\"https:\/\/kaarelantonov.com\/wp-content\/uploads\/2023\/07\/Jonasfk-performing-at-Telliskivi-Loomelinnak-D3-Nightclub-Tallinn-Music-Week-2021-160x160.jpg\" class=\"lightbox-active lightbox-image gridblock-sole-link\" data-sub-html=\"&lt;div class=&quot;lightbox-text-wrap &quot;&gt;&lt;\/div&gt;\" href=\"https:\/\/kaarelantonov.com\/wp-content\/uploads\/2023\/07\/Jonasfk-performing-at-Telliskivi-Loomelinnak-D3-Nightclub-Tallinn-Music-Week-2021.jpg\" data-src=\"https:\/\/kaarelantonov.com\/wp-content\/uploads\/2023\/07\/Jonasfk-performing-at-Telliskivi-Loomelinnak-D3-Nightclub-Tallinn-Music-Week-2021.jpg\"><div class=\"gridblock-links-wrap\"><span class=\"column-gridblock-icon\"><span class=\"hover-icon-effect\"><i class=\"ion-ios-search\"><\/i><\/span><\/span><\/div><\/a><\/div><img decoding=\"async\" class=\"preload-image lazyload displayed-image\" src=\"https:\/\/kaarelantonov.com\/wp-content\/themes\/blacksilver\/images\/placeholders\/placeholder-770x770.gif\" data-src=\"https:\/\/kaarelantonov.com\/wp-content\/uploads\/2023\/07\/Jonasfk-performing-at-Telliskivi-Loomelinnak-D3-Nightclub-Tallinn-Music-Week-2021-770x770.jpg\" alt=\"Jonas.f.k performing at Telliskivi Loomelinnak D3 Nightclub Tallinn Music Week 2021\"><\/div><\/div><div class=\"gridblock-element  grid-animate-display-all isotope-displayed gridblock-thumbnail-id-7342 gridblock-col-3\"><div class=\"gridblock-ajax gridblock-grid-element gridblock-element-inner\" data-rel=\"6057\"><div class=\"gridblock-background-hover\"><a data-elementor-open-lightbox=\"no\" data-exthumbimage=\"https:\/\/kaarelantonov.com\/wp-content\/uploads\/2023\/07\/Ouu-performing-at-Indie-Shuffle-Night-Telliskivi-Loomelinnak-Fotografiska-Tallinn-Music-Week-2023-3-160x160.jpg\" class=\"lightbox-active lightbox-image gridblock-sole-link\" data-sub-html=\"&lt;div class=&quot;lightbox-text-wrap &quot;&gt;&lt;\/div&gt;\" href=\"https:\/\/kaarelantonov.com\/wp-content\/uploads\/2023\/07\/Ouu-performing-at-Indie-Shuffle-Night-Telliskivi-Loomelinnak-Fotografiska-Tallinn-Music-Week-2023-3.jpg\" data-src=\"https:\/\/kaarelantonov.com\/wp-content\/uploads\/2023\/07\/Ouu-performing-at-Indie-Shuffle-Night-Telliskivi-Loomelinnak-Fotografiska-Tallinn-Music-Week-2023-3.jpg\"><div class=\"gridblock-links-wrap\"><span class=\"column-gridblock-icon\"><span class=\"hover-icon-effect\"><i class=\"ion-ios-search\"><\/i><\/span><\/span><\/div><\/a><\/div><img decoding=\"async\" class=\"preload-image lazyload displayed-image\" src=\"https:\/\/kaarelantonov.com\/wp-content\/themes\/blacksilver\/images\/placeholders\/placeholder-770x770.gif\" data-src=\"https:\/\/kaarelantonov.com\/wp-content\/uploads\/2023\/07\/Ouu-performing-at-Indie-Shuffle-Night-Telliskivi-Loomelinnak-Fotografiska-Tallinn-Music-Week-2023-3-770x770.jpg\" alt=\"Ouu performing at Indie Shuffle Night, Fotografiska, Telliskivi Loomelinnak, Tallinn Music Week 2023\"><\/div><\/div><div class=\"gridblock-element  grid-animate-display-all isotope-displayed gridblock-thumbnail-id-7320 gridblock-col-4\"><div class=\"gridblock-ajax gridblock-grid-element gridblock-element-inner\" data-rel=\"6057\"><div class=\"gridblock-background-hover\"><a data-elementor-open-lightbox=\"no\" data-exthumbimage=\"https:\/\/kaarelantonov.com\/wp-content\/uploads\/2023\/07\/Maris-Pihlap-performing-at-TIKS-Records-Session-Telliskivi-Loomelinnak-Fotografiska-Tallinn-Music-Week-2023-3-160x160.jpg\" class=\"lightbox-active lightbox-image gridblock-sole-link\" data-sub-html=\"&lt;div class=&quot;lightbox-text-wrap &quot;&gt;&lt;\/div&gt;\" href=\"https:\/\/kaarelantonov.com\/wp-content\/uploads\/2023\/07\/Maris-Pihlap-performing-at-TIKS-Records-Session-Telliskivi-Loomelinnak-Fotografiska-Tallinn-Music-Week-2023-3.jpg\" data-src=\"https:\/\/kaarelantonov.com\/wp-content\/uploads\/2023\/07\/Maris-Pihlap-performing-at-TIKS-Records-Session-Telliskivi-Loomelinnak-Fotografiska-Tallinn-Music-Week-2023-3.jpg\"><div class=\"gridblock-links-wrap\"><span class=\"column-gridblock-icon\"><span class=\"hover-icon-effect\"><i class=\"ion-ios-search\"><\/i><\/span><\/span><\/div><\/a><\/div><img decoding=\"async\" class=\"preload-image lazyload displayed-image\" src=\"https:\/\/kaarelantonov.com\/wp-content\/themes\/blacksilver\/images\/placeholders\/placeholder-770x770.gif\" data-src=\"https:\/\/kaarelantonov.com\/wp-content\/uploads\/2023\/07\/Maris-Pihlap-performing-at-TIKS-Records-Session-Telliskivi-Loomelinnak-Fotografiska-Tallinn-Music-Week-2023-3-770x770.jpg\" alt=\"Maris Pihlap performing at TIKS Records Session, Fotografiska, Telliskivi Loomelinnak, Tallinn Music Week 2023\"><\/div><\/div><div class=\"gridblock-element  grid-animate-display-all isotope-displayed gridblock-thumbnail-id-7324 gridblock-col-5\"><div class=\"gridblock-ajax gridblock-grid-element gridblock-element-inner\" data-rel=\"6057\"><div class=\"gridblock-background-hover\"><a data-elementor-open-lightbox=\"no\" data-exthumbimage=\"https:\/\/kaarelantonov.com\/wp-content\/uploads\/2023\/07\/Maya-Killtron-performing-at-Funk-Embassy-Night-Telliskivi-Loomelinnak-Vaba-Lava-Tallinn-Music-Week-2023-3-160x160.jpg\" class=\"lightbox-active lightbox-image gridblock-sole-link\" data-sub-html=\"&lt;div class=&quot;lightbox-text-wrap &quot;&gt;&lt;\/div&gt;\" href=\"https:\/\/kaarelantonov.com\/wp-content\/uploads\/2023\/07\/Maya-Killtron-performing-at-Funk-Embassy-Night-Telliskivi-Loomelinnak-Vaba-Lava-Tallinn-Music-Week-2023-3.jpg\" data-src=\"https:\/\/kaarelantonov.com\/wp-content\/uploads\/2023\/07\/Maya-Killtron-performing-at-Funk-Embassy-Night-Telliskivi-Loomelinnak-Vaba-Lava-Tallinn-Music-Week-2023-3.jpg\"><div class=\"gridblock-links-wrap\"><span class=\"column-gridblock-icon\"><span class=\"hover-icon-effect\"><i class=\"ion-ios-search\"><\/i><\/span><\/span><\/div><\/a><\/div><img decoding=\"async\" class=\"preload-image lazyload displayed-image\" src=\"https:\/\/kaarelantonov.com\/wp-content\/themes\/blacksilver\/images\/placeholders\/placeholder-770x770.gif\" data-src=\"https:\/\/kaarelantonov.com\/wp-content\/uploads\/2023\/07\/Maya-Killtron-performing-at-Funk-Embassy-Night-Telliskivi-Loomelinnak-Vaba-Lava-Tallinn-Music-Week-2023-3-770x770.jpg\" alt=\"Maya Killtron performing at Funk Embassy Night, Vaba Lava, Telliskivi Loomelinnak, Tallinn Music Week 2023\"><\/div><\/div><div class=\"gridblock-element  grid-animate-display-all isotope-displayed gridblock-thumbnail-id-7292 gridblock-col-1\"><div class=\"gridblock-ajax gridblock-grid-element gridblock-element-inner\" data-rel=\"6057\"><div class=\"gridblock-background-hover\"><a data-elementor-open-lightbox=\"no\" data-exthumbimage=\"https:\/\/kaarelantonov.com\/wp-content\/uploads\/2023\/07\/Ivan-Dorn-performing-at-Telliskivi-Loomelinnak-Tallinn-Music-Week-2022-2-160x160.jpg\" class=\"lightbox-active lightbox-image gridblock-sole-link\" data-sub-html=\"&lt;div class=&quot;lightbox-text-wrap &quot;&gt;&lt;\/div&gt;\" href=\"https:\/\/kaarelantonov.com\/wp-content\/uploads\/2023\/07\/Ivan-Dorn-performing-at-Telliskivi-Loomelinnak-Tallinn-Music-Week-2022-2.jpg\" data-src=\"https:\/\/kaarelantonov.com\/wp-content\/uploads\/2023\/07\/Ivan-Dorn-performing-at-Telliskivi-Loomelinnak-Tallinn-Music-Week-2022-2.jpg\"><div class=\"gridblock-links-wrap\"><span class=\"column-gridblock-icon\"><span class=\"hover-icon-effect\"><i class=\"ion-ios-search\"><\/i><\/span><\/span><\/div><\/a><\/div><img decoding=\"async\" class=\"preload-image lazyload displayed-image\" src=\"https:\/\/kaarelantonov.com\/wp-content\/themes\/blacksilver\/images\/placeholders\/placeholder-770x770.gif\" data-src=\"https:\/\/kaarelantonov.com\/wp-content\/uploads\/2023\/07\/Ivan-Dorn-performing-at-Telliskivi-Loomelinnak-Tallinn-Music-Week-2022-2-770x770.jpg\" alt=\"Ivan Dorn performing at Telliskivi Loomelinnak, Tallinn Music Week 2022\"><\/div><\/div><div class=\"gridblock-element  grid-animate-display-all isotope-displayed gridblock-thumbnail-id-7380 gridblock-col-2\"><div class=\"gridblock-ajax gridblock-grid-element gridblock-element-inner\" data-rel=\"6057\"><div class=\"gridblock-background-hover\"><a data-elementor-open-lightbox=\"no\" data-exthumbimage=\"https:\/\/kaarelantonov.com\/wp-content\/uploads\/2023\/07\/YASMYN-performing-at-Telliskivi-Loomelinnak-D3-Nightclub-Tallinn-Music-Week-2021-5-160x160.jpg\" class=\"lightbox-active lightbox-image gridblock-sole-link\" data-sub-html=\"&lt;div class=&quot;lightbox-text-wrap &quot;&gt;&lt;\/div&gt;\" href=\"https:\/\/kaarelantonov.com\/wp-content\/uploads\/2023\/07\/YASMYN-performing-at-Telliskivi-Loomelinnak-D3-Nightclub-Tallinn-Music-Week-2021-5.jpg\" data-src=\"https:\/\/kaarelantonov.com\/wp-content\/uploads\/2023\/07\/YASMYN-performing-at-Telliskivi-Loomelinnak-D3-Nightclub-Tallinn-Music-Week-2021-5.jpg\"><div class=\"gridblock-links-wrap\"><span class=\"column-gridblock-icon\"><span class=\"hover-icon-effect\"><i class=\"ion-ios-search\"><\/i><\/span><\/span><\/div><\/a><\/div><img decoding=\"async\" class=\"preload-image lazyload displayed-image\" src=\"https:\/\/kaarelantonov.com\/wp-content\/themes\/blacksilver\/images\/placeholders\/placeholder-770x770.gif\" data-src=\"https:\/\/kaarelantonov.com\/wp-content\/uploads\/2023\/07\/YASMYN-performing-at-Telliskivi-Loomelinnak-D3-Nightclub-Tallinn-Music-Week-2021-5-770x770.jpg\" alt=\"YASMYN performing at Telliskivi Loomelinnak D3 Nightclub Tallinn Music Week 2021 5\"><\/div><\/div><div class=\"gridblock-element  grid-animate-display-all isotope-displayed gridblock-thumbnail-id-7294 gridblock-col-3\"><div class=\"gridblock-ajax gridblock-grid-element gridblock-element-inner\" data-rel=\"6057\"><div class=\"gridblock-background-hover\"><a data-elementor-open-lightbox=\"no\" data-exthumbimage=\"https:\/\/kaarelantonov.com\/wp-content\/uploads\/2023\/07\/Ivan-Dorn-performing-at-Telliskivi-Loomelinnak-Tallinn-Music-Week-2022-4-160x160.jpg\" class=\"lightbox-active lightbox-image gridblock-sole-link\" data-sub-html=\"&lt;div class=&quot;lightbox-text-wrap &quot;&gt;&lt;\/div&gt;\" href=\"https:\/\/kaarelantonov.com\/wp-content\/uploads\/2023\/07\/Ivan-Dorn-performing-at-Telliskivi-Loomelinnak-Tallinn-Music-Week-2022-4.jpg\" data-src=\"https:\/\/kaarelantonov.com\/wp-content\/uploads\/2023\/07\/Ivan-Dorn-performing-at-Telliskivi-Loomelinnak-Tallinn-Music-Week-2022-4.jpg\"><div class=\"gridblock-links-wrap\"><span class=\"column-gridblock-icon\"><span class=\"hover-icon-effect\"><i class=\"ion-ios-search\"><\/i><\/span><\/span><\/div><\/a><\/div><img decoding=\"async\" class=\"preload-image lazyload displayed-image\" src=\"https:\/\/kaarelantonov.com\/wp-content\/themes\/blacksilver\/images\/placeholders\/placeholder-770x770.gif\" data-src=\"https:\/\/kaarelantonov.com\/wp-content\/uploads\/2023\/07\/Ivan-Dorn-performing-at-Telliskivi-Loomelinnak-Tallinn-Music-Week-2022-4-770x770.jpg\" alt=\"Ivan Dorn performing at Telliskivi Loomelinnak, Tallinn Music Week 2022\"><\/div><\/div><div class=\"gridblock-element  grid-animate-display-all isotope-displayed gridblock-thumbnail-id-7372 gridblock-col-4\"><div class=\"gridblock-ajax gridblock-grid-element gridblock-element-inner\" data-rel=\"6057\"><div class=\"gridblock-background-hover\"><a data-elementor-open-lightbox=\"no\" data-exthumbimage=\"https:\/\/kaarelantonov.com\/wp-content\/uploads\/2023\/07\/Trio-95-performing-at-Kulutuurikatel-Tallinn-Music-Week-2021-160x160.jpg\" class=\"lightbox-active lightbox-image gridblock-sole-link\" data-sub-html=\"&lt;div class=&quot;lightbox-text-wrap &quot;&gt;&lt;\/div&gt;\" href=\"https:\/\/kaarelantonov.com\/wp-content\/uploads\/2023\/07\/Trio-95-performing-at-Kulutuurikatel-Tallinn-Music-Week-2021.jpg\" data-src=\"https:\/\/kaarelantonov.com\/wp-content\/uploads\/2023\/07\/Trio-95-performing-at-Kulutuurikatel-Tallinn-Music-Week-2021.jpg\"><div class=\"gridblock-links-wrap\"><span class=\"column-gridblock-icon\"><span class=\"hover-icon-effect\"><i class=\"ion-ios-search\"><\/i><\/span><\/span><\/div><\/a><\/div><img decoding=\"async\" class=\"preload-image lazyload displayed-image\" src=\"https:\/\/kaarelantonov.com\/wp-content\/themes\/blacksilver\/images\/placeholders\/placeholder-770x770.gif\" data-src=\"https:\/\/kaarelantonov.com\/wp-content\/uploads\/2023\/07\/Trio-95-performing-at-Kulutuurikatel-Tallinn-Music-Week-2021-770x770.jpg\" alt=\"Trio 95 performing at Kulutuurikatel during Tallinn Music Week 2021\"><\/div><\/div><div class=\"gridblock-element  grid-animate-display-all isotope-displayed gridblock-thumbnail-id-7340 gridblock-col-5\"><div class=\"gridblock-ajax gridblock-grid-element gridblock-element-inner\" data-rel=\"6057\"><div class=\"gridblock-background-hover\"><a data-elementor-open-lightbox=\"no\" data-exthumbimage=\"https:\/\/kaarelantonov.com\/wp-content\/uploads\/2023\/07\/Ouu-performing-at-Indie-Shuffle-Night-Telliskivi-Loomelinnak-Fotografiska-Tallinn-Music-Week-2023-2-160x160.jpg\" class=\"lightbox-active lightbox-image gridblock-sole-link\" data-sub-html=\"&lt;div class=&quot;lightbox-text-wrap &quot;&gt;&lt;\/div&gt;\" href=\"https:\/\/kaarelantonov.com\/wp-content\/uploads\/2023\/07\/Ouu-performing-at-Indie-Shuffle-Night-Telliskivi-Loomelinnak-Fotografiska-Tallinn-Music-Week-2023-2.jpg\" data-src=\"https:\/\/kaarelantonov.com\/wp-content\/uploads\/2023\/07\/Ouu-performing-at-Indie-Shuffle-Night-Telliskivi-Loomelinnak-Fotografiska-Tallinn-Music-Week-2023-2.jpg\"><div class=\"gridblock-links-wrap\"><span class=\"column-gridblock-icon\"><span class=\"hover-icon-effect\"><i class=\"ion-ios-search\"><\/i><\/span><\/span><\/div><\/a><\/div><img decoding=\"async\" class=\"preload-image lazyload displayed-image\" src=\"https:\/\/kaarelantonov.com\/wp-content\/themes\/blacksilver\/images\/placeholders\/placeholder-770x770.gif\" data-src=\"https:\/\/kaarelantonov.com\/wp-content\/uploads\/2023\/07\/Ouu-performing-at-Indie-Shuffle-Night-Telliskivi-Loomelinnak-Fotografiska-Tallinn-Music-Week-2023-2-770x770.jpg\" alt=\"Ouu performing at Indie Shuffle Night, Fotografiska, Telliskivi Loomelinnak, Tallinn Music Week 2023\"><\/div><\/div><div class=\"gridblock-element  grid-animate-display-all isotope-displayed gridblock-thumbnail-id-7370 gridblock-col-1\"><div class=\"gridblock-ajax gridblock-grid-element gridblock-element-inner\" data-rel=\"6057\"><div class=\"gridblock-background-hover\"><a data-elementor-open-lightbox=\"no\" data-exthumbimage=\"https:\/\/kaarelantonov.com\/wp-content\/uploads\/2023\/07\/TIKS-Tallinn-Music-Week-2021-opening-night-Kulutuurikatel-160x160.jpg\" class=\"lightbox-active lightbox-image gridblock-sole-link\" data-sub-html=\"&lt;div class=&quot;lightbox-text-wrap &quot;&gt;&lt;\/div&gt;\" href=\"https:\/\/kaarelantonov.com\/wp-content\/uploads\/2023\/07\/TIKS-Tallinn-Music-Week-2021-opening-night-Kulutuurikatel.jpg\" data-src=\"https:\/\/kaarelantonov.com\/wp-content\/uploads\/2023\/07\/TIKS-Tallinn-Music-Week-2021-opening-night-Kulutuurikatel.jpg\"><div class=\"gridblock-links-wrap\"><span class=\"column-gridblock-icon\"><span class=\"hover-icon-effect\"><i class=\"ion-ios-search\"><\/i><\/span><\/span><\/div><\/a><\/div><img decoding=\"async\" class=\"preload-image lazyload displayed-image\" src=\"https:\/\/kaarelantonov.com\/wp-content\/themes\/blacksilver\/images\/placeholders\/placeholder-770x770.gif\" data-src=\"https:\/\/kaarelantonov.com\/wp-content\/uploads\/2023\/07\/TIKS-Tallinn-Music-Week-2021-opening-night-Kulutuurikatel-770x770.jpg\" alt=\"TIKS Show at Tallinn Music Week 2021 opening night in Kulutuurikatel\"><\/div><\/div><div class=\"gridblock-element  grid-animate-display-all isotope-displayed gridblock-thumbnail-id-7376 gridblock-col-2\"><div class=\"gridblock-ajax gridblock-grid-element gridblock-element-inner\" data-rel=\"6057\"><div class=\"gridblock-background-hover\"><a data-elementor-open-lightbox=\"no\" data-exthumbimage=\"https:\/\/kaarelantonov.com\/wp-content\/uploads\/2023\/07\/YASMYN-performing-at-Telliskivi-Loomelinnak-D3-Nightclub-Tallinn-Music-Week-2021-2-160x160.jpg\" class=\"lightbox-active lightbox-image gridblock-sole-link\" data-sub-html=\"&lt;div class=&quot;lightbox-text-wrap &quot;&gt;&lt;\/div&gt;\" href=\"https:\/\/kaarelantonov.com\/wp-content\/uploads\/2023\/07\/YASMYN-performing-at-Telliskivi-Loomelinnak-D3-Nightclub-Tallinn-Music-Week-2021-2.jpg\" data-src=\"https:\/\/kaarelantonov.com\/wp-content\/uploads\/2023\/07\/YASMYN-performing-at-Telliskivi-Loomelinnak-D3-Nightclub-Tallinn-Music-Week-2021-2.jpg\"><div class=\"gridblock-links-wrap\"><span class=\"column-gridblock-icon\"><span class=\"hover-icon-effect\"><i class=\"ion-ios-search\"><\/i><\/span><\/span><\/div><\/a><\/div><img decoding=\"async\" class=\"preload-image lazyload displayed-image\" src=\"https:\/\/kaarelantonov.com\/wp-content\/themes\/blacksilver\/images\/placeholders\/placeholder-770x770.gif\" data-src=\"https:\/\/kaarelantonov.com\/wp-content\/uploads\/2023\/07\/YASMYN-performing-at-Telliskivi-Loomelinnak-D3-Nightclub-Tallinn-Music-Week-2021-2-770x770.jpg\" alt=\"YASMYN performing at D3 Nightclub, Telliskivi Loomelinnak, Tallinn Music Week 2021\"><\/div><\/div><div class=\"gridblock-element  grid-animate-display-all isotope-displayed gridblock-thumbnail-id-7344 gridblock-col-3\"><div class=\"gridblock-ajax gridblock-grid-element gridblock-element-inner\" data-rel=\"6057\"><div class=\"gridblock-background-hover\"><a data-elementor-open-lightbox=\"no\" data-exthumbimage=\"https:\/\/kaarelantonov.com\/wp-content\/uploads\/2023\/07\/Punch-Club-at-Estonian-Break-Dance-Jam-Soul-Park-160x160.jpg\" class=\"lightbox-active lightbox-image gridblock-sole-link\" data-sub-html=\"&lt;div class=&quot;lightbox-text-wrap &quot;&gt;&lt;\/div&gt;\" href=\"https:\/\/kaarelantonov.com\/wp-content\/uploads\/2023\/07\/Punch-Club-at-Estonian-Break-Dance-Jam-Soul-Park.jpg\" data-src=\"https:\/\/kaarelantonov.com\/wp-content\/uploads\/2023\/07\/Punch-Club-at-Estonian-Break-Dance-Jam-Soul-Park.jpg\"><div class=\"gridblock-links-wrap\"><span class=\"column-gridblock-icon\"><span class=\"hover-icon-effect\"><i class=\"ion-ios-search\"><\/i><\/span><\/span><\/div><\/a><\/div><img decoding=\"async\" class=\"preload-image lazyload displayed-image\" src=\"https:\/\/kaarelantonov.com\/wp-content\/themes\/blacksilver\/images\/placeholders\/placeholder-770x770.gif\" data-src=\"https:\/\/kaarelantonov.com\/wp-content\/uploads\/2023\/07\/Punch-Club-at-Estonian-Break-Dance-Jam-Soul-Park-770x770.jpg\" alt=\"Punch Club at Estonian Break Dance Jam - Soul Park\"><\/div><\/div><div class=\"gridblock-element  grid-animate-display-all isotope-displayed gridblock-thumbnail-id-7318 gridblock-col-4\"><div class=\"gridblock-ajax gridblock-grid-element gridblock-element-inner\" data-rel=\"6057\"><div class=\"gridblock-background-hover\"><a data-elementor-open-lightbox=\"no\" data-exthumbimage=\"https:\/\/kaarelantonov.com\/wp-content\/uploads\/2023\/07\/Maris-Pihlap-performing-at-TIKS-Records-Session-Telliskivi-Loomelinnak-Fotografiska-Tallinn-Music-Week-2023-1-160x160.jpg\" class=\"lightbox-active lightbox-image gridblock-sole-link\" data-sub-html=\"&lt;div class=&quot;lightbox-text-wrap &quot;&gt;&lt;\/div&gt;\" href=\"https:\/\/kaarelantonov.com\/wp-content\/uploads\/2023\/07\/Maris-Pihlap-performing-at-TIKS-Records-Session-Telliskivi-Loomelinnak-Fotografiska-Tallinn-Music-Week-2023-1.jpg\" data-src=\"https:\/\/kaarelantonov.com\/wp-content\/uploads\/2023\/07\/Maris-Pihlap-performing-at-TIKS-Records-Session-Telliskivi-Loomelinnak-Fotografiska-Tallinn-Music-Week-2023-1.jpg\"><div class=\"gridblock-links-wrap\"><span class=\"column-gridblock-icon\"><span class=\"hover-icon-effect\"><i class=\"ion-ios-search\"><\/i><\/span><\/span><\/div><\/a><\/div><img decoding=\"async\" class=\"preload-image lazyload displayed-image\" src=\"https:\/\/kaarelantonov.com\/wp-content\/themes\/blacksilver\/images\/placeholders\/placeholder-770x770.gif\" data-src=\"https:\/\/kaarelantonov.com\/wp-content\/uploads\/2023\/07\/Maris-Pihlap-performing-at-TIKS-Records-Session-Telliskivi-Loomelinnak-Fotografiska-Tallinn-Music-Week-2023-1-770x770.jpg\" alt=\"Maris Pihlap performing at TIKS Records Session, Fotografiska, Telliskivi Loomelinnak, Tallinn Music Week 2023\"><\/div><\/div><div class=\"gridblock-element  grid-animate-display-all isotope-displayed gridblock-thumbnail-id-7328 gridblock-col-5\"><div class=\"gridblock-ajax gridblock-grid-element gridblock-element-inner\" data-rel=\"6057\"><div class=\"gridblock-background-hover\"><a data-elementor-open-lightbox=\"no\" data-exthumbimage=\"https:\/\/kaarelantonov.com\/wp-content\/uploads\/2023\/07\/Metsluiged-Etendus-at-Pirita-kloostri-varemed-030722-byKaarelAntonov-3-160x160.jpg\" class=\"lightbox-active lightbox-image gridblock-sole-link\" data-sub-html=\"&lt;div class=&quot;lightbox-text-wrap &quot;&gt;&lt;\/div&gt;\" href=\"https:\/\/kaarelantonov.com\/wp-content\/uploads\/2023\/07\/Metsluiged-Etendus-at-Pirita-kloostri-varemed-030722-byKaarelAntonov-3.jpg\" data-src=\"https:\/\/kaarelantonov.com\/wp-content\/uploads\/2023\/07\/Metsluiged-Etendus-at-Pirita-kloostri-varemed-030722-byKaarelAntonov-3.jpg\"><div class=\"gridblock-links-wrap\"><span class=\"column-gridblock-icon\"><span class=\"hover-icon-effect\"><i class=\"ion-ios-search\"><\/i><\/span><\/span><\/div><\/a><\/div><img decoding=\"async\" class=\"preload-image lazyload displayed-image\" src=\"https:\/\/kaarelantonov.com\/wp-content\/themes\/blacksilver\/images\/placeholders\/placeholder-770x770.gif\" data-src=\"https:\/\/kaarelantonov.com\/wp-content\/uploads\/2023\/07\/Metsluiged-Etendus-at-Pirita-kloostri-varemed-030722-byKaarelAntonov-3-770x770.jpg\" alt=\"Metsluiged Etendus at Pirita kloostri varemed\"><\/div><\/div><div class=\"gridblock-element  grid-animate-display-all isotope-displayed gridblock-thumbnail-id-7386 gridblock-col-1\"><div class=\"gridblock-ajax gridblock-grid-element gridblock-element-inner\" data-rel=\"6057\"><div class=\"gridblock-background-hover\"><a data-elementor-open-lightbox=\"no\" data-exthumbimage=\"https:\/\/kaarelantonov.com\/wp-content\/uploads\/2023\/07\/Sofia-Resident-show-dancers-2-160x160.jpg\" class=\"lightbox-active lightbox-image gridblock-sole-link\" data-sub-html=\"&lt;div class=&quot;lightbox-text-wrap &quot;&gt;&lt;\/div&gt;\" href=\"https:\/\/kaarelantonov.com\/wp-content\/uploads\/2023\/07\/Sofia-Resident-show-dancers-2.jpg\" data-src=\"https:\/\/kaarelantonov.com\/wp-content\/uploads\/2023\/07\/Sofia-Resident-show-dancers-2.jpg\"><div class=\"gridblock-links-wrap\"><span class=\"column-gridblock-icon\"><span class=\"hover-icon-effect\"><i class=\"ion-ios-search\"><\/i><\/span><\/span><\/div><\/a><\/div><img decoding=\"async\" class=\"preload-image lazyload displayed-image\" src=\"https:\/\/kaarelantonov.com\/wp-content\/themes\/blacksilver\/images\/placeholders\/placeholder-770x770.gif\" data-src=\"https:\/\/kaarelantonov.com\/wp-content\/uploads\/2023\/07\/Sofia-Resident-show-dancers-2-770x770.jpg\" alt=\"Sofia Resident show dancers\"><\/div><\/div><div class=\"gridblock-element  grid-animate-display-all isotope-displayed gridblock-thumbnail-id-7366 gridblock-col-2\"><div class=\"gridblock-ajax gridblock-grid-element gridblock-element-inner\" data-rel=\"6057\"><div class=\"gridblock-background-hover\"><a data-elementor-open-lightbox=\"no\" data-exthumbimage=\"https:\/\/kaarelantonov.com\/wp-content\/uploads\/2023\/07\/Sweet-Tempest-performing-at-Raadio-2-Live-Telliskivi-Loomelinnak-Vaba-Lava-Tallinn-Music-Week-2023-160x160.jpg\" class=\"lightbox-active lightbox-image gridblock-sole-link\" data-sub-html=\"&lt;div class=&quot;lightbox-text-wrap &quot;&gt;&lt;\/div&gt;\" href=\"https:\/\/kaarelantonov.com\/wp-content\/uploads\/2023\/07\/Sweet-Tempest-performing-at-Raadio-2-Live-Telliskivi-Loomelinnak-Vaba-Lava-Tallinn-Music-Week-2023.jpg\" data-src=\"https:\/\/kaarelantonov.com\/wp-content\/uploads\/2023\/07\/Sweet-Tempest-performing-at-Raadio-2-Live-Telliskivi-Loomelinnak-Vaba-Lava-Tallinn-Music-Week-2023.jpg\"><div class=\"gridblock-links-wrap\"><span class=\"column-gridblock-icon\"><span class=\"hover-icon-effect\"><i class=\"ion-ios-search\"><\/i><\/span><\/span><\/div><\/a><\/div><img decoding=\"async\" class=\"preload-image lazyload displayed-image\" src=\"https:\/\/kaarelantonov.com\/wp-content\/themes\/blacksilver\/images\/placeholders\/placeholder-770x770.gif\" data-src=\"https:\/\/kaarelantonov.com\/wp-content\/uploads\/2023\/07\/Sweet-Tempest-performing-at-Raadio-2-Live-Telliskivi-Loomelinnak-Vaba-Lava-Tallinn-Music-Week-2023-770x770.jpg\" alt=\"Sweet Tempest performing at Raadio 2 Live Telliskivi Loomelinnak Vaba Lava Tallinn Music Week 2023\"><\/div><\/div><div class=\"gridblock-element  grid-animate-display-all isotope-displayed gridblock-thumbnail-id-7368 gridblock-col-3\"><div class=\"gridblock-ajax gridblock-grid-element gridblock-element-inner\" data-rel=\"6057\"><div class=\"gridblock-background-hover\"><a data-elementor-open-lightbox=\"no\" data-exthumbimage=\"https:\/\/kaarelantonov.com\/wp-content\/uploads\/2023\/07\/The-Free-Musketeers-performing-at-Telliskivi-Loomelinnak-Fotografiska-Tallinn-Music-Week-2021-160x160.jpg\" class=\"lightbox-active lightbox-image gridblock-sole-link\" data-sub-html=\"&lt;div class=&quot;lightbox-text-wrap &quot;&gt;&lt;\/div&gt;\" href=\"https:\/\/kaarelantonov.com\/wp-content\/uploads\/2023\/07\/The-Free-Musketeers-performing-at-Telliskivi-Loomelinnak-Fotografiska-Tallinn-Music-Week-2021.jpg\" data-src=\"https:\/\/kaarelantonov.com\/wp-content\/uploads\/2023\/07\/The-Free-Musketeers-performing-at-Telliskivi-Loomelinnak-Fotografiska-Tallinn-Music-Week-2021.jpg\"><div class=\"gridblock-links-wrap\"><span class=\"column-gridblock-icon\"><span class=\"hover-icon-effect\"><i class=\"ion-ios-search\"><\/i><\/span><\/span><\/div><\/a><\/div><img decoding=\"async\" class=\"preload-image lazyload displayed-image\" src=\"https:\/\/kaarelantonov.com\/wp-content\/themes\/blacksilver\/images\/placeholders\/placeholder-770x770.gif\" data-src=\"https:\/\/kaarelantonov.com\/wp-content\/uploads\/2023\/07\/The-Free-Musketeers-performing-at-Telliskivi-Loomelinnak-Fotografiska-Tallinn-Music-Week-2021-770x770.jpg\" alt=\"The Free Musketeers performing at Fotografiska, Telliskivi Loomelinnak, Tallinn Music Week 2021\"><\/div><\/div><div class=\"gridblock-element  grid-animate-display-all isotope-displayed gridblock-thumbnail-id-7382 gridblock-col-4\"><div class=\"gridblock-ajax gridblock-grid-element gridblock-element-inner\" data-rel=\"6057\"><div class=\"gridblock-background-hover\"><a data-elementor-open-lightbox=\"no\" data-exthumbimage=\"https:\/\/kaarelantonov.com\/wp-content\/uploads\/2023\/07\/YASMYN-performing-at-TIKS-Records-Session-Telliskivi-Loomelinnak-Fotografiska-Tallinn-Music-Week-2023-1-160x160.jpg\" class=\"lightbox-active lightbox-image gridblock-sole-link\" data-sub-html=\"&lt;div class=&quot;lightbox-text-wrap &quot;&gt;&lt;\/div&gt;\" href=\"https:\/\/kaarelantonov.com\/wp-content\/uploads\/2023\/07\/YASMYN-performing-at-TIKS-Records-Session-Telliskivi-Loomelinnak-Fotografiska-Tallinn-Music-Week-2023-1.jpg\" data-src=\"https:\/\/kaarelantonov.com\/wp-content\/uploads\/2023\/07\/YASMYN-performing-at-TIKS-Records-Session-Telliskivi-Loomelinnak-Fotografiska-Tallinn-Music-Week-2023-1.jpg\"><div class=\"gridblock-links-wrap\"><span class=\"column-gridblock-icon\"><span class=\"hover-icon-effect\"><i class=\"ion-ios-search\"><\/i><\/span><\/span><\/div><\/a><\/div><img decoding=\"async\" class=\"preload-image lazyload displayed-image\" src=\"https:\/\/kaarelantonov.com\/wp-content\/themes\/blacksilver\/images\/placeholders\/placeholder-770x770.gif\" data-src=\"https:\/\/kaarelantonov.com\/wp-content\/uploads\/2023\/07\/YASMYN-performing-at-TIKS-Records-Session-Telliskivi-Loomelinnak-Fotografiska-Tallinn-Music-Week-2023-1-770x770.jpg\" alt=\"YASMYN performing at TIKS Records Session, Fotografiska, Telliskivi Loomelinnak, Tallinn Music Week 2023\"><\/div><\/div><div class=\"gridblock-element  grid-animate-display-all isotope-displayed gridblock-thumbnail-id-7262 gridblock-col-5\"><div class=\"gridblock-ajax gridblock-grid-element gridblock-element-inner\" data-rel=\"6057\"><div class=\"gridblock-background-hover\"><a data-elementor-open-lightbox=\"no\" data-exthumbimage=\"https:\/\/kaarelantonov.com\/wp-content\/uploads\/2023\/07\/Estonian-Musicians-Performing-at-Viru-Raba-2023-160x160.jpg\" class=\"lightbox-active lightbox-image gridblock-sole-link\" data-sub-html=\"&lt;div class=&quot;lightbox-text-wrap &quot;&gt;&lt;\/div&gt;\" href=\"https:\/\/kaarelantonov.com\/wp-content\/uploads\/2023\/07\/Estonian-Musicians-Performing-at-Viru-Raba-2023.jpg\" data-src=\"https:\/\/kaarelantonov.com\/wp-content\/uploads\/2023\/07\/Estonian-Musicians-Performing-at-Viru-Raba-2023.jpg\"><div class=\"gridblock-links-wrap\"><span class=\"column-gridblock-icon\"><span class=\"hover-icon-effect\"><i class=\"ion-ios-search\"><\/i><\/span><\/span><\/div><\/a><\/div><img decoding=\"async\" class=\"preload-image lazyload displayed-image\" src=\"https:\/\/kaarelantonov.com\/wp-content\/themes\/blacksilver\/images\/placeholders\/placeholder-770x770.gif\" data-src=\"https:\/\/kaarelantonov.com\/wp-content\/uploads\/2023\/07\/Estonian-Musicians-Performing-at-Viru-Raba-2023-770x770.jpg\" alt=\"Estonian Musicians Performing at Viru Raba 2023\"><\/div><\/div><\/div><\/div>\t\t\t\t<\/div>\n\t\t\t\t<\/div>\n\t\t\t\t\t<\/div>\n\t\t<\/div>\n\t\t\t\t\t<\/div>\n\t\t<\/section>\n\t\t\t\t<section class=\"elementor-section elementor-top-section elementor-element elementor-element-1ee5eea elementor-section-full_width elementor-section-height-default elementor-section-height-default\" data-id=\"1ee5eea\" data-element_type=\"section\" data-e-type=\"section\" data-settings=\"{&quot;background_background&quot;:&quot;classic&quot;}\">\n\t\t\t\t\t\t<div class=\"elementor-container elementor-column-gap-no\">\n\t\t\t\t\t<div class=\"elementor-column elementor-col-100 elementor-top-column elementor-element elementor-element-048d622\" data-id=\"048d622\" data-element_type=\"column\" data-e-type=\"column\">\n\t\t\t<div class=\"elementor-widget-wrap elementor-element-populated\">\n\t\t\t\t\t\t<div class=\"elementor-element elementor-element-30e8409 elementor-widget elementor-widget-thumbnails-grid\" data-id=\"30e8409\" data-element_type=\"widget\" data-e-type=\"widget\" data-widget_type=\"thumbnails-grid.default\">\n\t\t\t\t<div class=\"elementor-widget-container\">\n\t\t\t\t\t<div class=\"thumbnails-shortcode gridblock-columns-wrap grid-style-wall-grid-wrap clearfix\"><div class=\"thumbnails-grid-container lightgallery-container grid-style-wall-grid thumbnail-gutter-nospace    thumnails-gutter-active  no-title-no-desc boxtitle-active gridblock-five  has-effect-zoom\"  data-columns=\"5\"><div class=\"gridblock-element  grid-animate-display-all isotope-displayed gridblock-thumbnail-id-7952 gridblock-col-1\"><div class=\"gridblock-ajax gridblock-grid-element gridblock-element-inner\" data-rel=\"6057\"><div class=\"gridblock-background-hover\"><a data-elementor-open-lightbox=\"no\" data-exthumbimage=\"https:\/\/kaarelantonov.com\/wp-content\/uploads\/2023\/07\/Kenors-performance-at-Funk-Embassy-Night-PROTO-avastustehas-Tallinn-Music-Week-2020-160x160.jpg\" class=\"lightbox-active lightbox-image gridblock-sole-link\" data-sub-html=\"&lt;div class=&quot;lightbox-text-wrap &quot;&gt;&lt;\/div&gt;\" href=\"https:\/\/kaarelantonov.com\/wp-content\/uploads\/2023\/07\/Kenors-performance-at-Funk-Embassy-Night-PROTO-avastustehas-Tallinn-Music-Week-2020.jpg\" data-src=\"https:\/\/kaarelantonov.com\/wp-content\/uploads\/2023\/07\/Kenors-performance-at-Funk-Embassy-Night-PROTO-avastustehas-Tallinn-Music-Week-2020.jpg\"><div class=\"gridblock-links-wrap\"><span class=\"column-gridblock-icon\"><span class=\"hover-icon-effect\"><i class=\"ion-ios-search\"><\/i><\/span><\/span><\/div><\/a><\/div><img decoding=\"async\" class=\"preload-image lazyload displayed-image\" src=\"https:\/\/kaarelantonov.com\/wp-content\/themes\/blacksilver\/images\/placeholders\/placeholder-770x770.gif\" data-src=\"https:\/\/kaarelantonov.com\/wp-content\/uploads\/2023\/07\/Kenors-performance-at-Funk-Embassy-Night-PROTO-avastustehas-Tallinn-Music-Week-2020-770x770.jpg\" alt=\"Kenors performance at Funk Embassy Night, PROTO avastustehas - Tallinn Music Week 2020\"><\/div><\/div><div class=\"gridblock-element  grid-animate-display-all isotope-displayed gridblock-thumbnail-id-7946 gridblock-col-2\"><div class=\"gridblock-ajax gridblock-grid-element gridblock-element-inner\" data-rel=\"6057\"><div class=\"gridblock-background-hover\"><a data-elementor-open-lightbox=\"no\" data-exthumbimage=\"https:\/\/kaarelantonov.com\/wp-content\/uploads\/2023\/07\/MANNA-performance-at-Telliskivi-Loomelinnak-Tallinn-Music-Week-2020-160x160.jpg\" class=\"lightbox-active lightbox-image gridblock-sole-link\" data-sub-html=\"&lt;div class=&quot;lightbox-text-wrap &quot;&gt;&lt;\/div&gt;\" href=\"https:\/\/kaarelantonov.com\/wp-content\/uploads\/2023\/07\/MANNA-performance-at-Telliskivi-Loomelinnak-Tallinn-Music-Week-2020.jpg\" data-src=\"https:\/\/kaarelantonov.com\/wp-content\/uploads\/2023\/07\/MANNA-performance-at-Telliskivi-Loomelinnak-Tallinn-Music-Week-2020.jpg\"><div class=\"gridblock-links-wrap\"><span class=\"column-gridblock-icon\"><span class=\"hover-icon-effect\"><i class=\"ion-ios-search\"><\/i><\/span><\/span><\/div><\/a><\/div><img decoding=\"async\" class=\"preload-image lazyload displayed-image\" src=\"https:\/\/kaarelantonov.com\/wp-content\/themes\/blacksilver\/images\/placeholders\/placeholder-770x770.gif\" data-src=\"https:\/\/kaarelantonov.com\/wp-content\/uploads\/2023\/07\/MANNA-performance-at-Telliskivi-Loomelinnak-Tallinn-Music-Week-2020-770x770.jpg\" alt=\"MANNA performance at Telliskivi Loomelinnak - Tallinn Music Week 2020\"><\/div><\/div><div class=\"gridblock-element  grid-animate-display-all isotope-displayed gridblock-thumbnail-id-7998 gridblock-col-3\"><div class=\"gridblock-ajax gridblock-grid-element gridblock-element-inner\" data-rel=\"6057\"><div class=\"gridblock-background-hover\"><a data-elementor-open-lightbox=\"no\" data-exthumbimage=\"https:\/\/kaarelantonov.com\/wp-content\/uploads\/2023\/07\/Bendik-Giske-performance-at-KAI-Art-Center-Tallinn-Music-Week-2020-1-160x160.jpg\" class=\"lightbox-active lightbox-image gridblock-sole-link\" data-sub-html=\"&lt;div class=&quot;lightbox-text-wrap &quot;&gt;&lt;\/div&gt;\" href=\"https:\/\/kaarelantonov.com\/wp-content\/uploads\/2023\/07\/Bendik-Giske-performance-at-KAI-Art-Center-Tallinn-Music-Week-2020-1.jpg\" data-src=\"https:\/\/kaarelantonov.com\/wp-content\/uploads\/2023\/07\/Bendik-Giske-performance-at-KAI-Art-Center-Tallinn-Music-Week-2020-1.jpg\"><div class=\"gridblock-links-wrap\"><span class=\"column-gridblock-icon\"><span class=\"hover-icon-effect\"><i class=\"ion-ios-search\"><\/i><\/span><\/span><\/div><\/a><\/div><img decoding=\"async\" class=\"preload-image lazyload displayed-image\" src=\"https:\/\/kaarelantonov.com\/wp-content\/themes\/blacksilver\/images\/placeholders\/placeholder-770x770.gif\" data-src=\"https:\/\/kaarelantonov.com\/wp-content\/uploads\/2023\/07\/Bendik-Giske-performance-at-KAI-Art-Center-Tallinn-Music-Week-2020-1-770x770.jpg\" alt=\"Bendik Giske performance at KAI Art Center - Tallinn Music Week 2020\"><\/div><\/div><div class=\"gridblock-element  grid-animate-display-all isotope-displayed gridblock-thumbnail-id-7954 gridblock-col-4\"><div class=\"gridblock-ajax gridblock-grid-element gridblock-element-inner\" data-rel=\"6057\"><div class=\"gridblock-background-hover\"><a data-elementor-open-lightbox=\"no\" data-exthumbimage=\"https:\/\/kaarelantonov.com\/wp-content\/uploads\/2023\/07\/Jesse-Markin-performance-at-Telliskivi-Loomelinnak-Fotografiska-Tallinn-Music-Week-2020-160x160.jpg\" class=\"lightbox-active lightbox-image gridblock-sole-link\" data-sub-html=\"&lt;div class=&quot;lightbox-text-wrap &quot;&gt;&lt;\/div&gt;\" href=\"https:\/\/kaarelantonov.com\/wp-content\/uploads\/2023\/07\/Jesse-Markin-performance-at-Telliskivi-Loomelinnak-Fotografiska-Tallinn-Music-Week-2020.jpg\" data-src=\"https:\/\/kaarelantonov.com\/wp-content\/uploads\/2023\/07\/Jesse-Markin-performance-at-Telliskivi-Loomelinnak-Fotografiska-Tallinn-Music-Week-2020.jpg\"><div class=\"gridblock-links-wrap\"><span class=\"column-gridblock-icon\"><span class=\"hover-icon-effect\"><i class=\"ion-ios-search\"><\/i><\/span><\/span><\/div><\/a><\/div><img decoding=\"async\" class=\"preload-image lazyload displayed-image\" src=\"https:\/\/kaarelantonov.com\/wp-content\/themes\/blacksilver\/images\/placeholders\/placeholder-770x770.gif\" data-src=\"https:\/\/kaarelantonov.com\/wp-content\/uploads\/2023\/07\/Jesse-Markin-performance-at-Telliskivi-Loomelinnak-Fotografiska-Tallinn-Music-Week-2020-770x770.jpg\" alt=\"Jesse Markin performance at Fotografiska, Telliskivi Loomelinnak - Tallinn Music Week 2020\"><\/div><\/div><div class=\"gridblock-element  grid-animate-display-all isotope-displayed gridblock-thumbnail-id-8000 gridblock-col-5\"><div class=\"gridblock-ajax gridblock-grid-element gridblock-element-inner\" data-rel=\"6057\"><div class=\"gridblock-background-hover\"><a data-elementor-open-lightbox=\"no\" data-exthumbimage=\"https:\/\/kaarelantonov.com\/wp-content\/uploads\/2023\/07\/Frankie-Animal-performance-at-Telliskivi-Loomelinnak-Tallinn-Music-Week-2020-160x160.jpg\" class=\"lightbox-active lightbox-image gridblock-sole-link\" data-sub-html=\"&lt;div class=&quot;lightbox-text-wrap &quot;&gt;&lt;\/div&gt;\" href=\"https:\/\/kaarelantonov.com\/wp-content\/uploads\/2023\/07\/Frankie-Animal-performance-at-Telliskivi-Loomelinnak-Tallinn-Music-Week-2020.jpg\" data-src=\"https:\/\/kaarelantonov.com\/wp-content\/uploads\/2023\/07\/Frankie-Animal-performance-at-Telliskivi-Loomelinnak-Tallinn-Music-Week-2020.jpg\"><div class=\"gridblock-links-wrap\"><span class=\"column-gridblock-icon\"><span class=\"hover-icon-effect\"><i class=\"ion-ios-search\"><\/i><\/span><\/span><\/div><\/a><\/div><img decoding=\"async\" class=\"preload-image lazyload displayed-image\" src=\"https:\/\/kaarelantonov.com\/wp-content\/themes\/blacksilver\/images\/placeholders\/placeholder-770x770.gif\" data-src=\"https:\/\/kaarelantonov.com\/wp-content\/uploads\/2023\/07\/Frankie-Animal-performance-at-Telliskivi-Loomelinnak-Tallinn-Music-Week-2020-770x770.jpg\" alt=\"Frankie Animal performance at Telliskivi Loomelinnak - Tallinn Music Week 2020\"><\/div><\/div><div class=\"gridblock-element  grid-animate-display-all isotope-displayed gridblock-thumbnail-id-7972 gridblock-col-1\"><div class=\"gridblock-ajax gridblock-grid-element gridblock-element-inner\" data-rel=\"6057\"><div class=\"gridblock-background-hover\"><a data-elementor-open-lightbox=\"no\" data-exthumbimage=\"https:\/\/kaarelantonov.com\/wp-content\/uploads\/2023\/07\/Duo-Ruut-performance-at-Telliskivi-Loomelinnak-Tallinn-Music-Week-2020-160x160.jpg\" class=\"lightbox-active lightbox-image gridblock-sole-link\" data-sub-html=\"&lt;div class=&quot;lightbox-text-wrap &quot;&gt;&lt;\/div&gt;\" href=\"https:\/\/kaarelantonov.com\/wp-content\/uploads\/2023\/07\/Duo-Ruut-performance-at-Telliskivi-Loomelinnak-Tallinn-Music-Week-2020.jpg\" data-src=\"https:\/\/kaarelantonov.com\/wp-content\/uploads\/2023\/07\/Duo-Ruut-performance-at-Telliskivi-Loomelinnak-Tallinn-Music-Week-2020.jpg\"><div class=\"gridblock-links-wrap\"><span class=\"column-gridblock-icon\"><span class=\"hover-icon-effect\"><i class=\"ion-ios-search\"><\/i><\/span><\/span><\/div><\/a><\/div><img decoding=\"async\" class=\"preload-image lazyload displayed-image\" src=\"https:\/\/kaarelantonov.com\/wp-content\/themes\/blacksilver\/images\/placeholders\/placeholder-770x770.gif\" data-src=\"https:\/\/kaarelantonov.com\/wp-content\/uploads\/2023\/07\/Duo-Ruut-performance-at-Telliskivi-Loomelinnak-Tallinn-Music-Week-2020-770x770.jpg\" alt=\"Duo Ruut performance at Telliskivi Loomelinnak - Tallinn Music Week 2020\"><\/div><\/div><div class=\"gridblock-element  grid-animate-display-all isotope-displayed gridblock-thumbnail-id-7996 gridblock-col-2\"><div class=\"gridblock-ajax gridblock-grid-element gridblock-element-inner\" data-rel=\"6057\"><div class=\"gridblock-background-hover\"><a data-elementor-open-lightbox=\"no\" data-exthumbimage=\"https:\/\/kaarelantonov.com\/wp-content\/uploads\/2023\/07\/Bendik-Giske-performance-at-KAI-Art-Center-Tallinn-Music-Week-2020-160x160.jpg\" class=\"lightbox-active lightbox-image gridblock-sole-link\" data-sub-html=\"&lt;div class=&quot;lightbox-text-wrap &quot;&gt;&lt;\/div&gt;\" href=\"https:\/\/kaarelantonov.com\/wp-content\/uploads\/2023\/07\/Bendik-Giske-performance-at-KAI-Art-Center-Tallinn-Music-Week-2020.jpg\" data-src=\"https:\/\/kaarelantonov.com\/wp-content\/uploads\/2023\/07\/Bendik-Giske-performance-at-KAI-Art-Center-Tallinn-Music-Week-2020.jpg\"><div class=\"gridblock-links-wrap\"><span class=\"column-gridblock-icon\"><span class=\"hover-icon-effect\"><i class=\"ion-ios-search\"><\/i><\/span><\/span><\/div><\/a><\/div><img decoding=\"async\" class=\"preload-image lazyload displayed-image\" src=\"https:\/\/kaarelantonov.com\/wp-content\/themes\/blacksilver\/images\/placeholders\/placeholder-770x770.gif\" data-src=\"https:\/\/kaarelantonov.com\/wp-content\/uploads\/2023\/07\/Bendik-Giske-performance-at-KAI-Art-Center-Tallinn-Music-Week-2020-770x770.jpg\" alt=\"Bendik Giske performance at KAI Art Center - Tallinn Music Week 2020\"><\/div><\/div><div class=\"gridblock-element  grid-animate-display-all isotope-displayed gridblock-thumbnail-id-7950 gridblock-col-3\"><div class=\"gridblock-ajax gridblock-grid-element gridblock-element-inner\" data-rel=\"6057\"><div class=\"gridblock-background-hover\"><a data-elementor-open-lightbox=\"no\" data-exthumbimage=\"https:\/\/kaarelantonov.com\/wp-content\/uploads\/2023\/07\/Lexsoul-Dancemachine-performance-at-PROTO-avastustehas-Tallinn-Music-Week-2020-160x160.jpg\" class=\"lightbox-active lightbox-image gridblock-sole-link\" data-sub-html=\"&lt;div class=&quot;lightbox-text-wrap &quot;&gt;&lt;\/div&gt;\" href=\"https:\/\/kaarelantonov.com\/wp-content\/uploads\/2023\/07\/Lexsoul-Dancemachine-performance-at-PROTO-avastustehas-Tallinn-Music-Week-2020.jpg\" data-src=\"https:\/\/kaarelantonov.com\/wp-content\/uploads\/2023\/07\/Lexsoul-Dancemachine-performance-at-PROTO-avastustehas-Tallinn-Music-Week-2020.jpg\"><div class=\"gridblock-links-wrap\"><span class=\"column-gridblock-icon\"><span class=\"hover-icon-effect\"><i class=\"ion-ios-search\"><\/i><\/span><\/span><\/div><\/a><\/div><img decoding=\"async\" class=\"preload-image lazyload displayed-image\" src=\"https:\/\/kaarelantonov.com\/wp-content\/themes\/blacksilver\/images\/placeholders\/placeholder-770x770.gif\" data-src=\"https:\/\/kaarelantonov.com\/wp-content\/uploads\/2023\/07\/Lexsoul-Dancemachine-performance-at-PROTO-avastustehas-Tallinn-Music-Week-2020-770x770.jpg\" alt=\"Lexsoul Dancemachine performance at PROTO avastustehas - Tallinn Music Week 2020\"><\/div><\/div><div class=\"gridblock-element  grid-animate-display-all isotope-displayed gridblock-thumbnail-id-7940 gridblock-col-4\"><div class=\"gridblock-ajax gridblock-grid-element gridblock-element-inner\" data-rel=\"6057\"><div class=\"gridblock-background-hover\"><a data-elementor-open-lightbox=\"no\" data-exthumbimage=\"https:\/\/kaarelantonov.com\/wp-content\/uploads\/2023\/07\/NOEP-performance-at-Sweet-Spot-Music-Festival-2018-Tallinn-Kulutuurikatel-160x160.jpg\" class=\"lightbox-active lightbox-image gridblock-sole-link\" data-sub-html=\"&lt;div class=&quot;lightbox-text-wrap &quot;&gt;&lt;\/div&gt;\" href=\"https:\/\/kaarelantonov.com\/wp-content\/uploads\/2023\/07\/NOEP-performance-at-Sweet-Spot-Music-Festival-2018-Tallinn-Kulutuurikatel.jpg\" data-src=\"https:\/\/kaarelantonov.com\/wp-content\/uploads\/2023\/07\/NOEP-performance-at-Sweet-Spot-Music-Festival-2018-Tallinn-Kulutuurikatel.jpg\"><div class=\"gridblock-links-wrap\"><span class=\"column-gridblock-icon\"><span class=\"hover-icon-effect\"><i class=\"ion-ios-search\"><\/i><\/span><\/span><\/div><\/a><\/div><img decoding=\"async\" class=\"preload-image lazyload displayed-image\" src=\"https:\/\/kaarelantonov.com\/wp-content\/themes\/blacksilver\/images\/placeholders\/placeholder-770x770.gif\" data-src=\"https:\/\/kaarelantonov.com\/wp-content\/uploads\/2023\/07\/NOEP-performance-at-Sweet-Spot-Music-Festival-2018-Tallinn-Kulutuurikatel-770x770.jpg\" alt=\"NO\u00cbP performance at Sweet Spot Music Festival 2018 in Tallinna Kulutuurikatel\"><\/div><\/div><div class=\"gridblock-element  grid-animate-display-all isotope-displayed gridblock-thumbnail-id-7948 gridblock-col-5\"><div class=\"gridblock-ajax gridblock-grid-element gridblock-element-inner\" data-rel=\"6057\"><div class=\"gridblock-background-hover\"><a data-elementor-open-lightbox=\"no\" data-exthumbimage=\"https:\/\/kaarelantonov.com\/wp-content\/uploads\/2023\/07\/Macajey-performance-at-Telliskivi-Loomelinnak-Sveta-Baar-Tallinn-Music-Week-2020-160x160.jpg\" class=\"lightbox-active lightbox-image gridblock-sole-link\" data-sub-html=\"&lt;div class=&quot;lightbox-text-wrap &quot;&gt;&lt;\/div&gt;\" href=\"https:\/\/kaarelantonov.com\/wp-content\/uploads\/2023\/07\/Macajey-performance-at-Telliskivi-Loomelinnak-Sveta-Baar-Tallinn-Music-Week-2020.jpg\" data-src=\"https:\/\/kaarelantonov.com\/wp-content\/uploads\/2023\/07\/Macajey-performance-at-Telliskivi-Loomelinnak-Sveta-Baar-Tallinn-Music-Week-2020.jpg\"><div class=\"gridblock-links-wrap\"><span class=\"column-gridblock-icon\"><span class=\"hover-icon-effect\"><i class=\"ion-ios-search\"><\/i><\/span><\/span><\/div><\/a><\/div><img decoding=\"async\" class=\"preload-image lazyload displayed-image\" src=\"https:\/\/kaarelantonov.com\/wp-content\/themes\/blacksilver\/images\/placeholders\/placeholder-770x770.gif\" data-src=\"https:\/\/kaarelantonov.com\/wp-content\/uploads\/2023\/07\/Macajey-performance-at-Telliskivi-Loomelinnak-Sveta-Baar-Tallinn-Music-Week-2020-770x770.jpg\" alt=\"Macajey performance at Sveta Baar, Telliskivi Loomelinnak - Tallinn Music Week 2020\"><\/div><\/div><div class=\"gridblock-element  grid-animate-display-all isotope-displayed gridblock-thumbnail-id-7976 gridblock-col-1\"><div class=\"gridblock-ajax gridblock-grid-element gridblock-element-inner\" data-rel=\"6057\"><div class=\"gridblock-background-hover\"><a data-elementor-open-lightbox=\"no\" data-exthumbimage=\"https:\/\/kaarelantonov.com\/wp-content\/uploads\/2023\/07\/dans--Singapore-dance-festival-02-160x160.jpg\" class=\"lightbox-active lightbox-image gridblock-sole-link\" data-sub-html=\"&lt;div class=&quot;lightbox-text-wrap &quot;&gt;&lt;\/div&gt;\" href=\"https:\/\/kaarelantonov.com\/wp-content\/uploads\/2023\/07\/dans--Singapore-dance-festival-02.jpg\" data-src=\"https:\/\/kaarelantonov.com\/wp-content\/uploads\/2023\/07\/dans--Singapore-dance-festival-02.jpg\"><div class=\"gridblock-links-wrap\"><span class=\"column-gridblock-icon\"><span class=\"hover-icon-effect\"><i class=\"ion-ios-search\"><\/i><\/span><\/span><\/div><\/a><\/div><img decoding=\"async\" class=\"preload-image lazyload displayed-image\" src=\"https:\/\/kaarelantonov.com\/wp-content\/themes\/blacksilver\/images\/placeholders\/placeholder-770x770.gif\" data-src=\"https:\/\/kaarelantonov.com\/wp-content\/uploads\/2023\/07\/dans--Singapore-dance-festival-02-770x770.jpg\" alt=\"da:ns Singapore dance festival\"><\/div><\/div><div class=\"gridblock-element  grid-animate-display-all isotope-displayed gridblock-thumbnail-id-7920 gridblock-col-2\"><div class=\"gridblock-ajax gridblock-grid-element gridblock-element-inner\" data-rel=\"6057\"><div class=\"gridblock-background-hover\"><a data-elementor-open-lightbox=\"no\" data-exthumbimage=\"https:\/\/kaarelantonov.com\/wp-content\/uploads\/2023\/07\/SON15--Break-Dance-competition-in-Barcelona-160x160.jpg\" class=\"lightbox-active lightbox-image gridblock-sole-link\" data-sub-html=\"&lt;div class=&quot;lightbox-text-wrap &quot;&gt;&lt;\/div&gt;\" href=\"https:\/\/kaarelantonov.com\/wp-content\/uploads\/2023\/07\/SON15--Break-Dance-competition-in-Barcelona.jpg\" data-src=\"https:\/\/kaarelantonov.com\/wp-content\/uploads\/2023\/07\/SON15--Break-Dance-competition-in-Barcelona.jpg\"><div class=\"gridblock-links-wrap\"><span class=\"column-gridblock-icon\"><span class=\"hover-icon-effect\"><i class=\"ion-ios-search\"><\/i><\/span><\/span><\/div><\/a><\/div><img decoding=\"async\" class=\"preload-image lazyload displayed-image\" src=\"https:\/\/kaarelantonov.com\/wp-content\/themes\/blacksilver\/images\/placeholders\/placeholder-770x770.gif\" data-src=\"https:\/\/kaarelantonov.com\/wp-content\/uploads\/2023\/07\/SON15--Break-Dance-competition-in-Barcelona-770x770.jpg\" alt=\"SON15 - Break Dance competition in Barcelona\"><\/div><\/div><div class=\"gridblock-element  grid-animate-display-all isotope-displayed gridblock-thumbnail-id-7866 gridblock-col-3\"><div class=\"gridblock-ajax gridblock-grid-element gridblock-element-inner\" data-rel=\"6057\"><div class=\"gridblock-background-hover\"><a data-elementor-open-lightbox=\"no\" data-exthumbimage=\"https:\/\/kaarelantonov.com\/wp-content\/uploads\/2023\/07\/The-Battle-of-EST-2019-international-hip-hop-and-breakdance-cultural-event-at-Vanemuine-theatre-Tartu-06-160x160.jpg\" class=\"lightbox-active lightbox-image gridblock-sole-link\" data-sub-html=\"&lt;div class=&quot;lightbox-text-wrap &quot;&gt;&lt;\/div&gt;\" href=\"https:\/\/kaarelantonov.com\/wp-content\/uploads\/2023\/07\/The-Battle-of-EST-2019-international-hip-hop-and-breakdance-cultural-event-at-Vanemuine-theatre-Tartu-06.jpg\" data-src=\"https:\/\/kaarelantonov.com\/wp-content\/uploads\/2023\/07\/The-Battle-of-EST-2019-international-hip-hop-and-breakdance-cultural-event-at-Vanemuine-theatre-Tartu-06.jpg\"><div class=\"gridblock-links-wrap\"><span class=\"column-gridblock-icon\"><span class=\"hover-icon-effect\"><i class=\"ion-ios-search\"><\/i><\/span><\/span><\/div><\/a><\/div><img decoding=\"async\" class=\"preload-image lazyload displayed-image\" src=\"https:\/\/kaarelantonov.com\/wp-content\/themes\/blacksilver\/images\/placeholders\/placeholder-770x770.gif\" data-src=\"https:\/\/kaarelantonov.com\/wp-content\/uploads\/2023\/07\/The-Battle-of-EST-2019-international-hip-hop-and-breakdance-cultural-event-at-Vanemuine-theatre-Tartu-06-770x770.jpg\" alt=\"The Battle of EST 2019 - International Hip Hop and Break Dance cultural event at Vanemuine theatre Tartu\"><\/div><\/div><div class=\"gridblock-element  grid-animate-display-all isotope-displayed gridblock-thumbnail-id-7862 gridblock-col-4\"><div class=\"gridblock-ajax gridblock-grid-element gridblock-element-inner\" data-rel=\"6057\"><div class=\"gridblock-background-hover\"><a data-elementor-open-lightbox=\"no\" data-exthumbimage=\"https:\/\/kaarelantonov.com\/wp-content\/uploads\/2023\/07\/The-Battle-of-EST-2019-international-hip-hop-and-breakdance-cultural-event-at-Vanemuine-theatre-Tartu-08-160x160.jpg\" class=\"lightbox-active lightbox-image gridblock-sole-link\" data-sub-html=\"&lt;div class=&quot;lightbox-text-wrap &quot;&gt;&lt;\/div&gt;\" href=\"https:\/\/kaarelantonov.com\/wp-content\/uploads\/2023\/07\/The-Battle-of-EST-2019-international-hip-hop-and-breakdance-cultural-event-at-Vanemuine-theatre-Tartu-08.jpg\" data-src=\"https:\/\/kaarelantonov.com\/wp-content\/uploads\/2023\/07\/The-Battle-of-EST-2019-international-hip-hop-and-breakdance-cultural-event-at-Vanemuine-theatre-Tartu-08.jpg\"><div class=\"gridblock-links-wrap\"><span class=\"column-gridblock-icon\"><span class=\"hover-icon-effect\"><i class=\"ion-ios-search\"><\/i><\/span><\/span><\/div><\/a><\/div><img decoding=\"async\" class=\"preload-image lazyload displayed-image\" src=\"https:\/\/kaarelantonov.com\/wp-content\/themes\/blacksilver\/images\/placeholders\/placeholder-770x770.gif\" data-src=\"https:\/\/kaarelantonov.com\/wp-content\/uploads\/2023\/07\/The-Battle-of-EST-2019-international-hip-hop-and-breakdance-cultural-event-at-Vanemuine-theatre-Tartu-08-770x770.jpg\" alt=\"The Battle of EST 2019 - International Hip Hop and Break Dance cultural event at Vanemuine theatre Tartu\"><\/div><\/div><div class=\"gridblock-element  grid-animate-display-all isotope-displayed gridblock-thumbnail-id-7856 gridblock-col-5\"><div class=\"gridblock-ajax gridblock-grid-element gridblock-element-inner\" data-rel=\"6057\"><div class=\"gridblock-background-hover\"><a data-elementor-open-lightbox=\"no\" data-exthumbimage=\"https:\/\/kaarelantonov.com\/wp-content\/uploads\/2023\/07\/Young-Break-Dancer-at-Get-Up-Battle-Chennai-India-160x160.jpg\" class=\"lightbox-active lightbox-image gridblock-sole-link\" data-sub-html=\"&lt;div class=&quot;lightbox-text-wrap &quot;&gt;&lt;\/div&gt;\" href=\"https:\/\/kaarelantonov.com\/wp-content\/uploads\/2023\/07\/Young-Break-Dancer-at-Get-Up-Battle-Chennai-India.jpg\" data-src=\"https:\/\/kaarelantonov.com\/wp-content\/uploads\/2023\/07\/Young-Break-Dancer-at-Get-Up-Battle-Chennai-India.jpg\"><div class=\"gridblock-links-wrap\"><span class=\"column-gridblock-icon\"><span class=\"hover-icon-effect\"><i class=\"ion-ios-search\"><\/i><\/span><\/span><\/div><\/a><\/div><img decoding=\"async\" class=\"preload-image lazyload displayed-image\" src=\"https:\/\/kaarelantonov.com\/wp-content\/themes\/blacksilver\/images\/placeholders\/placeholder-770x770.gif\" data-src=\"https:\/\/kaarelantonov.com\/wp-content\/uploads\/2023\/07\/Young-Break-Dancer-at-Get-Up-Battle-Chennai-India-770x770.jpg\" alt=\"Young Break Dancer at Get Up Battle Chennai, India\"><\/div><\/div><div class=\"gridblock-element  grid-animate-display-all isotope-displayed gridblock-thumbnail-id-7868 gridblock-col-1\"><div class=\"gridblock-ajax gridblock-grid-element gridblock-element-inner\" data-rel=\"6057\"><div class=\"gridblock-background-hover\"><a data-elementor-open-lightbox=\"no\" data-exthumbimage=\"https:\/\/kaarelantonov.com\/wp-content\/uploads\/2023\/07\/The-Battle-of-EST-2019-international-hip-hop-and-breakdance-cultural-event-at-Vanemuine-theatre-Tartu-05-160x160.jpg\" class=\"lightbox-active lightbox-image gridblock-sole-link\" data-sub-html=\"&lt;div class=&quot;lightbox-text-wrap &quot;&gt;&lt;\/div&gt;\" href=\"https:\/\/kaarelantonov.com\/wp-content\/uploads\/2023\/07\/The-Battle-of-EST-2019-international-hip-hop-and-breakdance-cultural-event-at-Vanemuine-theatre-Tartu-05.jpg\" data-src=\"https:\/\/kaarelantonov.com\/wp-content\/uploads\/2023\/07\/The-Battle-of-EST-2019-international-hip-hop-and-breakdance-cultural-event-at-Vanemuine-theatre-Tartu-05.jpg\"><div class=\"gridblock-links-wrap\"><span class=\"column-gridblock-icon\"><span class=\"hover-icon-effect\"><i class=\"ion-ios-search\"><\/i><\/span><\/span><\/div><\/a><\/div><img decoding=\"async\" class=\"preload-image lazyload displayed-image\" src=\"https:\/\/kaarelantonov.com\/wp-content\/themes\/blacksilver\/images\/placeholders\/placeholder-770x770.gif\" data-src=\"https:\/\/kaarelantonov.com\/wp-content\/uploads\/2023\/07\/The-Battle-of-EST-2019-international-hip-hop-and-breakdance-cultural-event-at-Vanemuine-theatre-Tartu-05-770x770.jpg\" alt=\"The Battle of EST 2019 - International Hip Hop and Break Dance cultural event at Vanemuine theatre Tartu\"><\/div><\/div><div class=\"gridblock-element  grid-animate-display-all isotope-displayed gridblock-thumbnail-id-7890 gridblock-col-2\"><div class=\"gridblock-ajax gridblock-grid-element gridblock-element-inner\" data-rel=\"6057\"><div class=\"gridblock-background-hover\"><a data-elementor-open-lightbox=\"no\" data-exthumbimage=\"https:\/\/kaarelantonov.com\/wp-content\/uploads\/2023\/07\/The-Battle-of-EST-2017-international-hip-hop-and-breakdance-cultural-event-at-Vanemuine-theatre-Tartu-05-160x160.jpg\" class=\"lightbox-active lightbox-image gridblock-sole-link\" data-sub-html=\"&lt;div class=&quot;lightbox-text-wrap &quot;&gt;&lt;\/div&gt;\" href=\"https:\/\/kaarelantonov.com\/wp-content\/uploads\/2023\/07\/The-Battle-of-EST-2017-international-hip-hop-and-breakdance-cultural-event-at-Vanemuine-theatre-Tartu-05.jpg\" data-src=\"https:\/\/kaarelantonov.com\/wp-content\/uploads\/2023\/07\/The-Battle-of-EST-2017-international-hip-hop-and-breakdance-cultural-event-at-Vanemuine-theatre-Tartu-05.jpg\"><div class=\"gridblock-links-wrap\"><span class=\"column-gridblock-icon\"><span class=\"hover-icon-effect\"><i class=\"ion-ios-search\"><\/i><\/span><\/span><\/div><\/a><\/div><img decoding=\"async\" class=\"preload-image lazyload displayed-image\" src=\"https:\/\/kaarelantonov.com\/wp-content\/themes\/blacksilver\/images\/placeholders\/placeholder-770x770.gif\" data-src=\"https:\/\/kaarelantonov.com\/wp-content\/uploads\/2023\/07\/The-Battle-of-EST-2017-international-hip-hop-and-breakdance-cultural-event-at-Vanemuine-theatre-Tartu-05-770x770.jpg\" alt=\"The Battle of EST 2017 - International Hip Hop and Break Dance cultural event at Vanemuine theatre Tartu\"><\/div><\/div><div class=\"gridblock-element  grid-animate-display-all isotope-displayed gridblock-thumbnail-id-7944 gridblock-col-3\"><div class=\"gridblock-ajax gridblock-grid-element gridblock-element-inner\" data-rel=\"6057\"><div class=\"gridblock-background-hover\"><a data-elementor-open-lightbox=\"no\" data-exthumbimage=\"https:\/\/kaarelantonov.com\/wp-content\/uploads\/2023\/07\/MC-Trix-at-Battle-of-EST-2019-international-hip-hop-and-breakdance-cultural-event-at-Vanemuine-theatre-Tartu-10-160x160.jpg\" class=\"lightbox-active lightbox-image gridblock-sole-link\" data-sub-html=\"&lt;div class=&quot;lightbox-text-wrap &quot;&gt;&lt;\/div&gt;\" href=\"https:\/\/kaarelantonov.com\/wp-content\/uploads\/2023\/07\/MC-Trix-at-Battle-of-EST-2019-international-hip-hop-and-breakdance-cultural-event-at-Vanemuine-theatre-Tartu-10.jpg\" data-src=\"https:\/\/kaarelantonov.com\/wp-content\/uploads\/2023\/07\/MC-Trix-at-Battle-of-EST-2019-international-hip-hop-and-breakdance-cultural-event-at-Vanemuine-theatre-Tartu-10.jpg\"><div class=\"gridblock-links-wrap\"><span class=\"column-gridblock-icon\"><span class=\"hover-icon-effect\"><i class=\"ion-ios-search\"><\/i><\/span><\/span><\/div><\/a><\/div><img decoding=\"async\" class=\"preload-image lazyload displayed-image\" src=\"https:\/\/kaarelantonov.com\/wp-content\/themes\/blacksilver\/images\/placeholders\/placeholder-770x770.gif\" data-src=\"https:\/\/kaarelantonov.com\/wp-content\/uploads\/2023\/07\/MC-Trix-at-Battle-of-EST-2019-international-hip-hop-and-breakdance-cultural-event-at-Vanemuine-theatre-Tartu-10-770x770.jpg\" alt=\"MC Trix at Battle of EST 2019 - International Hip Hop and Break Dance cultural event at Vanemuine theatre Tartu\"><\/div><\/div><div class=\"gridblock-element  grid-animate-display-all isotope-displayed gridblock-thumbnail-id-7858 gridblock-col-4\"><div class=\"gridblock-ajax gridblock-grid-element gridblock-element-inner\" data-rel=\"6057\"><div class=\"gridblock-background-hover\"><a data-elementor-open-lightbox=\"no\" data-exthumbimage=\"https:\/\/kaarelantonov.com\/wp-content\/uploads\/2023\/07\/The-Battle-of-EST-2019-international-hip-hop-and-breakdance-cultural-event-at-Vanemuine-theatre-Tartu-160x160.jpg\" class=\"lightbox-active lightbox-image gridblock-sole-link\" data-sub-html=\"&lt;div class=&quot;lightbox-text-wrap &quot;&gt;&lt;\/div&gt;\" href=\"https:\/\/kaarelantonov.com\/wp-content\/uploads\/2023\/07\/The-Battle-of-EST-2019-international-hip-hop-and-breakdance-cultural-event-at-Vanemuine-theatre-Tartu.jpg\" data-src=\"https:\/\/kaarelantonov.com\/wp-content\/uploads\/2023\/07\/The-Battle-of-EST-2019-international-hip-hop-and-breakdance-cultural-event-at-Vanemuine-theatre-Tartu.jpg\"><div class=\"gridblock-links-wrap\"><span class=\"column-gridblock-icon\"><span class=\"hover-icon-effect\"><i class=\"ion-ios-search\"><\/i><\/span><\/span><\/div><\/a><\/div><img decoding=\"async\" class=\"preload-image lazyload displayed-image\" src=\"https:\/\/kaarelantonov.com\/wp-content\/themes\/blacksilver\/images\/placeholders\/placeholder-770x770.gif\" data-src=\"https:\/\/kaarelantonov.com\/wp-content\/uploads\/2023\/07\/The-Battle-of-EST-2019-international-hip-hop-and-breakdance-cultural-event-at-Vanemuine-theatre-Tartu-770x770.jpg\" alt=\"The Battle of EST 2019 - International Hip Hop and Break Dance cultural event at Vanemuine theatre Tartu\"><\/div><\/div><div class=\"gridblock-element  grid-animate-display-all isotope-displayed gridblock-thumbnail-id-7872 gridblock-col-5\"><div class=\"gridblock-ajax gridblock-grid-element gridblock-element-inner\" data-rel=\"6057\"><div class=\"gridblock-background-hover\"><a data-elementor-open-lightbox=\"no\" data-exthumbimage=\"https:\/\/kaarelantonov.com\/wp-content\/uploads\/2023\/07\/The-Battle-of-EST-2019-international-hip-hop-and-breakdance-cultural-event-at-Vanemuine-theatre-Tartu-03-160x160.jpg\" class=\"lightbox-active lightbox-image gridblock-sole-link\" data-sub-html=\"&lt;div class=&quot;lightbox-text-wrap &quot;&gt;&lt;\/div&gt;\" href=\"https:\/\/kaarelantonov.com\/wp-content\/uploads\/2023\/07\/The-Battle-of-EST-2019-international-hip-hop-and-breakdance-cultural-event-at-Vanemuine-theatre-Tartu-03.jpg\" data-src=\"https:\/\/kaarelantonov.com\/wp-content\/uploads\/2023\/07\/The-Battle-of-EST-2019-international-hip-hop-and-breakdance-cultural-event-at-Vanemuine-theatre-Tartu-03.jpg\"><div class=\"gridblock-links-wrap\"><span class=\"column-gridblock-icon\"><span class=\"hover-icon-effect\"><i class=\"ion-ios-search\"><\/i><\/span><\/span><\/div><\/a><\/div><img decoding=\"async\" class=\"preload-image lazyload displayed-image\" src=\"https:\/\/kaarelantonov.com\/wp-content\/themes\/blacksilver\/images\/placeholders\/placeholder-770x770.gif\" data-src=\"https:\/\/kaarelantonov.com\/wp-content\/uploads\/2023\/07\/The-Battle-of-EST-2019-international-hip-hop-and-breakdance-cultural-event-at-Vanemuine-theatre-Tartu-03-770x770.jpg\" alt=\"The Battle of EST 2019 - International Hip Hop and Break Dance cultural event at Vanemuine theatre Tartu\"><\/div><\/div><div class=\"gridblock-element  grid-animate-display-all isotope-displayed gridblock-thumbnail-id-7898 gridblock-col-1\"><div class=\"gridblock-ajax gridblock-grid-element gridblock-element-inner\" data-rel=\"6057\"><div class=\"gridblock-background-hover\"><a data-elementor-open-lightbox=\"no\" data-exthumbimage=\"https:\/\/kaarelantonov.com\/wp-content\/uploads\/2023\/07\/The-Battle-of-EST-2017-international-hip-hop-and-breakdance-cultural-event-at-Vanemuine-theatre-Tartu-01-160x160.jpg\" class=\"lightbox-active lightbox-image gridblock-sole-link\" data-sub-html=\"&lt;div class=&quot;lightbox-text-wrap &quot;&gt;&lt;\/div&gt;\" href=\"https:\/\/kaarelantonov.com\/wp-content\/uploads\/2023\/07\/The-Battle-of-EST-2017-international-hip-hop-and-breakdance-cultural-event-at-Vanemuine-theatre-Tartu-01.jpg\" data-src=\"https:\/\/kaarelantonov.com\/wp-content\/uploads\/2023\/07\/The-Battle-of-EST-2017-international-hip-hop-and-breakdance-cultural-event-at-Vanemuine-theatre-Tartu-01.jpg\"><div class=\"gridblock-links-wrap\"><span class=\"column-gridblock-icon\"><span class=\"hover-icon-effect\"><i class=\"ion-ios-search\"><\/i><\/span><\/span><\/div><\/a><\/div><img decoding=\"async\" class=\"preload-image lazyload displayed-image\" src=\"https:\/\/kaarelantonov.com\/wp-content\/themes\/blacksilver\/images\/placeholders\/placeholder-770x770.gif\" data-src=\"https:\/\/kaarelantonov.com\/wp-content\/uploads\/2023\/07\/The-Battle-of-EST-2017-international-hip-hop-and-breakdance-cultural-event-at-Vanemuine-theatre-Tartu-01-770x770.jpg\" alt=\"The Battle of EST 2017 - International Hip Hop and Break Dance cultural event at Vanemuine theatre Tartu\"><\/div><\/div><div class=\"gridblock-element  grid-animate-display-all isotope-displayed gridblock-thumbnail-id-7860 gridblock-col-2\"><div class=\"gridblock-ajax gridblock-grid-element gridblock-element-inner\" data-rel=\"6057\"><div class=\"gridblock-background-hover\"><a data-elementor-open-lightbox=\"no\" data-exthumbimage=\"https:\/\/kaarelantonov.com\/wp-content\/uploads\/2023\/07\/The-Battle-of-EST-2019-international-hip-hop-and-breakdance-cultural-event-at-Vanemuine-theatre-Tartu-09-160x160.jpg\" class=\"lightbox-active lightbox-image gridblock-sole-link\" data-sub-html=\"&lt;div class=&quot;lightbox-text-wrap &quot;&gt;&lt;\/div&gt;\" href=\"https:\/\/kaarelantonov.com\/wp-content\/uploads\/2023\/07\/The-Battle-of-EST-2019-international-hip-hop-and-breakdance-cultural-event-at-Vanemuine-theatre-Tartu-09.jpg\" data-src=\"https:\/\/kaarelantonov.com\/wp-content\/uploads\/2023\/07\/The-Battle-of-EST-2019-international-hip-hop-and-breakdance-cultural-event-at-Vanemuine-theatre-Tartu-09.jpg\"><div class=\"gridblock-links-wrap\"><span class=\"column-gridblock-icon\"><span class=\"hover-icon-effect\"><i class=\"ion-ios-search\"><\/i><\/span><\/span><\/div><\/a><\/div><img decoding=\"async\" class=\"preload-image lazyload displayed-image\" src=\"https:\/\/kaarelantonov.com\/wp-content\/themes\/blacksilver\/images\/placeholders\/placeholder-770x770.gif\" data-src=\"https:\/\/kaarelantonov.com\/wp-content\/uploads\/2023\/07\/The-Battle-of-EST-2019-international-hip-hop-and-breakdance-cultural-event-at-Vanemuine-theatre-Tartu-09-770x770.jpg\" alt=\"The Battle of EST 2019 - International Hip Hop and Break Dance cultural event at Vanemuine theatre Tartu\"><\/div><\/div><div class=\"gridblock-element  grid-animate-display-all isotope-displayed gridblock-thumbnail-id-7876 gridblock-col-3\"><div class=\"gridblock-ajax gridblock-grid-element gridblock-element-inner\" data-rel=\"6057\"><div class=\"gridblock-background-hover\"><a data-elementor-open-lightbox=\"no\" data-exthumbimage=\"https:\/\/kaarelantonov.com\/wp-content\/uploads\/2023\/07\/The-Battle-of-EST-2019-international-hip-hop-and-breakdance-cultural-event-at-Vanemuine-theatre-Tartu-01-160x160.jpg\" class=\"lightbox-active lightbox-image gridblock-sole-link\" data-sub-html=\"&lt;div class=&quot;lightbox-text-wrap &quot;&gt;&lt;\/div&gt;\" href=\"https:\/\/kaarelantonov.com\/wp-content\/uploads\/2023\/07\/The-Battle-of-EST-2019-international-hip-hop-and-breakdance-cultural-event-at-Vanemuine-theatre-Tartu-01.jpg\" data-src=\"https:\/\/kaarelantonov.com\/wp-content\/uploads\/2023\/07\/The-Battle-of-EST-2019-international-hip-hop-and-breakdance-cultural-event-at-Vanemuine-theatre-Tartu-01.jpg\"><div class=\"gridblock-links-wrap\"><span class=\"column-gridblock-icon\"><span class=\"hover-icon-effect\"><i class=\"ion-ios-search\"><\/i><\/span><\/span><\/div><\/a><\/div><img decoding=\"async\" class=\"preload-image lazyload displayed-image\" src=\"https:\/\/kaarelantonov.com\/wp-content\/themes\/blacksilver\/images\/placeholders\/placeholder-770x770.gif\" data-src=\"https:\/\/kaarelantonov.com\/wp-content\/uploads\/2023\/07\/The-Battle-of-EST-2019-international-hip-hop-and-breakdance-cultural-event-at-Vanemuine-theatre-Tartu-01-770x770.jpg\" alt=\"The Battle of EST 2019 - International Hip Hop and Break Dance cultural event at Vanemuine theatre Tartu\"><\/div><\/div><div class=\"gridblock-element  grid-animate-display-all isotope-displayed gridblock-thumbnail-id-7896 gridblock-col-4\"><div class=\"gridblock-ajax gridblock-grid-element gridblock-element-inner\" data-rel=\"6057\"><div class=\"gridblock-background-hover\"><a data-elementor-open-lightbox=\"no\" data-exthumbimage=\"https:\/\/kaarelantonov.com\/wp-content\/uploads\/2023\/07\/The-Battle-of-EST-2017-international-hip-hop-and-breakdance-cultural-event-at-Vanemuine-theatre-Tartu-02-160x160.jpg\" class=\"lightbox-active lightbox-image gridblock-sole-link\" data-sub-html=\"&lt;div class=&quot;lightbox-text-wrap &quot;&gt;&lt;\/div&gt;\" href=\"https:\/\/kaarelantonov.com\/wp-content\/uploads\/2023\/07\/The-Battle-of-EST-2017-international-hip-hop-and-breakdance-cultural-event-at-Vanemuine-theatre-Tartu-02.jpg\" data-src=\"https:\/\/kaarelantonov.com\/wp-content\/uploads\/2023\/07\/The-Battle-of-EST-2017-international-hip-hop-and-breakdance-cultural-event-at-Vanemuine-theatre-Tartu-02.jpg\"><div class=\"gridblock-links-wrap\"><span class=\"column-gridblock-icon\"><span class=\"hover-icon-effect\"><i class=\"ion-ios-search\"><\/i><\/span><\/span><\/div><\/a><\/div><img decoding=\"async\" class=\"preload-image lazyload displayed-image\" src=\"https:\/\/kaarelantonov.com\/wp-content\/themes\/blacksilver\/images\/placeholders\/placeholder-770x770.gif\" data-src=\"https:\/\/kaarelantonov.com\/wp-content\/uploads\/2023\/07\/The-Battle-of-EST-2017-international-hip-hop-and-breakdance-cultural-event-at-Vanemuine-theatre-Tartu-02-770x770.jpg\" alt=\"The Battle of EST 2017 - International Hip Hop and Break Dance cultural event at Vanemuine theatre Tartu\"><\/div><\/div><div class=\"gridblock-element  grid-animate-display-all isotope-displayed gridblock-thumbnail-id-7958 gridblock-col-5\"><div class=\"gridblock-ajax gridblock-grid-element gridblock-element-inner\" data-rel=\"6057\"><div class=\"gridblock-background-hover\"><a data-elementor-open-lightbox=\"no\" data-exthumbimage=\"https:\/\/kaarelantonov.com\/wp-content\/uploads\/2023\/07\/I-love-music-at-Sweet-Spot-Music-Festival-2018-Tallinn-Kulutuurikatel-02-160x160.jpg\" class=\"lightbox-active lightbox-image gridblock-sole-link\" data-sub-html=\"&lt;div class=&quot;lightbox-text-wrap &quot;&gt;&lt;\/div&gt;\" href=\"https:\/\/kaarelantonov.com\/wp-content\/uploads\/2023\/07\/I-love-music-at-Sweet-Spot-Music-Festival-2018-Tallinn-Kulutuurikatel-02.jpg\" data-src=\"https:\/\/kaarelantonov.com\/wp-content\/uploads\/2023\/07\/I-love-music-at-Sweet-Spot-Music-Festival-2018-Tallinn-Kulutuurikatel-02.jpg\"><div class=\"gridblock-links-wrap\"><span class=\"column-gridblock-icon\"><span class=\"hover-icon-effect\"><i class=\"ion-ios-search\"><\/i><\/span><\/span><\/div><\/a><\/div><img decoding=\"async\" class=\"preload-image lazyload displayed-image\" src=\"https:\/\/kaarelantonov.com\/wp-content\/themes\/blacksilver\/images\/placeholders\/placeholder-770x770.gif\" data-src=\"https:\/\/kaarelantonov.com\/wp-content\/uploads\/2023\/07\/I-love-music-at-Sweet-Spot-Music-Festival-2018-Tallinn-Kulutuurikatel-02-770x770.jpg\" alt=\"I love music at Sweet Spot Music Festival 2018 - Tallinna Kulutuurikatel\"><\/div><\/div><div class=\"gridblock-element  grid-animate-display-all isotope-displayed gridblock-thumbnail-id-7874 gridblock-col-1\"><div class=\"gridblock-ajax gridblock-grid-element gridblock-element-inner\" data-rel=\"6057\"><div class=\"gridblock-background-hover\"><a data-elementor-open-lightbox=\"no\" data-exthumbimage=\"https:\/\/kaarelantonov.com\/wp-content\/uploads\/2023\/07\/The-Battle-of-EST-2019-international-hip-hop-and-breakdance-cultural-event-at-Vanemuine-theatre-Tartu-02-160x160.jpg\" class=\"lightbox-active lightbox-image gridblock-sole-link\" data-sub-html=\"&lt;div class=&quot;lightbox-text-wrap &quot;&gt;&lt;\/div&gt;\" href=\"https:\/\/kaarelantonov.com\/wp-content\/uploads\/2023\/07\/The-Battle-of-EST-2019-international-hip-hop-and-breakdance-cultural-event-at-Vanemuine-theatre-Tartu-02.jpg\" data-src=\"https:\/\/kaarelantonov.com\/wp-content\/uploads\/2023\/07\/The-Battle-of-EST-2019-international-hip-hop-and-breakdance-cultural-event-at-Vanemuine-theatre-Tartu-02.jpg\"><div class=\"gridblock-links-wrap\"><span class=\"column-gridblock-icon\"><span class=\"hover-icon-effect\"><i class=\"ion-ios-search\"><\/i><\/span><\/span><\/div><\/a><\/div><img decoding=\"async\" class=\"preload-image lazyload displayed-image\" src=\"https:\/\/kaarelantonov.com\/wp-content\/themes\/blacksilver\/images\/placeholders\/placeholder-770x770.gif\" data-src=\"https:\/\/kaarelantonov.com\/wp-content\/uploads\/2023\/07\/The-Battle-of-EST-2019-international-hip-hop-and-breakdance-cultural-event-at-Vanemuine-theatre-Tartu-02-770x770.jpg\" alt=\"The Battle of EST 2019 - International Hip Hop and Break Dance cultural event at Vanemuine theatre Tartu\"><\/div><\/div><div class=\"gridblock-element  grid-animate-display-all isotope-displayed gridblock-thumbnail-id-7864 gridblock-col-2\"><div class=\"gridblock-ajax gridblock-grid-element gridblock-element-inner\" data-rel=\"6057\"><div class=\"gridblock-background-hover\"><a data-elementor-open-lightbox=\"no\" data-exthumbimage=\"https:\/\/kaarelantonov.com\/wp-content\/uploads\/2023\/07\/The-Battle-of-EST-2019-international-hip-hop-and-breakdance-cultural-event-at-Vanemuine-theatre-Tartu-07-160x160.jpg\" class=\"lightbox-active lightbox-image gridblock-sole-link\" data-sub-html=\"&lt;div class=&quot;lightbox-text-wrap &quot;&gt;&lt;\/div&gt;\" href=\"https:\/\/kaarelantonov.com\/wp-content\/uploads\/2023\/07\/The-Battle-of-EST-2019-international-hip-hop-and-breakdance-cultural-event-at-Vanemuine-theatre-Tartu-07.jpg\" data-src=\"https:\/\/kaarelantonov.com\/wp-content\/uploads\/2023\/07\/The-Battle-of-EST-2019-international-hip-hop-and-breakdance-cultural-event-at-Vanemuine-theatre-Tartu-07.jpg\"><div class=\"gridblock-links-wrap\"><span class=\"column-gridblock-icon\"><span class=\"hover-icon-effect\"><i class=\"ion-ios-search\"><\/i><\/span><\/span><\/div><\/a><\/div><img decoding=\"async\" class=\"preload-image lazyload displayed-image\" src=\"https:\/\/kaarelantonov.com\/wp-content\/themes\/blacksilver\/images\/placeholders\/placeholder-770x770.gif\" data-src=\"https:\/\/kaarelantonov.com\/wp-content\/uploads\/2023\/07\/The-Battle-of-EST-2019-international-hip-hop-and-breakdance-cultural-event-at-Vanemuine-theatre-Tartu-07-770x770.jpg\" alt=\"The Battle of EST 2019 - International Hip Hop and Break Dance cultural event at Vanemuine theatre Tartu\"><\/div><\/div><div class=\"gridblock-element  grid-animate-display-all isotope-displayed gridblock-thumbnail-id-7892 gridblock-col-3\"><div class=\"gridblock-ajax gridblock-grid-element gridblock-element-inner\" data-rel=\"6057\"><div class=\"gridblock-background-hover\"><a data-elementor-open-lightbox=\"no\" data-exthumbimage=\"https:\/\/kaarelantonov.com\/wp-content\/uploads\/2023\/07\/The-Battle-of-EST-2017-international-hip-hop-and-breakdance-cultural-event-at-Vanemuine-theatre-Tartu-04-160x160.jpg\" class=\"lightbox-active lightbox-image gridblock-sole-link\" data-sub-html=\"&lt;div class=&quot;lightbox-text-wrap &quot;&gt;&lt;\/div&gt;\" href=\"https:\/\/kaarelantonov.com\/wp-content\/uploads\/2023\/07\/The-Battle-of-EST-2017-international-hip-hop-and-breakdance-cultural-event-at-Vanemuine-theatre-Tartu-04.jpg\" data-src=\"https:\/\/kaarelantonov.com\/wp-content\/uploads\/2023\/07\/The-Battle-of-EST-2017-international-hip-hop-and-breakdance-cultural-event-at-Vanemuine-theatre-Tartu-04.jpg\"><div class=\"gridblock-links-wrap\"><span class=\"column-gridblock-icon\"><span class=\"hover-icon-effect\"><i class=\"ion-ios-search\"><\/i><\/span><\/span><\/div><\/a><\/div><img decoding=\"async\" class=\"preload-image lazyload displayed-image\" src=\"https:\/\/kaarelantonov.com\/wp-content\/themes\/blacksilver\/images\/placeholders\/placeholder-770x770.gif\" data-src=\"https:\/\/kaarelantonov.com\/wp-content\/uploads\/2023\/07\/The-Battle-of-EST-2017-international-hip-hop-and-breakdance-cultural-event-at-Vanemuine-theatre-Tartu-04-770x770.jpg\" alt=\"The Battle of EST 2017 - International Hip Hop and Break Dance cultural event at Vanemuine theatre Tartu\"><\/div><\/div><div class=\"gridblock-element  grid-animate-display-all isotope-displayed gridblock-thumbnail-id-7894 gridblock-col-4\"><div class=\"gridblock-ajax gridblock-grid-element gridblock-element-inner\" data-rel=\"6057\"><div class=\"gridblock-background-hover\"><a data-elementor-open-lightbox=\"no\" data-exthumbimage=\"https:\/\/kaarelantonov.com\/wp-content\/uploads\/2023\/07\/The-Battle-of-EST-2017-international-hip-hop-and-breakdance-cultural-event-at-Vanemuine-theatre-Tartu-03-160x160.jpg\" class=\"lightbox-active lightbox-image gridblock-sole-link\" data-sub-html=\"&lt;div class=&quot;lightbox-text-wrap &quot;&gt;&lt;\/div&gt;\" href=\"https:\/\/kaarelantonov.com\/wp-content\/uploads\/2023\/07\/The-Battle-of-EST-2017-international-hip-hop-and-breakdance-cultural-event-at-Vanemuine-theatre-Tartu-03.jpg\" data-src=\"https:\/\/kaarelantonov.com\/wp-content\/uploads\/2023\/07\/The-Battle-of-EST-2017-international-hip-hop-and-breakdance-cultural-event-at-Vanemuine-theatre-Tartu-03.jpg\"><div class=\"gridblock-links-wrap\"><span class=\"column-gridblock-icon\"><span class=\"hover-icon-effect\"><i class=\"ion-ios-search\"><\/i><\/span><\/span><\/div><\/a><\/div><img decoding=\"async\" class=\"preload-image lazyload displayed-image\" src=\"https:\/\/kaarelantonov.com\/wp-content\/themes\/blacksilver\/images\/placeholders\/placeholder-770x770.gif\" data-src=\"https:\/\/kaarelantonov.com\/wp-content\/uploads\/2023\/07\/The-Battle-of-EST-2017-international-hip-hop-and-breakdance-cultural-event-at-Vanemuine-theatre-Tartu-03-770x770.jpg\" alt=\"The Battle of EST 2017 - International Hip Hop and Break Dance cultural event at Vanemuine theatre Tartu\"><\/div><\/div><div class=\"gridblock-element  grid-animate-display-all isotope-displayed gridblock-thumbnail-id-7932 gridblock-col-5\"><div class=\"gridblock-ajax gridblock-grid-element gridblock-element-inner\" data-rel=\"6057\"><div class=\"gridblock-background-hover\"><a data-elementor-open-lightbox=\"no\" data-exthumbimage=\"https:\/\/kaarelantonov.com\/wp-content\/uploads\/2023\/07\/PhotoShoot-for-Pirados-Brand-160x160.jpg\" class=\"lightbox-active lightbox-image gridblock-sole-link\" data-sub-html=\"&lt;div class=&quot;lightbox-text-wrap &quot;&gt;&lt;\/div&gt;\" href=\"https:\/\/kaarelantonov.com\/wp-content\/uploads\/2023\/07\/PhotoShoot-for-Pirados-Brand.jpg\" data-src=\"https:\/\/kaarelantonov.com\/wp-content\/uploads\/2023\/07\/PhotoShoot-for-Pirados-Brand.jpg\"><div class=\"gridblock-links-wrap\"><span class=\"column-gridblock-icon\"><span class=\"hover-icon-effect\"><i class=\"ion-ios-search\"><\/i><\/span><\/span><\/div><\/a><\/div><img decoding=\"async\" class=\"preload-image lazyload displayed-image\" src=\"https:\/\/kaarelantonov.com\/wp-content\/themes\/blacksilver\/images\/placeholders\/placeholder-770x770.gif\" data-src=\"https:\/\/kaarelantonov.com\/wp-content\/uploads\/2023\/07\/PhotoShoot-for-Pirados-Brand-770x770.jpg\" alt=\"PhotoShoot for Pirados Brand\"><\/div><\/div><div class=\"gridblock-element  grid-animate-display-all isotope-displayed gridblock-thumbnail-id-7906 gridblock-col-1\"><div class=\"gridblock-ajax gridblock-grid-element gridblock-element-inner\" data-rel=\"6057\"><div class=\"gridblock-background-hover\"><a data-elementor-open-lightbox=\"no\" data-exthumbimage=\"https:\/\/kaarelantonov.com\/wp-content\/uploads\/2023\/07\/Street-Food-at-Sweet-Spot-Music-Festival-2018-Tallinn-Kulutuurikatel-01-160x160.jpg\" class=\"lightbox-active lightbox-image gridblock-sole-link\" data-sub-html=\"&lt;div class=&quot;lightbox-text-wrap &quot;&gt;&lt;\/div&gt;\" href=\"https:\/\/kaarelantonov.com\/wp-content\/uploads\/2023\/07\/Street-Food-at-Sweet-Spot-Music-Festival-2018-Tallinn-Kulutuurikatel-01.jpg\" data-src=\"https:\/\/kaarelantonov.com\/wp-content\/uploads\/2023\/07\/Street-Food-at-Sweet-Spot-Music-Festival-2018-Tallinn-Kulutuurikatel-01.jpg\"><div class=\"gridblock-links-wrap\"><span class=\"column-gridblock-icon\"><span class=\"hover-icon-effect\"><i class=\"ion-ios-search\"><\/i><\/span><\/span><\/div><\/a><\/div><img decoding=\"async\" class=\"preload-image lazyload displayed-image\" src=\"https:\/\/kaarelantonov.com\/wp-content\/themes\/blacksilver\/images\/placeholders\/placeholder-770x770.gif\" data-src=\"https:\/\/kaarelantonov.com\/wp-content\/uploads\/2023\/07\/Street-Food-at-Sweet-Spot-Music-Festival-2018-Tallinn-Kulutuurikatel-01-770x770.jpg\" alt=\"Street Food at Sweet Spot Music Festival 2018 in Tallinna Kulutuurikatel\"><\/div><\/div><div class=\"gridblock-element  grid-animate-display-all isotope-displayed gridblock-thumbnail-id-7908 gridblock-col-2\"><div class=\"gridblock-ajax gridblock-grid-element gridblock-element-inner\" data-rel=\"6057\"><div class=\"gridblock-background-hover\"><a data-elementor-open-lightbox=\"no\" data-exthumbimage=\"https:\/\/kaarelantonov.com\/wp-content\/uploads\/2023\/07\/Soul-Park-Estonian-Break-Dance-Jam-160x160.jpg\" class=\"lightbox-active lightbox-image gridblock-sole-link\" data-sub-html=\"&lt;div class=&quot;lightbox-text-wrap &quot;&gt;&lt;\/div&gt;\" href=\"https:\/\/kaarelantonov.com\/wp-content\/uploads\/2023\/07\/Soul-Park-Estonian-Break-Dance-Jam.jpg\" data-src=\"https:\/\/kaarelantonov.com\/wp-content\/uploads\/2023\/07\/Soul-Park-Estonian-Break-Dance-Jam.jpg\"><div class=\"gridblock-links-wrap\"><span class=\"column-gridblock-icon\"><span class=\"hover-icon-effect\"><i class=\"ion-ios-search\"><\/i><\/span><\/span><\/div><\/a><\/div><img decoding=\"async\" class=\"preload-image lazyload displayed-image\" src=\"https:\/\/kaarelantonov.com\/wp-content\/themes\/blacksilver\/images\/placeholders\/placeholder-770x770.gif\" data-src=\"https:\/\/kaarelantonov.com\/wp-content\/uploads\/2023\/07\/Soul-Park-Estonian-Break-Dance-Jam-770x770.jpg\" alt=\"Soul Park - Estonian Break Dance Jam\"><\/div><\/div><div class=\"gridblock-element  grid-animate-display-all isotope-displayed gridblock-thumbnail-id-7912 gridblock-col-3\"><div class=\"gridblock-ajax gridblock-grid-element gridblock-element-inner\" data-rel=\"6057\"><div class=\"gridblock-background-hover\"><a data-elementor-open-lightbox=\"no\" data-exthumbimage=\"https:\/\/kaarelantonov.com\/wp-content\/uploads\/2023\/07\/Soul-Park-Estonian-Break-Dance-Jam-04-160x160.jpg\" class=\"lightbox-active lightbox-image gridblock-sole-link\" data-sub-html=\"&lt;div class=&quot;lightbox-text-wrap &quot;&gt;&lt;\/div&gt;\" href=\"https:\/\/kaarelantonov.com\/wp-content\/uploads\/2023\/07\/Soul-Park-Estonian-Break-Dance-Jam-04.jpg\" data-src=\"https:\/\/kaarelantonov.com\/wp-content\/uploads\/2023\/07\/Soul-Park-Estonian-Break-Dance-Jam-04.jpg\"><div class=\"gridblock-links-wrap\"><span class=\"column-gridblock-icon\"><span class=\"hover-icon-effect\"><i class=\"ion-ios-search\"><\/i><\/span><\/span><\/div><\/a><\/div><img decoding=\"async\" class=\"preload-image lazyload displayed-image\" src=\"https:\/\/kaarelantonov.com\/wp-content\/themes\/blacksilver\/images\/placeholders\/placeholder-770x770.gif\" data-src=\"https:\/\/kaarelantonov.com\/wp-content\/uploads\/2023\/07\/Soul-Park-Estonian-Break-Dance-Jam-04-770x770.jpg\" alt=\"Soul Park - Estonian Break Dance Jam\"><\/div><\/div><div class=\"gridblock-element  grid-animate-display-all isotope-displayed gridblock-thumbnail-id-7974 gridblock-col-4\"><div class=\"gridblock-ajax gridblock-grid-element gridblock-element-inner\" data-rel=\"6057\"><div class=\"gridblock-background-hover\"><a data-elementor-open-lightbox=\"no\" data-exthumbimage=\"https:\/\/kaarelantonov.com\/wp-content\/uploads\/2023\/07\/dans--Singapore-dance-festival-160x160.jpg\" class=\"lightbox-active lightbox-image gridblock-sole-link\" data-sub-html=\"&lt;div class=&quot;lightbox-text-wrap &quot;&gt;&lt;\/div&gt;\" href=\"https:\/\/kaarelantonov.com\/wp-content\/uploads\/2023\/07\/dans--Singapore-dance-festival.jpg\" data-src=\"https:\/\/kaarelantonov.com\/wp-content\/uploads\/2023\/07\/dans--Singapore-dance-festival.jpg\"><div class=\"gridblock-links-wrap\"><span class=\"column-gridblock-icon\"><span class=\"hover-icon-effect\"><i class=\"ion-ios-search\"><\/i><\/span><\/span><\/div><\/a><\/div><img decoding=\"async\" class=\"preload-image lazyload displayed-image\" src=\"https:\/\/kaarelantonov.com\/wp-content\/themes\/blacksilver\/images\/placeholders\/placeholder-770x770.gif\" data-src=\"https:\/\/kaarelantonov.com\/wp-content\/uploads\/2023\/07\/dans--Singapore-dance-festival-770x770.jpg\" alt=\"da:ns Singapore dance festival\"><\/div><\/div><div class=\"gridblock-element  grid-animate-display-all isotope-displayed gridblock-thumbnail-id-7928 gridblock-col-5\"><div class=\"gridblock-ajax gridblock-grid-element gridblock-element-inner\" data-rel=\"6057\"><div class=\"gridblock-background-hover\"><a data-elementor-open-lightbox=\"no\" data-exthumbimage=\"https:\/\/kaarelantonov.com\/wp-content\/uploads\/2023\/07\/Smartphone-Photography-at-Sweet-Spot-Music-Festival-2018-Tallinn-Kulutuurikatel-02-160x160.jpg\" class=\"lightbox-active lightbox-image gridblock-sole-link\" data-sub-html=\"&lt;div class=&quot;lightbox-text-wrap &quot;&gt;&lt;\/div&gt;\" href=\"https:\/\/kaarelantonov.com\/wp-content\/uploads\/2023\/07\/Smartphone-Photography-at-Sweet-Spot-Music-Festival-2018-Tallinn-Kulutuurikatel-02.jpg\" data-src=\"https:\/\/kaarelantonov.com\/wp-content\/uploads\/2023\/07\/Smartphone-Photography-at-Sweet-Spot-Music-Festival-2018-Tallinn-Kulutuurikatel-02.jpg\"><div class=\"gridblock-links-wrap\"><span class=\"column-gridblock-icon\"><span class=\"hover-icon-effect\"><i class=\"ion-ios-search\"><\/i><\/span><\/span><\/div><\/a><\/div><img decoding=\"async\" class=\"preload-image lazyload displayed-image\" src=\"https:\/\/kaarelantonov.com\/wp-content\/themes\/blacksilver\/images\/placeholders\/placeholder-770x770.gif\" data-src=\"https:\/\/kaarelantonov.com\/wp-content\/uploads\/2023\/07\/Smartphone-Photography-at-Sweet-Spot-Music-Festival-2018-Tallinn-Kulutuurikatel-02-770x770.jpg\" alt=\"Smartphone Photography at Sweet Spot Music Festival 2018 in Tallinna Kulutuurikatel\"><\/div><\/div><div class=\"gridblock-element  grid-animate-display-all isotope-displayed gridblock-thumbnail-id-7966 gridblock-col-1\"><div class=\"gridblock-ajax gridblock-grid-element gridblock-element-inner\" data-rel=\"6057\"><div class=\"gridblock-background-hover\"><a data-elementor-open-lightbox=\"no\" data-exthumbimage=\"https:\/\/kaarelantonov.com\/wp-content\/uploads\/2023\/07\/Estonian-Hip-Hop-Dance-Competition-160x160.jpg\" class=\"lightbox-active lightbox-image gridblock-sole-link\" data-sub-html=\"&lt;div class=&quot;lightbox-text-wrap &quot;&gt;&lt;\/div&gt;\" href=\"https:\/\/kaarelantonov.com\/wp-content\/uploads\/2023\/07\/Estonian-Hip-Hop-Dance-Competition.jpg\" data-src=\"https:\/\/kaarelantonov.com\/wp-content\/uploads\/2023\/07\/Estonian-Hip-Hop-Dance-Competition.jpg\"><div class=\"gridblock-links-wrap\"><span class=\"column-gridblock-icon\"><span class=\"hover-icon-effect\"><i class=\"ion-ios-search\"><\/i><\/span><\/span><\/div><\/a><\/div><img decoding=\"async\" class=\"preload-image lazyload displayed-image\" src=\"https:\/\/kaarelantonov.com\/wp-content\/themes\/blacksilver\/images\/placeholders\/placeholder-770x770.gif\" data-src=\"https:\/\/kaarelantonov.com\/wp-content\/uploads\/2023\/07\/Estonian-Hip-Hop-Dance-Competition-770x770.jpg\" alt=\"Estonian Hip Hop Dance Competition\"><\/div><\/div><div class=\"gridblock-element  grid-animate-display-all isotope-displayed gridblock-thumbnail-id-7980 gridblock-col-2\"><div class=\"gridblock-ajax gridblock-grid-element gridblock-element-inner\" data-rel=\"6057\"><div class=\"gridblock-background-hover\"><a data-elementor-open-lightbox=\"no\" data-exthumbimage=\"https:\/\/kaarelantonov.com\/wp-content\/uploads\/2023\/07\/Chicago-Pride-Fest-160x160.jpg\" class=\"lightbox-active lightbox-image gridblock-sole-link\" data-sub-html=\"&lt;div class=&quot;lightbox-text-wrap &quot;&gt;&lt;\/div&gt;\" href=\"https:\/\/kaarelantonov.com\/wp-content\/uploads\/2023\/07\/Chicago-Pride-Fest.jpg\" data-src=\"https:\/\/kaarelantonov.com\/wp-content\/uploads\/2023\/07\/Chicago-Pride-Fest.jpg\"><div class=\"gridblock-links-wrap\"><span class=\"column-gridblock-icon\"><span class=\"hover-icon-effect\"><i class=\"ion-ios-search\"><\/i><\/span><\/span><\/div><\/a><\/div><img decoding=\"async\" class=\"preload-image lazyload displayed-image\" src=\"https:\/\/kaarelantonov.com\/wp-content\/themes\/blacksilver\/images\/placeholders\/placeholder-770x770.gif\" data-src=\"https:\/\/kaarelantonov.com\/wp-content\/uploads\/2023\/07\/Chicago-Pride-Fest-770x770.jpg\" alt=\"Chicago Pride Fest\"><\/div><\/div><div class=\"gridblock-element  grid-animate-display-all isotope-displayed gridblock-thumbnail-id-7994 gridblock-col-3\"><div class=\"gridblock-ajax gridblock-grid-element gridblock-element-inner\" data-rel=\"6057\"><div class=\"gridblock-background-hover\"><a data-elementor-open-lightbox=\"no\" data-exthumbimage=\"https:\/\/kaarelantonov.com\/wp-content\/uploads\/2023\/07\/Big-Toe-crew-battle--Break-Dance-battle-in-Hanoi-Vietnam-160x160.jpg\" class=\"lightbox-active lightbox-image gridblock-sole-link\" data-sub-html=\"&lt;div class=&quot;lightbox-text-wrap &quot;&gt;&lt;\/div&gt;\" href=\"https:\/\/kaarelantonov.com\/wp-content\/uploads\/2023\/07\/Big-Toe-crew-battle--Break-Dance-battle-in-Hanoi-Vietnam.jpg\" data-src=\"https:\/\/kaarelantonov.com\/wp-content\/uploads\/2023\/07\/Big-Toe-crew-battle--Break-Dance-battle-in-Hanoi-Vietnam.jpg\"><div class=\"gridblock-links-wrap\"><span class=\"column-gridblock-icon\"><span class=\"hover-icon-effect\"><i class=\"ion-ios-search\"><\/i><\/span><\/span><\/div><\/a><\/div><img decoding=\"async\" class=\"preload-image lazyload displayed-image\" src=\"https:\/\/kaarelantonov.com\/wp-content\/themes\/blacksilver\/images\/placeholders\/placeholder-770x770.gif\" data-src=\"https:\/\/kaarelantonov.com\/wp-content\/uploads\/2023\/07\/Big-Toe-crew-battle--Break-Dance-battle-in-Hanoi-Vietnam-770x770.jpg\" alt=\"Big Toe crew battle - Break Dance battle in Hanoi, Vietnam\"><\/div><\/div><div class=\"gridblock-element  grid-animate-display-all isotope-displayed gridblock-thumbnail-id-7930 gridblock-col-4\"><div class=\"gridblock-ajax gridblock-grid-element gridblock-element-inner\" data-rel=\"6057\"><div class=\"gridblock-background-hover\"><a data-elementor-open-lightbox=\"no\" data-exthumbimage=\"https:\/\/kaarelantonov.com\/wp-content\/uploads\/2023\/07\/Photoshoot-of-bboy-Mike-160x160.jpg\" class=\"lightbox-active lightbox-image gridblock-sole-link\" data-sub-html=\"&lt;div class=&quot;lightbox-text-wrap &quot;&gt;&lt;\/div&gt;\" href=\"https:\/\/kaarelantonov.com\/wp-content\/uploads\/2023\/07\/Photoshoot-of-bboy-Mike.jpg\" data-src=\"https:\/\/kaarelantonov.com\/wp-content\/uploads\/2023\/07\/Photoshoot-of-bboy-Mike.jpg\"><div class=\"gridblock-links-wrap\"><span class=\"column-gridblock-icon\"><span class=\"hover-icon-effect\"><i class=\"ion-ios-search\"><\/i><\/span><\/span><\/div><\/a><\/div><img decoding=\"async\" class=\"preload-image lazyload displayed-image\" src=\"https:\/\/kaarelantonov.com\/wp-content\/themes\/blacksilver\/images\/placeholders\/placeholder-770x770.gif\" data-src=\"https:\/\/kaarelantonov.com\/wp-content\/uploads\/2023\/07\/Photoshoot-of-bboy-Mike-770x770.jpg\" alt=\"Photoshoot of bboy Mike\"><\/div><\/div><div class=\"gridblock-element  grid-animate-display-all isotope-displayed gridblock-thumbnail-id-7870 gridblock-col-5\"><div class=\"gridblock-ajax gridblock-grid-element gridblock-element-inner\" data-rel=\"6057\"><div class=\"gridblock-background-hover\"><a data-elementor-open-lightbox=\"no\" data-exthumbimage=\"https:\/\/kaarelantonov.com\/wp-content\/uploads\/2023\/07\/The-Battle-of-EST-2019-international-hip-hop-and-breakdance-cultural-event-at-Vanemuine-theatre-Tartu-04-160x160.jpg\" class=\"lightbox-active lightbox-image gridblock-sole-link\" data-sub-html=\"&lt;div class=&quot;lightbox-text-wrap &quot;&gt;&lt;\/div&gt;\" href=\"https:\/\/kaarelantonov.com\/wp-content\/uploads\/2023\/07\/The-Battle-of-EST-2019-international-hip-hop-and-breakdance-cultural-event-at-Vanemuine-theatre-Tartu-04.jpg\" data-src=\"https:\/\/kaarelantonov.com\/wp-content\/uploads\/2023\/07\/The-Battle-of-EST-2019-international-hip-hop-and-breakdance-cultural-event-at-Vanemuine-theatre-Tartu-04.jpg\"><div class=\"gridblock-links-wrap\"><span class=\"column-gridblock-icon\"><span class=\"hover-icon-effect\"><i class=\"ion-ios-search\"><\/i><\/span><\/span><\/div><\/a><\/div><img decoding=\"async\" class=\"preload-image lazyload displayed-image\" src=\"https:\/\/kaarelantonov.com\/wp-content\/themes\/blacksilver\/images\/placeholders\/placeholder-770x770.gif\" data-src=\"https:\/\/kaarelantonov.com\/wp-content\/uploads\/2023\/07\/The-Battle-of-EST-2019-international-hip-hop-and-breakdance-cultural-event-at-Vanemuine-theatre-Tartu-04-770x770.jpg\" alt=\"The Battle of EST 2019 - International Hip Hop and Break Dance cultural event at Vanemuine theatre Tartu\"><\/div><\/div><div class=\"gridblock-element  grid-animate-display-all isotope-displayed gridblock-thumbnail-id-7926 gridblock-col-1\"><div class=\"gridblock-ajax gridblock-grid-element gridblock-element-inner\" data-rel=\"6057\"><div class=\"gridblock-background-hover\"><a data-elementor-open-lightbox=\"no\" data-exthumbimage=\"https:\/\/kaarelantonov.com\/wp-content\/uploads\/2023\/07\/Soichi-Terada-performance-at-Sweet-Spot-Music-Festival-2018-Tallinn-Kulutuurikatel-00-160x160.jpg\" class=\"lightbox-active lightbox-image gridblock-sole-link\" data-sub-html=\"&lt;div class=&quot;lightbox-text-wrap &quot;&gt;&lt;\/div&gt;\" href=\"https:\/\/kaarelantonov.com\/wp-content\/uploads\/2023\/07\/Soichi-Terada-performance-at-Sweet-Spot-Music-Festival-2018-Tallinn-Kulutuurikatel-00.jpg\" data-src=\"https:\/\/kaarelantonov.com\/wp-content\/uploads\/2023\/07\/Soichi-Terada-performance-at-Sweet-Spot-Music-Festival-2018-Tallinn-Kulutuurikatel-00.jpg\"><div class=\"gridblock-links-wrap\"><span class=\"column-gridblock-icon\"><span class=\"hover-icon-effect\"><i class=\"ion-ios-search\"><\/i><\/span><\/span><\/div><\/a><\/div><img decoding=\"async\" class=\"preload-image lazyload displayed-image\" src=\"https:\/\/kaarelantonov.com\/wp-content\/themes\/blacksilver\/images\/placeholders\/placeholder-770x770.gif\" data-src=\"https:\/\/kaarelantonov.com\/wp-content\/uploads\/2023\/07\/Soichi-Terada-performance-at-Sweet-Spot-Music-Festival-2018-Tallinn-Kulutuurikatel-00-770x770.jpg\" alt=\"Soichi Terada performance at Sweet Spot Music Festival 2018 in Tallinna Kulutuurikatel\"><\/div><\/div><div class=\"gridblock-element  grid-animate-display-all isotope-displayed gridblock-thumbnail-id-7924 gridblock-col-2\"><div class=\"gridblock-ajax gridblock-grid-element gridblock-element-inner\" data-rel=\"6057\"><div class=\"gridblock-background-hover\"><a data-elementor-open-lightbox=\"no\" data-exthumbimage=\"https:\/\/kaarelantonov.com\/wp-content\/uploads\/2023\/07\/Soichi-Terada-performance-at-Sweet-Spot-Music-Festival-2018-Tallinn-Kulutuurikatel-01-160x160.jpg\" class=\"lightbox-active lightbox-image gridblock-sole-link\" data-sub-html=\"&lt;div class=&quot;lightbox-text-wrap &quot;&gt;&lt;\/div&gt;\" href=\"https:\/\/kaarelantonov.com\/wp-content\/uploads\/2023\/07\/Soichi-Terada-performance-at-Sweet-Spot-Music-Festival-2018-Tallinn-Kulutuurikatel-01.jpg\" data-src=\"https:\/\/kaarelantonov.com\/wp-content\/uploads\/2023\/07\/Soichi-Terada-performance-at-Sweet-Spot-Music-Festival-2018-Tallinn-Kulutuurikatel-01.jpg\"><div class=\"gridblock-links-wrap\"><span class=\"column-gridblock-icon\"><span class=\"hover-icon-effect\"><i class=\"ion-ios-search\"><\/i><\/span><\/span><\/div><\/a><\/div><img decoding=\"async\" class=\"preload-image lazyload displayed-image\" src=\"https:\/\/kaarelantonov.com\/wp-content\/themes\/blacksilver\/images\/placeholders\/placeholder-770x770.gif\" data-src=\"https:\/\/kaarelantonov.com\/wp-content\/uploads\/2023\/07\/Soichi-Terada-performance-at-Sweet-Spot-Music-Festival-2018-Tallinn-Kulutuurikatel-01-770x770.jpg\" alt=\"Soichi Terada performance at Sweet Spot Music Festival 2018 in Tallinna Kulutuurikatel\"><\/div><\/div><div class=\"gridblock-element  grid-animate-display-all isotope-displayed gridblock-thumbnail-id-7978 gridblock-col-3\"><div class=\"gridblock-ajax gridblock-grid-element gridblock-element-inner\" data-rel=\"6057\"><div class=\"gridblock-background-hover\"><a data-elementor-open-lightbox=\"no\" data-exthumbimage=\"https:\/\/kaarelantonov.com\/wp-content\/uploads\/2023\/07\/dans--Singapore-dance-festival-01-160x160.jpg\" class=\"lightbox-active lightbox-image gridblock-sole-link\" data-sub-html=\"&lt;div class=&quot;lightbox-text-wrap &quot;&gt;&lt;\/div&gt;\" href=\"https:\/\/kaarelantonov.com\/wp-content\/uploads\/2023\/07\/dans--Singapore-dance-festival-01.jpg\" data-src=\"https:\/\/kaarelantonov.com\/wp-content\/uploads\/2023\/07\/dans--Singapore-dance-festival-01.jpg\"><div class=\"gridblock-links-wrap\"><span class=\"column-gridblock-icon\"><span class=\"hover-icon-effect\"><i class=\"ion-ios-search\"><\/i><\/span><\/span><\/div><\/a><\/div><img decoding=\"async\" class=\"preload-image lazyload displayed-image\" src=\"https:\/\/kaarelantonov.com\/wp-content\/themes\/blacksilver\/images\/placeholders\/placeholder-770x770.gif\" data-src=\"https:\/\/kaarelantonov.com\/wp-content\/uploads\/2023\/07\/dans--Singapore-dance-festival-01-770x770.jpg\" alt=\"da:ns Singapore dance festival\"><\/div><\/div><div class=\"gridblock-element  grid-animate-display-all isotope-displayed gridblock-thumbnail-id-7992 gridblock-col-4\"><div class=\"gridblock-ajax gridblock-grid-element gridblock-element-inner\" data-rel=\"6057\"><div class=\"gridblock-background-hover\"><a data-elementor-open-lightbox=\"no\" data-exthumbimage=\"https:\/\/kaarelantonov.com\/wp-content\/uploads\/2023\/07\/Break-dance-battle-in-Parnu-Estonia-01-160x160.jpg\" class=\"lightbox-active lightbox-image gridblock-sole-link\" data-sub-html=\"&lt;div class=&quot;lightbox-text-wrap &quot;&gt;&lt;\/div&gt;\" href=\"https:\/\/kaarelantonov.com\/wp-content\/uploads\/2023\/07\/Break-dance-battle-in-Parnu-Estonia-01.jpg\" data-src=\"https:\/\/kaarelantonov.com\/wp-content\/uploads\/2023\/07\/Break-dance-battle-in-Parnu-Estonia-01.jpg\"><div class=\"gridblock-links-wrap\"><span class=\"column-gridblock-icon\"><span class=\"hover-icon-effect\"><i class=\"ion-ios-search\"><\/i><\/span><\/span><\/div><\/a><\/div><img decoding=\"async\" class=\"preload-image lazyload displayed-image\" src=\"https:\/\/kaarelantonov.com\/wp-content\/themes\/blacksilver\/images\/placeholders\/placeholder-770x770.gif\" data-src=\"https:\/\/kaarelantonov.com\/wp-content\/uploads\/2023\/07\/Break-dance-battle-in-Parnu-Estonia-01-770x770.jpg\" alt=\"Break dance battle in P\u00e4rnu Estonia\"><\/div><\/div><div class=\"gridblock-element  grid-animate-display-all isotope-displayed gridblock-thumbnail-id-7936 gridblock-col-5\"><div class=\"gridblock-ajax gridblock-grid-element gridblock-element-inner\" data-rel=\"6057\"><div class=\"gridblock-background-hover\"><a data-elementor-open-lightbox=\"no\" data-exthumbimage=\"https:\/\/kaarelantonov.com\/wp-content\/uploads\/2023\/07\/People-at-Sweet-Spot-Music-Festival-2018-Tallinn-Kulutuurikatel-02-160x160.jpg\" class=\"lightbox-active lightbox-image gridblock-sole-link\" data-sub-html=\"&lt;div class=&quot;lightbox-text-wrap &quot;&gt;&lt;\/div&gt;\" href=\"https:\/\/kaarelantonov.com\/wp-content\/uploads\/2023\/07\/People-at-Sweet-Spot-Music-Festival-2018-Tallinn-Kulutuurikatel-02.jpg\" data-src=\"https:\/\/kaarelantonov.com\/wp-content\/uploads\/2023\/07\/People-at-Sweet-Spot-Music-Festival-2018-Tallinn-Kulutuurikatel-02.jpg\"><div class=\"gridblock-links-wrap\"><span class=\"column-gridblock-icon\"><span class=\"hover-icon-effect\"><i class=\"ion-ios-search\"><\/i><\/span><\/span><\/div><\/a><\/div><img decoding=\"async\" class=\"preload-image lazyload displayed-image\" src=\"https:\/\/kaarelantonov.com\/wp-content\/themes\/blacksilver\/images\/placeholders\/placeholder-770x770.gif\" data-src=\"https:\/\/kaarelantonov.com\/wp-content\/uploads\/2023\/07\/People-at-Sweet-Spot-Music-Festival-2018-Tallinn-Kulutuurikatel-02-770x770.jpg\" alt=\"People at Sweet Spot Music Festival 2018 in Tallinna Kulutuurikatel\"><\/div><\/div><div class=\"gridblock-element  grid-animate-display-all isotope-displayed gridblock-thumbnail-id-7982 gridblock-col-1\"><div class=\"gridblock-ajax gridblock-grid-element gridblock-element-inner\" data-rel=\"6057\"><div class=\"gridblock-background-hover\"><a data-elementor-open-lightbox=\"no\" data-exthumbimage=\"https:\/\/kaarelantonov.com\/wp-content\/uploads\/2023\/07\/Chicago-Music-and-Street-Festival-160x160.jpg\" class=\"lightbox-active lightbox-image gridblock-sole-link\" data-sub-html=\"&lt;div class=&quot;lightbox-text-wrap &quot;&gt;&lt;\/div&gt;\" href=\"https:\/\/kaarelantonov.com\/wp-content\/uploads\/2023\/07\/Chicago-Music-and-Street-Festival.jpg\" data-src=\"https:\/\/kaarelantonov.com\/wp-content\/uploads\/2023\/07\/Chicago-Music-and-Street-Festival.jpg\"><div class=\"gridblock-links-wrap\"><span class=\"column-gridblock-icon\"><span class=\"hover-icon-effect\"><i class=\"ion-ios-search\"><\/i><\/span><\/span><\/div><\/a><\/div><img decoding=\"async\" class=\"preload-image lazyload displayed-image\" src=\"https:\/\/kaarelantonov.com\/wp-content\/themes\/blacksilver\/images\/placeholders\/placeholder-770x770.gif\" data-src=\"https:\/\/kaarelantonov.com\/wp-content\/uploads\/2023\/07\/Chicago-Music-and-Street-Festival-770x770.jpg\" alt=\"Chicago Music and Street Festival\"><\/div><\/div><div class=\"gridblock-element  grid-animate-display-all isotope-displayed gridblock-thumbnail-id-7984 gridblock-col-2\"><div class=\"gridblock-ajax gridblock-grid-element gridblock-element-inner\" data-rel=\"6057\"><div class=\"gridblock-background-hover\"><a data-elementor-open-lightbox=\"no\" data-exthumbimage=\"https:\/\/kaarelantonov.com\/wp-content\/uploads\/2023\/07\/Chicago-Music-and-Street-Festival-01-160x160.jpg\" class=\"lightbox-active lightbox-image gridblock-sole-link\" data-sub-html=\"&lt;div class=&quot;lightbox-text-wrap &quot;&gt;&lt;\/div&gt;\" href=\"https:\/\/kaarelantonov.com\/wp-content\/uploads\/2023\/07\/Chicago-Music-and-Street-Festival-01.jpg\" data-src=\"https:\/\/kaarelantonov.com\/wp-content\/uploads\/2023\/07\/Chicago-Music-and-Street-Festival-01.jpg\"><div class=\"gridblock-links-wrap\"><span class=\"column-gridblock-icon\"><span class=\"hover-icon-effect\"><i class=\"ion-ios-search\"><\/i><\/span><\/span><\/div><\/a><\/div><img decoding=\"async\" class=\"preload-image lazyload displayed-image\" src=\"https:\/\/kaarelantonov.com\/wp-content\/themes\/blacksilver\/images\/placeholders\/placeholder-770x770.gif\" data-src=\"https:\/\/kaarelantonov.com\/wp-content\/uploads\/2023\/07\/Chicago-Music-and-Street-Festival-01-770x770.jpg\" alt=\"Chicago Music and Street Festival\"><\/div><\/div><div class=\"gridblock-element  grid-animate-display-all isotope-displayed gridblock-thumbnail-id-7970 gridblock-col-3\"><div class=\"gridblock-ajax gridblock-grid-element gridblock-element-inner\" data-rel=\"6057\"><div class=\"gridblock-background-hover\"><a data-elementor-open-lightbox=\"no\" data-exthumbimage=\"https:\/\/kaarelantonov.com\/wp-content\/uploads\/2023\/07\/Estonia-Championships-in-Break-dance-160x160.jpg\" class=\"lightbox-active lightbox-image gridblock-sole-link\" data-sub-html=\"&lt;div class=&quot;lightbox-text-wrap &quot;&gt;&lt;\/div&gt;\" href=\"https:\/\/kaarelantonov.com\/wp-content\/uploads\/2023\/07\/Estonia-Championships-in-Break-dance.jpg\" data-src=\"https:\/\/kaarelantonov.com\/wp-content\/uploads\/2023\/07\/Estonia-Championships-in-Break-dance.jpg\"><div class=\"gridblock-links-wrap\"><span class=\"column-gridblock-icon\"><span class=\"hover-icon-effect\"><i class=\"ion-ios-search\"><\/i><\/span><\/span><\/div><\/a><\/div><img decoding=\"async\" class=\"preload-image lazyload displayed-image\" src=\"https:\/\/kaarelantonov.com\/wp-content\/themes\/blacksilver\/images\/placeholders\/placeholder-770x770.gif\" data-src=\"https:\/\/kaarelantonov.com\/wp-content\/uploads\/2023\/07\/Estonia-Championships-in-Break-dance-770x770.jpg\" alt=\"Estonia Championships in Break dance\"><\/div><\/div><div class=\"gridblock-element  grid-animate-display-all isotope-displayed gridblock-thumbnail-id-7922 gridblock-col-4\"><div class=\"gridblock-ajax gridblock-grid-element gridblock-element-inner\" data-rel=\"6057\"><div class=\"gridblock-background-hover\"><a data-elementor-open-lightbox=\"no\" data-exthumbimage=\"https:\/\/kaarelantonov.com\/wp-content\/uploads\/2023\/07\/Soichi-Terada-performance-at-Sweet-Spot-Music-Festival-2018-Tallinn-Kulutuurikatel-02-160x160.jpg\" class=\"lightbox-active lightbox-image gridblock-sole-link\" data-sub-html=\"&lt;div class=&quot;lightbox-text-wrap &quot;&gt;&lt;\/div&gt;\" href=\"https:\/\/kaarelantonov.com\/wp-content\/uploads\/2023\/07\/Soichi-Terada-performance-at-Sweet-Spot-Music-Festival-2018-Tallinn-Kulutuurikatel-02.jpg\" data-src=\"https:\/\/kaarelantonov.com\/wp-content\/uploads\/2023\/07\/Soichi-Terada-performance-at-Sweet-Spot-Music-Festival-2018-Tallinn-Kulutuurikatel-02.jpg\"><div class=\"gridblock-links-wrap\"><span class=\"column-gridblock-icon\"><span class=\"hover-icon-effect\"><i class=\"ion-ios-search\"><\/i><\/span><\/span><\/div><\/a><\/div><img decoding=\"async\" class=\"preload-image lazyload displayed-image\" src=\"https:\/\/kaarelantonov.com\/wp-content\/themes\/blacksilver\/images\/placeholders\/placeholder-770x770.gif\" data-src=\"https:\/\/kaarelantonov.com\/wp-content\/uploads\/2023\/07\/Soichi-Terada-performance-at-Sweet-Spot-Music-Festival-2018-Tallinn-Kulutuurikatel-02-770x770.jpg\" alt=\"Soichi Terada performance at Sweet Spot Music Festival 2018 in Tallinna Kulutuurikatel\"><\/div><\/div><div class=\"gridblock-element  grid-animate-display-all isotope-displayed gridblock-thumbnail-id-7882 gridblock-col-5\"><div class=\"gridblock-ajax gridblock-grid-element gridblock-element-inner\" data-rel=\"6057\"><div class=\"gridblock-background-hover\"><a data-elementor-open-lightbox=\"no\" data-exthumbimage=\"https:\/\/kaarelantonov.com\/wp-content\/uploads\/2023\/07\/The-Battle-of-EST-2017-international-hip-hop-and-breakdance-cultural-event-at-Vanemuine-theatre-Tartu-09-160x160.jpg\" class=\"lightbox-active lightbox-image gridblock-sole-link\" data-sub-html=\"&lt;div class=&quot;lightbox-text-wrap &quot;&gt;&lt;\/div&gt;\" href=\"https:\/\/kaarelantonov.com\/wp-content\/uploads\/2023\/07\/The-Battle-of-EST-2017-international-hip-hop-and-breakdance-cultural-event-at-Vanemuine-theatre-Tartu-09.jpg\" data-src=\"https:\/\/kaarelantonov.com\/wp-content\/uploads\/2023\/07\/The-Battle-of-EST-2017-international-hip-hop-and-breakdance-cultural-event-at-Vanemuine-theatre-Tartu-09.jpg\"><div class=\"gridblock-links-wrap\"><span class=\"column-gridblock-icon\"><span class=\"hover-icon-effect\"><i class=\"ion-ios-search\"><\/i><\/span><\/span><\/div><\/a><\/div><img decoding=\"async\" class=\"preload-image lazyload displayed-image\" src=\"https:\/\/kaarelantonov.com\/wp-content\/themes\/blacksilver\/images\/placeholders\/placeholder-770x770.gif\" data-src=\"https:\/\/kaarelantonov.com\/wp-content\/uploads\/2023\/07\/The-Battle-of-EST-2017-international-hip-hop-and-breakdance-cultural-event-at-Vanemuine-theatre-Tartu-09-770x770.jpg\" alt=\"The Battle of EST 2017 - International Hip Hop and Break Dance cultural event at Vanemuine theatre Tartu\"><\/div><\/div><div class=\"gridblock-element  grid-animate-display-all isotope-displayed gridblock-thumbnail-id-7878 gridblock-col-1\"><div class=\"gridblock-ajax gridblock-grid-element gridblock-element-inner\" data-rel=\"6057\"><div class=\"gridblock-background-hover\"><a data-elementor-open-lightbox=\"no\" data-exthumbimage=\"https:\/\/kaarelantonov.com\/wp-content\/uploads\/2023\/07\/The-Battle-of-EST-2017-international-hip-hop-and-breakdance-cultural-event-at-Vanemuine-theatre-Tartu-11-160x160.jpg\" class=\"lightbox-active lightbox-image gridblock-sole-link\" data-sub-html=\"&lt;div class=&quot;lightbox-text-wrap &quot;&gt;&lt;\/div&gt;\" href=\"https:\/\/kaarelantonov.com\/wp-content\/uploads\/2023\/07\/The-Battle-of-EST-2017-international-hip-hop-and-breakdance-cultural-event-at-Vanemuine-theatre-Tartu-11.jpg\" data-src=\"https:\/\/kaarelantonov.com\/wp-content\/uploads\/2023\/07\/The-Battle-of-EST-2017-international-hip-hop-and-breakdance-cultural-event-at-Vanemuine-theatre-Tartu-11.jpg\"><div class=\"gridblock-links-wrap\"><span class=\"column-gridblock-icon\"><span class=\"hover-icon-effect\"><i class=\"ion-ios-search\"><\/i><\/span><\/span><\/div><\/a><\/div><img decoding=\"async\" class=\"preload-image lazyload displayed-image\" src=\"https:\/\/kaarelantonov.com\/wp-content\/themes\/blacksilver\/images\/placeholders\/placeholder-770x770.gif\" data-src=\"https:\/\/kaarelantonov.com\/wp-content\/uploads\/2023\/07\/The-Battle-of-EST-2017-international-hip-hop-and-breakdance-cultural-event-at-Vanemuine-theatre-Tartu-11-770x770.jpg\" alt=\"The Battle of EST 2017 - International Hip Hop and Break Dance cultural event at Vanemuine theatre Tartu\"><\/div><\/div><div class=\"gridblock-element  grid-animate-display-all isotope-displayed gridblock-thumbnail-id-7986 gridblock-col-2\"><div class=\"gridblock-ajax gridblock-grid-element gridblock-element-inner\" data-rel=\"6057\"><div class=\"gridblock-background-hover\"><a data-elementor-open-lightbox=\"no\" data-exthumbimage=\"https:\/\/kaarelantonov.com\/wp-content\/uploads\/2023\/07\/Chicago-Ballet-Dancers-160x160.jpg\" class=\"lightbox-active lightbox-image gridblock-sole-link\" data-sub-html=\"&lt;div class=&quot;lightbox-text-wrap &quot;&gt;&lt;\/div&gt;\" href=\"https:\/\/kaarelantonov.com\/wp-content\/uploads\/2023\/07\/Chicago-Ballet-Dancers.jpg\" data-src=\"https:\/\/kaarelantonov.com\/wp-content\/uploads\/2023\/07\/Chicago-Ballet-Dancers.jpg\"><div class=\"gridblock-links-wrap\"><span class=\"column-gridblock-icon\"><span class=\"hover-icon-effect\"><i class=\"ion-ios-search\"><\/i><\/span><\/span><\/div><\/a><\/div><img decoding=\"async\" class=\"preload-image lazyload displayed-image\" src=\"https:\/\/kaarelantonov.com\/wp-content\/themes\/blacksilver\/images\/placeholders\/placeholder-770x770.gif\" data-src=\"https:\/\/kaarelantonov.com\/wp-content\/uploads\/2023\/07\/Chicago-Ballet-Dancers-770x770.jpg\" alt=\"Chicago Ballet Dancers\"><\/div><\/div><div class=\"gridblock-element  grid-animate-display-all isotope-displayed gridblock-thumbnail-id-7968 gridblock-col-3\"><div class=\"gridblock-ajax gridblock-grid-element gridblock-element-inner\" data-rel=\"6057\"><div class=\"gridblock-background-hover\"><a data-elementor-open-lightbox=\"no\" data-exthumbimage=\"https:\/\/kaarelantonov.com\/wp-content\/uploads\/2023\/07\/Estonian-Hip-Hop-Dance-Competition-01-160x160.jpg\" class=\"lightbox-active lightbox-image gridblock-sole-link\" data-sub-html=\"&lt;div class=&quot;lightbox-text-wrap &quot;&gt;&lt;\/div&gt;\" href=\"https:\/\/kaarelantonov.com\/wp-content\/uploads\/2023\/07\/Estonian-Hip-Hop-Dance-Competition-01.jpg\" data-src=\"https:\/\/kaarelantonov.com\/wp-content\/uploads\/2023\/07\/Estonian-Hip-Hop-Dance-Competition-01.jpg\"><div class=\"gridblock-links-wrap\"><span class=\"column-gridblock-icon\"><span class=\"hover-icon-effect\"><i class=\"ion-ios-search\"><\/i><\/span><\/span><\/div><\/a><\/div><img decoding=\"async\" class=\"preload-image lazyload displayed-image\" src=\"https:\/\/kaarelantonov.com\/wp-content\/themes\/blacksilver\/images\/placeholders\/placeholder-770x770.gif\" data-src=\"https:\/\/kaarelantonov.com\/wp-content\/uploads\/2023\/07\/Estonian-Hip-Hop-Dance-Competition-01-770x770.jpg\" alt=\"Estonian Hip Hop Dance Competition\"><\/div><\/div><div class=\"gridblock-element  grid-animate-display-all isotope-displayed gridblock-thumbnail-id-7884 gridblock-col-4\"><div class=\"gridblock-ajax gridblock-grid-element gridblock-element-inner\" data-rel=\"6057\"><div class=\"gridblock-background-hover\"><a data-elementor-open-lightbox=\"no\" data-exthumbimage=\"https:\/\/kaarelantonov.com\/wp-content\/uploads\/2023\/07\/The-Battle-of-EST-2017-international-hip-hop-and-breakdance-cultural-event-at-Vanemuine-theatre-Tartu-08-160x160.jpg\" class=\"lightbox-active lightbox-image gridblock-sole-link\" data-sub-html=\"&lt;div class=&quot;lightbox-text-wrap &quot;&gt;&lt;\/div&gt;\" href=\"https:\/\/kaarelantonov.com\/wp-content\/uploads\/2023\/07\/The-Battle-of-EST-2017-international-hip-hop-and-breakdance-cultural-event-at-Vanemuine-theatre-Tartu-08.jpg\" data-src=\"https:\/\/kaarelantonov.com\/wp-content\/uploads\/2023\/07\/The-Battle-of-EST-2017-international-hip-hop-and-breakdance-cultural-event-at-Vanemuine-theatre-Tartu-08.jpg\"><div class=\"gridblock-links-wrap\"><span class=\"column-gridblock-icon\"><span class=\"hover-icon-effect\"><i class=\"ion-ios-search\"><\/i><\/span><\/span><\/div><\/a><\/div><img decoding=\"async\" class=\"preload-image lazyload displayed-image\" src=\"https:\/\/kaarelantonov.com\/wp-content\/themes\/blacksilver\/images\/placeholders\/placeholder-770x770.gif\" data-src=\"https:\/\/kaarelantonov.com\/wp-content\/uploads\/2023\/07\/The-Battle-of-EST-2017-international-hip-hop-and-breakdance-cultural-event-at-Vanemuine-theatre-Tartu-08-770x770.jpg\" alt=\"The Battle of EST 2017 - International Hip Hop and Break Dance cultural event at Vanemuine theatre Tartu\"><\/div><\/div><div class=\"gridblock-element  grid-animate-display-all isotope-displayed gridblock-thumbnail-id-7886 gridblock-col-5\"><div class=\"gridblock-ajax gridblock-grid-element gridblock-element-inner\" data-rel=\"6057\"><div class=\"gridblock-background-hover\"><a data-elementor-open-lightbox=\"no\" data-exthumbimage=\"https:\/\/kaarelantonov.com\/wp-content\/uploads\/2023\/07\/The-Battle-of-EST-2017-international-hip-hop-and-breakdance-cultural-event-at-Vanemuine-theatre-Tartu-07-160x160.jpg\" class=\"lightbox-active lightbox-image gridblock-sole-link\" data-sub-html=\"&lt;div class=&quot;lightbox-text-wrap &quot;&gt;&lt;\/div&gt;\" href=\"https:\/\/kaarelantonov.com\/wp-content\/uploads\/2023\/07\/The-Battle-of-EST-2017-international-hip-hop-and-breakdance-cultural-event-at-Vanemuine-theatre-Tartu-07.jpg\" data-src=\"https:\/\/kaarelantonov.com\/wp-content\/uploads\/2023\/07\/The-Battle-of-EST-2017-international-hip-hop-and-breakdance-cultural-event-at-Vanemuine-theatre-Tartu-07.jpg\"><div class=\"gridblock-links-wrap\"><span class=\"column-gridblock-icon\"><span class=\"hover-icon-effect\"><i class=\"ion-ios-search\"><\/i><\/span><\/span><\/div><\/a><\/div><img decoding=\"async\" class=\"preload-image lazyload displayed-image\" src=\"https:\/\/kaarelantonov.com\/wp-content\/themes\/blacksilver\/images\/placeholders\/placeholder-770x770.gif\" data-src=\"https:\/\/kaarelantonov.com\/wp-content\/uploads\/2023\/07\/The-Battle-of-EST-2017-international-hip-hop-and-breakdance-cultural-event-at-Vanemuine-theatre-Tartu-07-770x770.jpg\" alt=\"The Battle of EST 2017 - International Hip Hop and Break Dance cultural event at Vanemuine theatre Tartu\"><\/div><\/div><div class=\"gridblock-element  grid-animate-display-all isotope-displayed gridblock-thumbnail-id-7880 gridblock-col-1\"><div class=\"gridblock-ajax gridblock-grid-element gridblock-element-inner\" data-rel=\"6057\"><div class=\"gridblock-background-hover\"><a data-elementor-open-lightbox=\"no\" data-exthumbimage=\"https:\/\/kaarelantonov.com\/wp-content\/uploads\/2023\/07\/The-Battle-of-EST-2017-international-hip-hop-and-breakdance-cultural-event-at-Vanemuine-theatre-Tartu-10-160x160.jpg\" class=\"lightbox-active lightbox-image gridblock-sole-link\" data-sub-html=\"&lt;div class=&quot;lightbox-text-wrap &quot;&gt;&lt;\/div&gt;\" href=\"https:\/\/kaarelantonov.com\/wp-content\/uploads\/2023\/07\/The-Battle-of-EST-2017-international-hip-hop-and-breakdance-cultural-event-at-Vanemuine-theatre-Tartu-10.jpg\" data-src=\"https:\/\/kaarelantonov.com\/wp-content\/uploads\/2023\/07\/The-Battle-of-EST-2017-international-hip-hop-and-breakdance-cultural-event-at-Vanemuine-theatre-Tartu-10.jpg\"><div class=\"gridblock-links-wrap\"><span class=\"column-gridblock-icon\"><span class=\"hover-icon-effect\"><i class=\"ion-ios-search\"><\/i><\/span><\/span><\/div><\/a><\/div><img decoding=\"async\" class=\"preload-image lazyload displayed-image\" src=\"https:\/\/kaarelantonov.com\/wp-content\/themes\/blacksilver\/images\/placeholders\/placeholder-770x770.gif\" data-src=\"https:\/\/kaarelantonov.com\/wp-content\/uploads\/2023\/07\/The-Battle-of-EST-2017-international-hip-hop-and-breakdance-cultural-event-at-Vanemuine-theatre-Tartu-10-770x770.jpg\" alt=\"The Battle of EST 2017 - International Hip Hop and Break Dance cultural event at Vanemuine theatre Tartu\"><\/div><\/div><div class=\"gridblock-element  grid-animate-display-all isotope-displayed gridblock-thumbnail-id-7902 gridblock-col-2\"><div class=\"gridblock-ajax gridblock-grid-element gridblock-element-inner\" data-rel=\"6057\"><div class=\"gridblock-background-hover\"><a data-elementor-open-lightbox=\"no\" data-exthumbimage=\"https:\/\/kaarelantonov.com\/wp-content\/uploads\/2023\/07\/Summer-Vibes-at-Sweet-Spot-Music-Festival-2018-Tallinn-Kulutuurikatel-02-160x160.jpg\" class=\"lightbox-active lightbox-image gridblock-sole-link\" data-sub-html=\"&lt;div class=&quot;lightbox-text-wrap &quot;&gt;&lt;\/div&gt;\" href=\"https:\/\/kaarelantonov.com\/wp-content\/uploads\/2023\/07\/Summer-Vibes-at-Sweet-Spot-Music-Festival-2018-Tallinn-Kulutuurikatel-02.jpg\" data-src=\"https:\/\/kaarelantonov.com\/wp-content\/uploads\/2023\/07\/Summer-Vibes-at-Sweet-Spot-Music-Festival-2018-Tallinn-Kulutuurikatel-02.jpg\"><div class=\"gridblock-links-wrap\"><span class=\"column-gridblock-icon\"><span class=\"hover-icon-effect\"><i class=\"ion-ios-search\"><\/i><\/span><\/span><\/div><\/a><\/div><img decoding=\"async\" class=\"preload-image lazyload displayed-image\" src=\"https:\/\/kaarelantonov.com\/wp-content\/themes\/blacksilver\/images\/placeholders\/placeholder-770x770.gif\" data-src=\"https:\/\/kaarelantonov.com\/wp-content\/uploads\/2023\/07\/Summer-Vibes-at-Sweet-Spot-Music-Festival-2018-Tallinn-Kulutuurikatel-02-770x770.jpg\" alt=\"Summer Vibes at Sweet Spot Music Festival 2018 in Tallinna Kulutuurikatel\"><\/div><\/div><div class=\"gridblock-element  grid-animate-display-all isotope-displayed gridblock-thumbnail-id-7964 gridblock-col-3\"><div class=\"gridblock-ajax gridblock-grid-element gridblock-element-inner\" data-rel=\"6057\"><div class=\"gridblock-background-hover\"><a data-elementor-open-lightbox=\"no\" data-exthumbimage=\"https:\/\/kaarelantonov.com\/wp-content\/uploads\/2023\/07\/Happy-Vibes-at-Sweet-Spot-Music-Festival-2018-Tallinn-Kulutuurikatel-01-160x160.jpg\" class=\"lightbox-active lightbox-image gridblock-sole-link\" data-sub-html=\"&lt;div class=&quot;lightbox-text-wrap &quot;&gt;&lt;\/div&gt;\" href=\"https:\/\/kaarelantonov.com\/wp-content\/uploads\/2023\/07\/Happy-Vibes-at-Sweet-Spot-Music-Festival-2018-Tallinn-Kulutuurikatel-01.jpg\" data-src=\"https:\/\/kaarelantonov.com\/wp-content\/uploads\/2023\/07\/Happy-Vibes-at-Sweet-Spot-Music-Festival-2018-Tallinn-Kulutuurikatel-01.jpg\"><div class=\"gridblock-links-wrap\"><span class=\"column-gridblock-icon\"><span class=\"hover-icon-effect\"><i class=\"ion-ios-search\"><\/i><\/span><\/span><\/div><\/a><\/div><img decoding=\"async\" class=\"preload-image lazyload displayed-image\" src=\"https:\/\/kaarelantonov.com\/wp-content\/themes\/blacksilver\/images\/placeholders\/placeholder-770x770.gif\" data-src=\"https:\/\/kaarelantonov.com\/wp-content\/uploads\/2023\/07\/Happy-Vibes-at-Sweet-Spot-Music-Festival-2018-Tallinn-Kulutuurikatel-01-770x770.jpg\" alt=\"Happy vibes at Sweet Spot Music Festival 2018 - Tallinna Kulutuurikatel\"><\/div><\/div><div class=\"gridblock-element  grid-animate-display-all isotope-displayed gridblock-thumbnail-id-7918 gridblock-col-4\"><div class=\"gridblock-ajax gridblock-grid-element gridblock-element-inner\" data-rel=\"6057\"><div class=\"gridblock-background-hover\"><a data-elementor-open-lightbox=\"no\" data-exthumbimage=\"https:\/\/kaarelantonov.com\/wp-content\/uploads\/2023\/07\/Soul-Park-Estonian-Break-Dance-Jam-01-160x160.jpg\" class=\"lightbox-active lightbox-image gridblock-sole-link\" data-sub-html=\"&lt;div class=&quot;lightbox-text-wrap &quot;&gt;&lt;\/div&gt;\" href=\"https:\/\/kaarelantonov.com\/wp-content\/uploads\/2023\/07\/Soul-Park-Estonian-Break-Dance-Jam-01.jpg\" data-src=\"https:\/\/kaarelantonov.com\/wp-content\/uploads\/2023\/07\/Soul-Park-Estonian-Break-Dance-Jam-01.jpg\"><div class=\"gridblock-links-wrap\"><span class=\"column-gridblock-icon\"><span class=\"hover-icon-effect\"><i class=\"ion-ios-search\"><\/i><\/span><\/span><\/div><\/a><\/div><img decoding=\"async\" class=\"preload-image lazyload displayed-image\" src=\"https:\/\/kaarelantonov.com\/wp-content\/themes\/blacksilver\/images\/placeholders\/placeholder-770x770.gif\" data-src=\"https:\/\/kaarelantonov.com\/wp-content\/uploads\/2023\/07\/Soul-Park-Estonian-Break-Dance-Jam-01-770x770.jpg\" alt=\"Soul Park - Estonian Break Dance Jam\"><\/div><\/div><div class=\"gridblock-element  grid-animate-display-all isotope-displayed gridblock-thumbnail-id-7942 gridblock-col-5\"><div class=\"gridblock-ajax gridblock-grid-element gridblock-element-inner\" data-rel=\"6057\"><div class=\"gridblock-background-hover\"><a data-elementor-open-lightbox=\"no\" data-exthumbimage=\"https:\/\/kaarelantonov.com\/wp-content\/uploads\/2023\/07\/Microphone-on-stage-160x160.jpg\" class=\"lightbox-active lightbox-image gridblock-sole-link\" data-sub-html=\"&lt;div class=&quot;lightbox-text-wrap &quot;&gt;&lt;\/div&gt;\" href=\"https:\/\/kaarelantonov.com\/wp-content\/uploads\/2023\/07\/Microphone-on-stage.jpg\" data-src=\"https:\/\/kaarelantonov.com\/wp-content\/uploads\/2023\/07\/Microphone-on-stage.jpg\"><div class=\"gridblock-links-wrap\"><span class=\"column-gridblock-icon\"><span class=\"hover-icon-effect\"><i class=\"ion-ios-search\"><\/i><\/span><\/span><\/div><\/a><\/div><img decoding=\"async\" class=\"preload-image lazyload displayed-image\" src=\"https:\/\/kaarelantonov.com\/wp-content\/themes\/blacksilver\/images\/placeholders\/placeholder-770x770.gif\" data-src=\"https:\/\/kaarelantonov.com\/wp-content\/uploads\/2023\/07\/Microphone-on-stage-770x770.jpg\" alt=\"Microphone on stage\"><\/div><\/div><div class=\"gridblock-element  grid-animate-display-all isotope-displayed gridblock-thumbnail-id-7960 gridblock-col-1\"><div class=\"gridblock-ajax gridblock-grid-element gridblock-element-inner\" data-rel=\"6057\"><div class=\"gridblock-background-hover\"><a data-elementor-open-lightbox=\"no\" data-exthumbimage=\"https:\/\/kaarelantonov.com\/wp-content\/uploads\/2023\/07\/Happy-vibes-at-Sweet-Spot-Music-Festival-2018-Tallinn-Kulutuurikatel-160x160.jpg\" class=\"lightbox-active lightbox-image gridblock-sole-link\" data-sub-html=\"&lt;div class=&quot;lightbox-text-wrap &quot;&gt;&lt;\/div&gt;\" href=\"https:\/\/kaarelantonov.com\/wp-content\/uploads\/2023\/07\/Happy-vibes-at-Sweet-Spot-Music-Festival-2018-Tallinn-Kulutuurikatel.jpg\" data-src=\"https:\/\/kaarelantonov.com\/wp-content\/uploads\/2023\/07\/Happy-vibes-at-Sweet-Spot-Music-Festival-2018-Tallinn-Kulutuurikatel.jpg\"><div class=\"gridblock-links-wrap\"><span class=\"column-gridblock-icon\"><span class=\"hover-icon-effect\"><i class=\"ion-ios-search\"><\/i><\/span><\/span><\/div><\/a><\/div><img decoding=\"async\" class=\"preload-image lazyload displayed-image\" src=\"https:\/\/kaarelantonov.com\/wp-content\/themes\/blacksilver\/images\/placeholders\/placeholder-770x770.gif\" data-src=\"https:\/\/kaarelantonov.com\/wp-content\/uploads\/2023\/07\/Happy-vibes-at-Sweet-Spot-Music-Festival-2018-Tallinn-Kulutuurikatel-770x770.jpg\" alt=\"Happy vibes at Sweet Spot Music Festival 2018 - Tallinna Kulutuurikatel\"><\/div><\/div><div class=\"gridblock-element  grid-animate-display-all isotope-displayed gridblock-thumbnail-id-7888 gridblock-col-2\"><div class=\"gridblock-ajax gridblock-grid-element gridblock-element-inner\" data-rel=\"6057\"><div class=\"gridblock-background-hover\"><a data-elementor-open-lightbox=\"no\" data-exthumbimage=\"https:\/\/kaarelantonov.com\/wp-content\/uploads\/2023\/07\/The-Battle-of-EST-2017-international-hip-hop-and-breakdance-cultural-event-at-Vanemuine-theatre-Tartu-06-160x160.jpg\" class=\"lightbox-active lightbox-image gridblock-sole-link\" data-sub-html=\"&lt;div class=&quot;lightbox-text-wrap &quot;&gt;&lt;\/div&gt;\" href=\"https:\/\/kaarelantonov.com\/wp-content\/uploads\/2023\/07\/The-Battle-of-EST-2017-international-hip-hop-and-breakdance-cultural-event-at-Vanemuine-theatre-Tartu-06.jpg\" data-src=\"https:\/\/kaarelantonov.com\/wp-content\/uploads\/2023\/07\/The-Battle-of-EST-2017-international-hip-hop-and-breakdance-cultural-event-at-Vanemuine-theatre-Tartu-06.jpg\"><div class=\"gridblock-links-wrap\"><span class=\"column-gridblock-icon\"><span class=\"hover-icon-effect\"><i class=\"ion-ios-search\"><\/i><\/span><\/span><\/div><\/a><\/div><img decoding=\"async\" class=\"preload-image lazyload displayed-image\" src=\"https:\/\/kaarelantonov.com\/wp-content\/themes\/blacksilver\/images\/placeholders\/placeholder-770x770.gif\" data-src=\"https:\/\/kaarelantonov.com\/wp-content\/uploads\/2023\/07\/The-Battle-of-EST-2017-international-hip-hop-and-breakdance-cultural-event-at-Vanemuine-theatre-Tartu-06-770x770.jpg\" alt=\"The Battle of EST 2017 - International Hip Hop and Break Dance cultural event at Vanemuine theatre Tartu\"><\/div><\/div><div class=\"gridblock-element  grid-animate-display-all isotope-displayed gridblock-thumbnail-id-7988 gridblock-col-3\"><div class=\"gridblock-ajax gridblock-grid-element gridblock-element-inner\" data-rel=\"6057\"><div class=\"gridblock-background-hover\"><a data-elementor-open-lightbox=\"no\" data-exthumbimage=\"https:\/\/kaarelantonov.com\/wp-content\/uploads\/2023\/07\/Chefs-for-Change-Photo-by-KaarelAntonov-160x160.jpg\" class=\"lightbox-active lightbox-image gridblock-sole-link\" data-sub-html=\"&lt;div class=&quot;lightbox-text-wrap &quot;&gt;&lt;\/div&gt;\" href=\"https:\/\/kaarelantonov.com\/wp-content\/uploads\/2023\/07\/Chefs-for-Change-Photo-by-KaarelAntonov.jpg\" data-src=\"https:\/\/kaarelantonov.com\/wp-content\/uploads\/2023\/07\/Chefs-for-Change-Photo-by-KaarelAntonov.jpg\"><div class=\"gridblock-links-wrap\"><span class=\"column-gridblock-icon\"><span class=\"hover-icon-effect\"><i class=\"ion-ios-search\"><\/i><\/span><\/span><\/div><\/a><\/div><img decoding=\"async\" class=\"preload-image lazyload displayed-image\" src=\"https:\/\/kaarelantonov.com\/wp-content\/themes\/blacksilver\/images\/placeholders\/placeholder-770x770.gif\" data-src=\"https:\/\/kaarelantonov.com\/wp-content\/uploads\/2023\/07\/Chefs-for-Change-Photo-by-KaarelAntonov-770x770.jpg\" alt=\"Chefs for Change\"><\/div><\/div><div class=\"gridblock-element  grid-animate-display-all isotope-displayed gridblock-thumbnail-id-7962 gridblock-col-4\"><div class=\"gridblock-ajax gridblock-grid-element gridblock-element-inner\" data-rel=\"6057\"><div class=\"gridblock-background-hover\"><a data-elementor-open-lightbox=\"no\" data-exthumbimage=\"https:\/\/kaarelantonov.com\/wp-content\/uploads\/2023\/07\/Happy-Vibes-at-Sweet-Spot-Music-Festival-2018-Tallinn-Kulutuurikatel-02-160x160.jpg\" class=\"lightbox-active lightbox-image gridblock-sole-link\" data-sub-html=\"&lt;div class=&quot;lightbox-text-wrap &quot;&gt;&lt;\/div&gt;\" href=\"https:\/\/kaarelantonov.com\/wp-content\/uploads\/2023\/07\/Happy-Vibes-at-Sweet-Spot-Music-Festival-2018-Tallinn-Kulutuurikatel-02.jpg\" data-src=\"https:\/\/kaarelantonov.com\/wp-content\/uploads\/2023\/07\/Happy-Vibes-at-Sweet-Spot-Music-Festival-2018-Tallinn-Kulutuurikatel-02.jpg\"><div class=\"gridblock-links-wrap\"><span class=\"column-gridblock-icon\"><span class=\"hover-icon-effect\"><i class=\"ion-ios-search\"><\/i><\/span><\/span><\/div><\/a><\/div><img decoding=\"async\" class=\"preload-image lazyload displayed-image\" src=\"https:\/\/kaarelantonov.com\/wp-content\/themes\/blacksilver\/images\/placeholders\/placeholder-770x770.gif\" data-src=\"https:\/\/kaarelantonov.com\/wp-content\/uploads\/2023\/07\/Happy-Vibes-at-Sweet-Spot-Music-Festival-2018-Tallinn-Kulutuurikatel-02-770x770.jpg\" alt=\"Happy vibes at Sweet Spot Music Festival 2018 - Tallinna Kulutuurikatel\"><\/div><\/div><div class=\"gridblock-element  grid-animate-display-all isotope-displayed gridblock-thumbnail-id-7956 gridblock-col-5\"><div class=\"gridblock-ajax gridblock-grid-element gridblock-element-inner\" data-rel=\"6057\"><div class=\"gridblock-background-hover\"><a data-elementor-open-lightbox=\"no\" data-exthumbimage=\"https:\/\/kaarelantonov.com\/wp-content\/uploads\/2023\/07\/Ice-Cream-Trucks-at-Sweet-Spot-Music-Festival-2018-Tallinn-Kulutuurikatel-160x160.jpg\" class=\"lightbox-active lightbox-image gridblock-sole-link\" data-sub-html=\"&lt;div class=&quot;lightbox-text-wrap &quot;&gt;&lt;\/div&gt;\" href=\"https:\/\/kaarelantonov.com\/wp-content\/uploads\/2023\/07\/Ice-Cream-Trucks-at-Sweet-Spot-Music-Festival-2018-Tallinn-Kulutuurikatel.jpg\" data-src=\"https:\/\/kaarelantonov.com\/wp-content\/uploads\/2023\/07\/Ice-Cream-Trucks-at-Sweet-Spot-Music-Festival-2018-Tallinn-Kulutuurikatel.jpg\"><div class=\"gridblock-links-wrap\"><span class=\"column-gridblock-icon\"><span class=\"hover-icon-effect\"><i class=\"ion-ios-search\"><\/i><\/span><\/span><\/div><\/a><\/div><img decoding=\"async\" class=\"preload-image lazyload displayed-image\" src=\"https:\/\/kaarelantonov.com\/wp-content\/themes\/blacksilver\/images\/placeholders\/placeholder-770x770.gif\" data-src=\"https:\/\/kaarelantonov.com\/wp-content\/uploads\/2023\/07\/Ice-Cream-Trucks-at-Sweet-Spot-Music-Festival-2018-Tallinn-Kulutuurikatel-770x770.jpg\" alt=\"Ice Cream Trucks at Sweet Spot Music Festival 2018 - Tallinna Kulutuurikatel\"><\/div><\/div><div class=\"gridblock-element  grid-animate-display-all isotope-displayed gridblock-thumbnail-id-7910 gridblock-col-1\"><div class=\"gridblock-ajax gridblock-grid-element gridblock-element-inner\" data-rel=\"6057\"><div class=\"gridblock-background-hover\"><a data-elementor-open-lightbox=\"no\" data-exthumbimage=\"https:\/\/kaarelantonov.com\/wp-content\/uploads\/2023\/07\/Soul-Park-Estonian-Break-Dance-Jam-05-160x160.jpg\" class=\"lightbox-active lightbox-image gridblock-sole-link\" data-sub-html=\"&lt;div class=&quot;lightbox-text-wrap &quot;&gt;&lt;\/div&gt;\" href=\"https:\/\/kaarelantonov.com\/wp-content\/uploads\/2023\/07\/Soul-Park-Estonian-Break-Dance-Jam-05.jpg\" data-src=\"https:\/\/kaarelantonov.com\/wp-content\/uploads\/2023\/07\/Soul-Park-Estonian-Break-Dance-Jam-05.jpg\"><div class=\"gridblock-links-wrap\"><span class=\"column-gridblock-icon\"><span class=\"hover-icon-effect\"><i class=\"ion-ios-search\"><\/i><\/span><\/span><\/div><\/a><\/div><img decoding=\"async\" class=\"preload-image lazyload displayed-image\" src=\"https:\/\/kaarelantonov.com\/wp-content\/themes\/blacksilver\/images\/placeholders\/placeholder-770x770.gif\" data-src=\"https:\/\/kaarelantonov.com\/wp-content\/uploads\/2023\/07\/Soul-Park-Estonian-Break-Dance-Jam-05-770x770.jpg\" alt=\"Soul Park - Estonian Break Dance Jam\"><\/div><\/div><div class=\"gridblock-element  grid-animate-display-all isotope-displayed gridblock-thumbnail-id-7916 gridblock-col-2\"><div class=\"gridblock-ajax gridblock-grid-element gridblock-element-inner\" data-rel=\"6057\"><div class=\"gridblock-background-hover\"><a data-elementor-open-lightbox=\"no\" data-exthumbimage=\"https:\/\/kaarelantonov.com\/wp-content\/uploads\/2023\/07\/Soul-Park-Estonian-Break-Dance-Jam-02-160x160.jpg\" class=\"lightbox-active lightbox-image gridblock-sole-link\" data-sub-html=\"&lt;div class=&quot;lightbox-text-wrap &quot;&gt;&lt;\/div&gt;\" href=\"https:\/\/kaarelantonov.com\/wp-content\/uploads\/2023\/07\/Soul-Park-Estonian-Break-Dance-Jam-02.jpg\" data-src=\"https:\/\/kaarelantonov.com\/wp-content\/uploads\/2023\/07\/Soul-Park-Estonian-Break-Dance-Jam-02.jpg\"><div class=\"gridblock-links-wrap\"><span class=\"column-gridblock-icon\"><span class=\"hover-icon-effect\"><i class=\"ion-ios-search\"><\/i><\/span><\/span><\/div><\/a><\/div><img decoding=\"async\" class=\"preload-image lazyload displayed-image\" src=\"https:\/\/kaarelantonov.com\/wp-content\/themes\/blacksilver\/images\/placeholders\/placeholder-770x770.gif\" data-src=\"https:\/\/kaarelantonov.com\/wp-content\/uploads\/2023\/07\/Soul-Park-Estonian-Break-Dance-Jam-02-770x770.jpg\" alt=\"Soul Park - Estonian Break Dance Jam\"><\/div><\/div><div class=\"gridblock-element  grid-animate-display-all isotope-displayed gridblock-thumbnail-id-7934 gridblock-col-3\"><div class=\"gridblock-ajax gridblock-grid-element gridblock-element-inner\" data-rel=\"6057\"><div class=\"gridblock-background-hover\"><a data-elementor-open-lightbox=\"no\" data-exthumbimage=\"https:\/\/kaarelantonov.com\/wp-content\/uploads\/2023\/07\/People-at-Sweet-Spot-Music-Festival-2018-Tallinn-Kulutuurikatel-03-160x160.jpg\" class=\"lightbox-active lightbox-image gridblock-sole-link\" data-sub-html=\"&lt;div class=&quot;lightbox-text-wrap &quot;&gt;&lt;\/div&gt;\" href=\"https:\/\/kaarelantonov.com\/wp-content\/uploads\/2023\/07\/People-at-Sweet-Spot-Music-Festival-2018-Tallinn-Kulutuurikatel-03.jpg\" data-src=\"https:\/\/kaarelantonov.com\/wp-content\/uploads\/2023\/07\/People-at-Sweet-Spot-Music-Festival-2018-Tallinn-Kulutuurikatel-03.jpg\"><div class=\"gridblock-links-wrap\"><span class=\"column-gridblock-icon\"><span class=\"hover-icon-effect\"><i class=\"ion-ios-search\"><\/i><\/span><\/span><\/div><\/a><\/div><img decoding=\"async\" class=\"preload-image lazyload displayed-image\" src=\"https:\/\/kaarelantonov.com\/wp-content\/themes\/blacksilver\/images\/placeholders\/placeholder-770x770.gif\" data-src=\"https:\/\/kaarelantonov.com\/wp-content\/uploads\/2023\/07\/People-at-Sweet-Spot-Music-Festival-2018-Tallinn-Kulutuurikatel-03-770x770.jpg\" alt=\"People at Sweet Spot Music Festival 2018 in Tallinna Kulutuurikatel\"><\/div><\/div><div class=\"gridblock-element  grid-animate-display-all isotope-displayed gridblock-thumbnail-id-7904 gridblock-col-4\"><div class=\"gridblock-ajax gridblock-grid-element gridblock-element-inner\" data-rel=\"6057\"><div class=\"gridblock-background-hover\"><a data-elementor-open-lightbox=\"no\" data-exthumbimage=\"https:\/\/kaarelantonov.com\/wp-content\/uploads\/2023\/07\/Street-Food-at-Sweet-Spot-Music-Festival-2018-Tallinn-Kulutuurikatel-160x160.jpg\" class=\"lightbox-active lightbox-image gridblock-sole-link\" data-sub-html=\"&lt;div class=&quot;lightbox-text-wrap &quot;&gt;&lt;\/div&gt;\" href=\"https:\/\/kaarelantonov.com\/wp-content\/uploads\/2023\/07\/Street-Food-at-Sweet-Spot-Music-Festival-2018-Tallinn-Kulutuurikatel.jpg\" data-src=\"https:\/\/kaarelantonov.com\/wp-content\/uploads\/2023\/07\/Street-Food-at-Sweet-Spot-Music-Festival-2018-Tallinn-Kulutuurikatel.jpg\"><div class=\"gridblock-links-wrap\"><span class=\"column-gridblock-icon\"><span class=\"hover-icon-effect\"><i class=\"ion-ios-search\"><\/i><\/span><\/span><\/div><\/a><\/div><img decoding=\"async\" class=\"preload-image lazyload displayed-image\" src=\"https:\/\/kaarelantonov.com\/wp-content\/themes\/blacksilver\/images\/placeholders\/placeholder-770x770.gif\" data-src=\"https:\/\/kaarelantonov.com\/wp-content\/uploads\/2023\/07\/Street-Food-at-Sweet-Spot-Music-Festival-2018-Tallinn-Kulutuurikatel-770x770.jpg\" alt=\"Street Food at Sweet Spot Music Festival 2018 in Tallinna Kulutuurikatel\"><\/div><\/div><div class=\"gridblock-element  grid-animate-display-all isotope-displayed gridblock-thumbnail-id-7900 gridblock-col-5\"><div class=\"gridblock-ajax gridblock-grid-element gridblock-element-inner\" data-rel=\"6057\"><div class=\"gridblock-background-hover\"><a data-elementor-open-lightbox=\"no\" data-exthumbimage=\"https:\/\/kaarelantonov.com\/wp-content\/uploads\/2023\/07\/Summer-vibes-at-Sweet-Spot-Music-Festival-2018-Tallinn-Kulutuurikatel-160x160.jpg\" class=\"lightbox-active lightbox-image gridblock-sole-link\" data-sub-html=\"&lt;div class=&quot;lightbox-text-wrap &quot;&gt;&lt;\/div&gt;\" href=\"https:\/\/kaarelantonov.com\/wp-content\/uploads\/2023\/07\/Summer-vibes-at-Sweet-Spot-Music-Festival-2018-Tallinn-Kulutuurikatel.jpg\" data-src=\"https:\/\/kaarelantonov.com\/wp-content\/uploads\/2023\/07\/Summer-vibes-at-Sweet-Spot-Music-Festival-2018-Tallinn-Kulutuurikatel.jpg\"><div class=\"gridblock-links-wrap\"><span class=\"column-gridblock-icon\"><span class=\"hover-icon-effect\"><i class=\"ion-ios-search\"><\/i><\/span><\/span><\/div><\/a><\/div><img decoding=\"async\" class=\"preload-image lazyload displayed-image\" src=\"https:\/\/kaarelantonov.com\/wp-content\/themes\/blacksilver\/images\/placeholders\/placeholder-770x770.gif\" data-src=\"https:\/\/kaarelantonov.com\/wp-content\/uploads\/2023\/07\/Summer-vibes-at-Sweet-Spot-Music-Festival-2018-Tallinn-Kulutuurikatel-770x770.jpg\" alt=\"Summer vibes at Sweet Spot Music Festival 2018 in Tallinna Kulutuurikatel\"><\/div><\/div><\/div><\/div>\t\t\t\t<\/div>\n\t\t\t\t<\/div>\n\t\t\t\t\t<\/div>\n\t\t<\/div>\n\t\t\t\t\t<\/div>\n\t\t<\/section>\n\t\t<div class=\"elementor-element elementor-element-23853ce5 el-bg e-flex e-con-boxed e-con e-parent\" data-id=\"23853ce5\" data-element_type=\"container\" data-e-type=\"container\" data-settings=\"{&quot;background_background&quot;:&quot;classic&quot;}\">\n\t\t\t\t\t<div class=\"e-con-inner\">\n\t\t\t\t<div class=\"elementor-element elementor-element-49701293 elementor-widget elementor-widget-heading\" data-id=\"49701293\" data-element_type=\"widget\" data-e-type=\"widget\" data-widget_type=\"heading.default\">\n\t\t\t\t<div class=\"elementor-widget-container\">\n\t\t\t\t\t<h2 class=\"elementor-heading-title elementor-size-default\">Loomingulised lahendused<\/h2>\t\t\t\t<\/div>\n\t\t\t\t<\/div>\n\t\t\t\t<div class=\"elementor-element elementor-element-a9a0736 elementor-widget elementor-widget-heading\" data-id=\"a9a0736\" data-element_type=\"widget\" data-e-type=\"widget\" data-widget_type=\"heading.default\">\n\t\t\t\t<div class=\"elementor-widget-container\">\n\t\t\t\t\t<h5 class=\"elementor-heading-title elementor-size-default\">OLED VALMIS ALUSTAMA OMA TEEKONDA?<\/h5>\t\t\t\t<\/div>\n\t\t\t\t<\/div>\n\t\t\t\t<div class=\"elementor-element elementor-element-15a89157 elementor-widget elementor-widget-spacer\" data-id=\"15a89157\" data-element_type=\"widget\" data-e-type=\"widget\" data-widget_type=\"spacer.default\">\n\t\t\t\t<div class=\"elementor-widget-container\">\n\t\t\t\t\t\t\t<div class=\"elementor-spacer\">\n\t\t\t<div class=\"elementor-spacer-inner\"><\/div>\n\t\t<\/div>\n\t\t\t\t\t\t<\/div>\n\t\t\t\t<\/div>\n\t\t\t\t<div class=\"elementor-element elementor-element-23a68d21 elementor-widget elementor-widget-text-editor\" data-id=\"23a68d21\" data-element_type=\"widget\" data-e-type=\"widget\" data-widget_type=\"text-editor.default\">\n\t\t\t\t<div class=\"elementor-widget-container\">\n\t\t\t\t\t\t\t\t\t<p style=\"text-align: center;\">Soovid fotosessioonide kohta rohkem teada saada v\u00f5i sul tekkis k\u00fcsimusi aga ei leidnud lehelt vastuseid?<br \/>\nKirjuta meile julgelt ja jaga \u00fcksikasju.<\/p>\n\t\t\t\t\t\t\t\t<\/div>\n\t\t\t\t<\/div>\n\t\t\t\t<div class=\"elementor-element elementor-element-380cd0 elementor-widget elementor-widget-qi_addons_for_elementor_button\" data-id=\"380cd0\" data-element_type=\"widget\" data-e-type=\"widget\" data-widget_type=\"qi_addons_for_elementor_button.default\">\n\t\t\t\t<div class=\"elementor-widget-container\">\n\t\t\t\t\t<a class=\"qodef-shortcode qodef-m qodef-qi-button qodef-html--link qodef-layout--outlined qodef-type--standard qodef-icon--right qodef-hover--icon-move-horizontal-short\" href=\"https:\/\/kaarelantonov.com\/et\/broneeri-fotosessioon-tallinnas\/\" target=\"_self\">\n\t<span class=\"qodef-m-text\">Saada Kiri<\/span>\n\t<\/a>\n\t\t\t\t<\/div>\n\t\t\t\t<\/div>\n\t\t\t\t\t<\/div>\n\t\t\t\t<\/div>\n\t\t\t\t<\/div>\n\t\t","protected":false},"excerpt":{"rendered":"<p>PORTFOOLIO \u00dcritused, Festivalid ja Tantsimine Astuge sisse elava energia, kaasahaaravate etteastete ja unustamatute hetkede maailma. T\u00e4helepaneliku pilgu ja kirega lugude jutustamise vastu, spetsialiseerun muusikafestivalide, tantsuv\u00f5istluste, ettev\u00f5ttes\u00fcndmuste ja teiste \u00fcrituste pildistamisele. L\u00e4bi oma objektiivi j\u00e4\u00e4dvustan atmosf\u00e4\u00e4ri, emotsioone ja energiat, mis muudavad iga s\u00fcndmuse ainulaadseks. Tutvuge minu portfoolioga ja sukelduge visuaalsesse teekonda, mis tutvustab minu k\u00fclastatud s\u00fcndmuste v\u00e4rvikat ja v\u00e4ljendusrikast maailma. V\u00f5tke meiega \u00fchendust juba t\u00e4na ja j\u00e4\u00e4dvustame sinu j\u00e4rgmise \u00fcrituse tipphetked. K\u00fcsi Pakkumist Loomingulised lahendused OLED VALMIS ALUSTAMA OMA TEEKONDA? Soovid [&hellip;]<\/p>\n","protected":false},"author":2,"featured_media":8120,"parent":7439,"menu_order":1,"comment_status":"closed","ping_status":"closed","template":"","meta":{"footnotes":""},"class_list":["post-6057","page","type-page","status-publish","has-post-thumbnail","hentry"],"aioseo_notices":[],"_links":{"self":[{"href":"https:\/\/kaarelantonov.com\/et\/wp-json\/wp\/v2\/pages\/6057","targetHints":{"allow":["GET"]}}],"collection":[{"href":"https:\/\/kaarelantonov.com\/et\/wp-json\/wp\/v2\/pages"}],"about":[{"href":"https:\/\/kaarelantonov.com\/et\/wp-json\/wp\/v2\/types\/page"}],"author":[{"embeddable":true,"href":"https:\/\/kaarelantonov.com\/et\/wp-json\/wp\/v2\/users\/2"}],"replies":[{"embeddable":true,"href":"https:\/\/kaarelantonov.com\/et\/wp-json\/wp\/v2\/comments?post=6057"}],"version-history":[{"count":8,"href":"https:\/\/kaarelantonov.com\/et\/wp-json\/wp\/v2\/pages\/6057\/revisions"}],"predecessor-version":[{"id":9759,"href":"https:\/\/kaarelantonov.com\/et\/wp-json\/wp\/v2\/pages\/6057\/revisions\/9759"}],"up":[{"embeddable":true,"href":"https:\/\/kaarelantonov.com\/et\/wp-json\/wp\/v2\/pages\/7439"}],"wp:featuredmedia":[{"embeddable":true,"href":"https:\/\/kaarelantonov.com\/et\/wp-json\/wp\/v2\/media\/8120"}],"wp:attachment":[{"href":"https:\/\/kaarelantonov.com\/et\/wp-json\/wp\/v2\/media?parent=6057"}],"curies":[{"name":"wp","href":"https:\/\/api.w.org\/{rel}","templated":true}]}}